{"id":668,"date":"2013-12-21T08:24:27","date_gmt":"2013-12-21T02:39:27","guid":{"rendered":"http:\/\/utmr.run\/sample-page-2\/"},"modified":"2025-09-30T15:42:42","modified_gmt":"2025-09-30T09:57:42","slug":"ultra-tour-monte-rosa","status":"publish","type":"page","link":"https:\/\/www.ultratourmonterosa.com\/de\/","title":{"rendered":"Ultra Tour Monte Rosa"},"content":{"rendered":"\n<h2 class=\"wp-block-heading\">\u00dcber das Rennen<\/h2>\n\n\n\n<p>Das Ultra Tour Monte Rosa ist ein 170-km-langet Ultra-Trail auf einem klassischen europ\u00e4ischen Langstreckenwanderweg, der Tour de Monte Rosa. Die Rennstrecke f\u00fchrt gegen den Uhrzeigersinn um das Monte-Rosa-Massiv und umrundet die Mischabel-Gipfel und die 4000m-Gipfel des Nadelgrats. Mit 4.634m ist der Monte Rosa der zweith\u00f6chste Berg der Alpen und Westeuropas. Auf seiner \u00f6stlichen Seite f\u00e4llt der Berg in einer fast senkrechten 2.400m-hohen Wand aus Granit und Eis, die h\u00f6chste in Europa. Die Route umrundet insgesamt 29 4.000m-Gipfel und ist umgeben von vielen weiteren. Es ist eine herrliche Landschaft!<\/p>\n\n\n\n<p>Die Ultra Tour Monte Rosa-Veranstaltung kann als <a href=\"https:\/\/www.ultratourmonterosa.com\/de\/170-km-ultra-tour-infos\/\">100 Meilen \/ 170 km eint\u00e4giges Ultra-Rennen<\/a> oder als <a href=\"https:\/\/www.ultratourmonterosa.com\/de\/utmr-stage-race-informationen\/\">viert\u00e4giges Etappenrennen<\/a>. Wir haben auch eine sch\u00f6ne 63 km lange Strecke auf dem H\u00f6henweg der Mischabelkette und einen wunderbaren 19 km langen Berglauf!<\/p>\n\n\n\n<p>Die komplette Tour ist eine gute <a href=\"https:\/\/www.ultratourmonterosa.com\/de\/alternative-utmb-europe-100-meilen-rennen\/\">Alternative zum UTMB<\/a>, wenn auch technischer und wilder und sie dauert ungef\u00e4hr 20% l\u00e4nger als der UTMB-Kurs. Die Rennen finden Anfang September statt, die optimale Zeit f\u00fcr stabiles Wetter und schneefreieP\u00e4sse.<\/p>\n","protected":false},"excerpt":{"rendered":"<p>\u00dcber das Rennen Das Ultra Tour Monte Rosa ist ein 170-km-langet Ultra-Trail auf einem klassischen europ\u00e4ischen Langstreckenwanderweg, der Tour de Monte Rosa. Die Rennstrecke f\u00fchrt gegen den Uhrzeigersinn um das Monte-Rosa-Massiv und umrundet die Mischabel-Gipfel und die 4000m-Gipfel des Nadelgrats. Mit 4.634m ist der Monte Rosa der zweith\u00f6chste Berg der Alpen und Westeuropas. Auf seiner [&hellip;]<\/p>\n","protected":false},"author":5,"featured_media":12692,"parent":0,"menu_order":1,"comment_status":"open","ping_status":"closed","template":"page-home.php","meta":{"_acf_changed":false,"jetpack_post_was_ever_published":false,"footnotes":"","_wp_rev_ctl_limit":""},"class_list":["post-668","page","type-page","status-publish","has-post-thumbnail","hentry"],"acf":[],"yoast_head":"<!-- This site is optimized with the Yoast SEO plugin v27.5 - https:\/\/yoast.com\/product\/yoast-seo-wordpress\/ -->\n<title>Ultra Tour Monte Rosa | 170 km Trail Race in Europa | UTMR<\/title>\n<meta name=\"description\" content=\"2. bis 5. September 2026 &quot;Das ist das Rennen, das ich am liebsten gelaufen w\u00e4re&quot;, sagt die f\u00fcnfmalige UTMB-Siegerin Lizzy Hawker. 100 Meilen \u00fcber hohe P\u00e4sse, technische Wanderwege, alpine Landschaften\" \/>\n<meta name=\"robots\" content=\"index, follow, max-snippet:-1, max-image-preview:large, max-video-preview:-1\" \/>\n<link rel=\"canonical\" href=\"https:\/\/www.ultratourmonterosa.com\/de\/\" \/>\n<meta property=\"og:locale\" content=\"de_DE\" \/>\n<meta property=\"og:type\" content=\"article\" \/>\n<meta property=\"og:title\" content=\"Ultra Tour Monte Rosa | 170 km Trail Race in Europa | UTMR\" \/>\n<meta property=\"og:description\" content=\"2. bis 5. September 2026 &quot;Das ist das Rennen, das ich am liebsten gelaufen w\u00e4re&quot;, sagt die f\u00fcnfmalige UTMB-Siegerin Lizzy Hawker. 100 Meilen \u00fcber hohe P\u00e4sse, technische Wanderwege, alpine Landschaften\" \/>\n<meta property=\"og:url\" content=\"https:\/\/www.ultratourmonterosa.com\/de\/\" \/>\n<meta property=\"og:site_name\" content=\"Ultra Tour Monte Rosa\" \/>\n<meta property=\"article:publisher\" content=\"https:\/\/www.facebook.com\/UltraTourMonteRosa\/\" \/>\n<meta property=\"article:modified_time\" content=\"2025-09-30T09:57:42+00:00\" \/>\n<meta property=\"og:image\" content=\"https:\/\/www.ultratourmonterosa.com\/wp-content\/uploads\/2016\/05\/utmr-img-08.jpg\" \/>\n\t<meta property=\"og:image:width\" content=\"1600\" \/>\n\t<meta property=\"og:image:height\" content=\"900\" \/>\n\t<meta property=\"og:image:type\" content=\"image\/jpeg\" \/>\n<meta name=\"twitter:card\" content=\"summary_large_image\" \/>\n<meta name=\"twitter:site\" content=\"@UltraMonteRosa\" \/>\n<meta name=\"twitter:label1\" content=\"Gesch\u00e4tzte Lesezeit\" \/>\n\t<meta name=\"twitter:data1\" content=\"1\u00a0Minute\" \/>\n<script type=\"application\/ld+json\" class=\"yoast-schema-graph\">{\"@context\":\"https:\\\/\\\/schema.org\",\"@graph\":[{\"@type\":\"WebPage\",\"@id\":\"https:\\\/\\\/www.ultratourmonterosa.com\\\/de\\\/\",\"url\":\"https:\\\/\\\/www.ultratourmonterosa.com\\\/de\\\/\",\"name\":\"Ultra Tour Monte Rosa | 170 km Trail Race in Europa | UTMR\",\"isPartOf\":{\"@id\":\"https:\\\/\\\/www.ultratourmonterosa.com\\\/#website\"},\"primaryImageOfPage\":{\"@id\":\"https:\\\/\\\/www.ultratourmonterosa.com\\\/de\\\/#primaryimage\"},\"image\":{\"@id\":\"https:\\\/\\\/www.ultratourmonterosa.com\\\/de\\\/#primaryimage\"},\"thumbnailUrl\":\"https:\\\/\\\/www.ultratourmonterosa.com\\\/wp-content\\\/uploads\\\/2016\\\/05\\\/utmr-img-08.jpg\",\"datePublished\":\"2013-12-21T02:39:27+00:00\",\"dateModified\":\"2025-09-30T09:57:42+00:00\",\"description\":\"2. bis 5. September 2026 \\\"Das ist das Rennen, das ich am liebsten gelaufen w\u00e4re\\\", sagt die f\u00fcnfmalige UTMB-Siegerin Lizzy Hawker. 100 Meilen \u00fcber hohe P\u00e4sse, technische Wanderwege, alpine Landschaften\",\"breadcrumb\":{\"@id\":\"https:\\\/\\\/www.ultratourmonterosa.com\\\/de\\\/#breadcrumb\"},\"inLanguage\":\"de\",\"potentialAction\":[{\"@type\":\"ReadAction\",\"target\":[\"https:\\\/\\\/www.ultratourmonterosa.com\\\/de\\\/\"]}]},{\"@type\":\"ImageObject\",\"inLanguage\":\"de\",\"@id\":\"https:\\\/\\\/www.ultratourmonterosa.com\\\/de\\\/#primaryimage\",\"url\":\"https:\\\/\\\/www.ultratourmonterosa.com\\\/wp-content\\\/uploads\\\/2016\\\/05\\\/utmr-img-08.jpg\",\"contentUrl\":\"https:\\\/\\\/www.ultratourmonterosa.com\\\/wp-content\\\/uploads\\\/2016\\\/05\\\/utmr-img-08.jpg\",\"width\":1600,\"height\":900,\"caption\":\"Lizzy greeting Bridget at the finish line in Gr\u00e4chen.\"},{\"@type\":\"BreadcrumbList\",\"@id\":\"https:\\\/\\\/www.ultratourmonterosa.com\\\/de\\\/#breadcrumb\",\"itemListElement\":[{\"@type\":\"ListItem\",\"position\":1,\"name\":\"Home\",\"item\":\"https:\\\/\\\/www.ultratourmonterosa.com\\\/de\\\/\"},{\"@type\":\"ListItem\",\"position\":2,\"name\":\"Ultra Tour Monte Rosa\"}]},{\"@type\":\"WebSite\",\"@id\":\"https:\\\/\\\/www.ultratourmonterosa.com\\\/#website\",\"url\":\"https:\\\/\\\/www.ultratourmonterosa.com\\\/\",\"name\":\"Ultra Tour Monte Rosa\",\"description\":\"3-6 September 2025\",\"publisher\":{\"@id\":\"https:\\\/\\\/www.ultratourmonterosa.com\\\/#organization\"},\"potentialAction\":[{\"@type\":\"SearchAction\",\"target\":{\"@type\":\"EntryPoint\",\"urlTemplate\":\"https:\\\/\\\/www.ultratourmonterosa.com\\\/?s={search_term_string}\"},\"query-input\":{\"@type\":\"PropertyValueSpecification\",\"valueRequired\":true,\"valueName\":\"search_term_string\"}}],\"inLanguage\":\"de\"},{\"@type\":\"Organization\",\"@id\":\"https:\\\/\\\/www.ultratourmonterosa.com\\\/#organization\",\"name\":\"Ultra Tour Monte Rosa\",\"url\":\"https:\\\/\\\/www.ultratourmonterosa.com\\\/\",\"logo\":{\"@type\":\"ImageObject\",\"inLanguage\":\"de\",\"@id\":\"https:\\\/\\\/www.ultratourmonterosa.com\\\/#\\\/schema\\\/logo\\\/image\\\/\",\"url\":\"https:\\\/\\\/www.ultratourmonterosa.com\\\/wp-content\\\/uploads\\\/2024\\\/09\\\/UTMR-logo-300px-1.png\",\"contentUrl\":\"https:\\\/\\\/www.ultratourmonterosa.com\\\/wp-content\\\/uploads\\\/2024\\\/09\\\/UTMR-logo-300px-1.png\",\"width\":300,\"height\":300,\"caption\":\"Ultra Tour Monte Rosa\"},\"image\":{\"@id\":\"https:\\\/\\\/www.ultratourmonterosa.com\\\/#\\\/schema\\\/logo\\\/image\\\/\"},\"sameAs\":[\"https:\\\/\\\/www.facebook.com\\\/UltraTourMonteRosa\\\/\",\"https:\\\/\\\/x.com\\\/UltraMonteRosa\"]}]}<\/script>\n<!-- \/ Yoast SEO plugin. -->","yoast_head_json":{"title":"Ultra Tour Monte Rosa | 170 km Trail Race in Europa | UTMR","description":"2. bis 5. September 2026 \"Das ist das Rennen, das ich am liebsten gelaufen w\u00e4re\", sagt die f\u00fcnfmalige UTMB-Siegerin Lizzy Hawker. 100 Meilen \u00fcber hohe P\u00e4sse, technische Wanderwege, alpine Landschaften","robots":{"index":"index","follow":"follow","max-snippet":"max-snippet:-1","max-image-preview":"max-image-preview:large","max-video-preview":"max-video-preview:-1"},"canonical":"https:\/\/www.ultratourmonterosa.com\/de\/","og_locale":"de_DE","og_type":"article","og_title":"Ultra Tour Monte Rosa | 170 km Trail Race in Europa | UTMR","og_description":"2. bis 5. September 2026 \"Das ist das Rennen, das ich am liebsten gelaufen w\u00e4re\", sagt die f\u00fcnfmalige UTMB-Siegerin Lizzy Hawker. 100 Meilen \u00fcber hohe P\u00e4sse, technische Wanderwege, alpine Landschaften","og_url":"https:\/\/www.ultratourmonterosa.com\/de\/","og_site_name":"Ultra Tour Monte Rosa","article_publisher":"https:\/\/www.facebook.com\/UltraTourMonteRosa\/","article_modified_time":"2025-09-30T09:57:42+00:00","og_image":[{"width":1600,"height":900,"url":"https:\/\/www.ultratourmonterosa.com\/wp-content\/uploads\/2016\/05\/utmr-img-08.jpg","type":"image\/jpeg"}],"twitter_card":"summary_large_image","twitter_site":"@UltraMonteRosa","twitter_misc":{"Gesch\u00e4tzte Lesezeit":"1\u00a0Minute"},"schema":{"@context":"https:\/\/schema.org","@graph":[{"@type":"WebPage","@id":"https:\/\/www.ultratourmonterosa.com\/de\/","url":"https:\/\/www.ultratourmonterosa.com\/de\/","name":"Ultra Tour Monte Rosa | 170 km Trail Race in Europa | UTMR","isPartOf":{"@id":"https:\/\/www.ultratourmonterosa.com\/#website"},"primaryImageOfPage":{"@id":"https:\/\/www.ultratourmonterosa.com\/de\/#primaryimage"},"image":{"@id":"https:\/\/www.ultratourmonterosa.com\/de\/#primaryimage"},"thumbnailUrl":"https:\/\/www.ultratourmonterosa.com\/wp-content\/uploads\/2016\/05\/utmr-img-08.jpg","datePublished":"2013-12-21T02:39:27+00:00","dateModified":"2025-09-30T09:57:42+00:00","description":"2. bis 5. September 2026 \"Das ist das Rennen, das ich am liebsten gelaufen w\u00e4re\", sagt die f\u00fcnfmalige UTMB-Siegerin Lizzy Hawker. 100 Meilen \u00fcber hohe P\u00e4sse, technische Wanderwege, alpine Landschaften","breadcrumb":{"@id":"https:\/\/www.ultratourmonterosa.com\/de\/#breadcrumb"},"inLanguage":"de","potentialAction":[{"@type":"ReadAction","target":["https:\/\/www.ultratourmonterosa.com\/de\/"]}]},{"@type":"ImageObject","inLanguage":"de","@id":"https:\/\/www.ultratourmonterosa.com\/de\/#primaryimage","url":"https:\/\/www.ultratourmonterosa.com\/wp-content\/uploads\/2016\/05\/utmr-img-08.jpg","contentUrl":"https:\/\/www.ultratourmonterosa.com\/wp-content\/uploads\/2016\/05\/utmr-img-08.jpg","width":1600,"height":900,"caption":"Lizzy greeting Bridget at the finish line in Gr\u00e4chen."},{"@type":"BreadcrumbList","@id":"https:\/\/www.ultratourmonterosa.com\/de\/#breadcrumb","itemListElement":[{"@type":"ListItem","position":1,"name":"Home","item":"https:\/\/www.ultratourmonterosa.com\/de\/"},{"@type":"ListItem","position":2,"name":"Ultra Tour Monte Rosa"}]},{"@type":"WebSite","@id":"https:\/\/www.ultratourmonterosa.com\/#website","url":"https:\/\/www.ultratourmonterosa.com\/","name":"Ultra Tour Monte Rosa","description":"3-6 September 2025","publisher":{"@id":"https:\/\/www.ultratourmonterosa.com\/#organization"},"potentialAction":[{"@type":"SearchAction","target":{"@type":"EntryPoint","urlTemplate":"https:\/\/www.ultratourmonterosa.com\/?s={search_term_string}"},"query-input":{"@type":"PropertyValueSpecification","valueRequired":true,"valueName":"search_term_string"}}],"inLanguage":"de"},{"@type":"Organization","@id":"https:\/\/www.ultratourmonterosa.com\/#organization","name":"Ultra Tour Monte Rosa","url":"https:\/\/www.ultratourmonterosa.com\/","logo":{"@type":"ImageObject","inLanguage":"de","@id":"https:\/\/www.ultratourmonterosa.com\/#\/schema\/logo\/image\/","url":"https:\/\/www.ultratourmonterosa.com\/wp-content\/uploads\/2024\/09\/UTMR-logo-300px-1.png","contentUrl":"https:\/\/www.ultratourmonterosa.com\/wp-content\/uploads\/2024\/09\/UTMR-logo-300px-1.png","width":300,"height":300,"caption":"Ultra Tour Monte Rosa"},"image":{"@id":"https:\/\/www.ultratourmonterosa.com\/#\/schema\/logo\/image\/"},"sameAs":["https:\/\/www.facebook.com\/UltraTourMonteRosa\/","https:\/\/x.com\/UltraMonteRosa"]}]}},"jetpack_shortlink":"https:\/\/wp.me\/P4DSVg-aM","jetpack_sharing_enabled":true,"_links":{"self":[{"href":"https:\/\/www.ultratourmonterosa.com\/de\/wp-json\/wp\/v2\/pages\/668","targetHints":{"allow":["GET"]}}],"collection":[{"href":"https:\/\/www.ultratourmonterosa.com\/de\/wp-json\/wp\/v2\/pages"}],"about":[{"href":"https:\/\/www.ultratourmonterosa.com\/de\/wp-json\/wp\/v2\/types\/page"}],"author":[{"embeddable":true,"href":"https:\/\/www.ultratourmonterosa.com\/de\/wp-json\/wp\/v2\/users\/5"}],"replies":[{"embeddable":true,"href":"https:\/\/www.ultratourmonterosa.com\/de\/wp-json\/wp\/v2\/comments?post=668"}],"version-history":[{"count":5,"href":"https:\/\/www.ultratourmonterosa.com\/de\/wp-json\/wp\/v2\/pages\/668\/revisions"}],"predecessor-version":[{"id":51384,"href":"https:\/\/www.ultratourmonterosa.com\/de\/wp-json\/wp\/v2\/pages\/668\/revisions\/51384"}],"wp:featuredmedia":[{"embeddable":true,"href":"https:\/\/www.ultratourmonterosa.com\/de\/wp-json\/wp\/v2\/media\/12692"}],"wp:attachment":[{"href":"https:\/\/www.ultratourmonterosa.com\/de\/wp-json\/wp\/v2\/media?parent=668"}],"curies":[{"name":"wp","href":"https:\/\/api.w.org\/{rel}","templated":true}]}}