{"id":17447,"date":"2015-04-01T08:53:35","date_gmt":"2015-04-01T03:08:35","guid":{"rendered":"https:\/\/utmr.run\/fr\/terms-and-conditions\/"},"modified":"2024-05-08T17:04:59","modified_gmt":"2024-05-08T11:19:59","slug":"termes-et-conditions","status":"publish","type":"page","link":"https:\/\/www.ultratourmonterosa.com\/fr\/termes-et-conditions\/","title":{"rendered":"Conditions g\u00e9n\u00e9rales"},"content":{"rendered":"<p>Lors de la pr\u00e9sentation du formulaire d\u2019inscription:-<\/p>\n<p>Le participant pr\u00e9sente une inscription volontaire et contraignante pour l\u2019Ultra Tour Monte Rosa (\u00ab l&rsquo;\u00e9v\u00e9nement \u00bb), organis\u00e9 par KORA Explore GmbH (\u00ab l&rsquo;organisation \u00bb).<\/p>\n<p>Le participant comprend les exigences de l\u2019\u00e9v\u00e9nement et justifie qu\u2019il poss\u00e8de les comp\u00e9tences et l\u2019exp\u00e9rience n\u00e9cessaires.<\/p>\n<p>Les demandes d\u2019indemnisation pr\u00e9sent\u00e9es par le participant contre l\u2019organisateur, pour quelque raison juridique que ce soit, sont exclues. Chaque participant accepte de renoncer \u00e0 toutes les r\u00e9clamations l\u00e9gales contre l\u2019organisateur ou le promoteur, ainsi que leurs assistants ou agents. Cela ne s\u2019applique pas, si l\u2019organisateur, ses repr\u00e9sentants l\u00e9gaux ou ses agents ont agi avec intention ou avec n\u00e9gligence grave dans l\u2019exercice de leurs fonctions ou si l\u2019organisateur est d\u00fbment responsable en raison de dommages-int\u00e9r\u00eats r\u00e9sultant de blessures \u00e0 la vie, le corps ou la sant\u00e9 d\u2019une personne ou le manquement aux obligations contractuelles constitutives.<\/p>\n<p>Le participant consent \u00e0 \u00eatre soumis \u00e0 des tests et \u00e0 des inspections sur sa personne et \u00e0 des \u00e9quipements obligatoires, comme l\u2019a ordonn\u00e9 l\u2019organisation.<\/p>\n<p>Le participant conna\u00eet, comprend et reconna\u00eet pleinement les conditions de participation et les r\u00e8gles et r\u00e8glements. Le participant confirme express\u00e9ment qu\u2019il a bien lu et compris les R\u00e8gles et r\u00e8glements.<\/p>\n<p>Compte tenu de la possibilit\u00e9 de participer \u00e0 l\u2019\u00e9v\u00e9nement, le participant accorde \u00e0 l\u2019organisateur une licence unique pour utiliser et exploiter de quelque mani\u00e8re que ce soit des photographies, images, vid\u00e9os ou autres m\u00e9dias provenant de l\u2019\u00e9v\u00e9nement dans le monde entier ou connect\u00e9s \u00e0 cet \u00e9v\u00e9nement dans tous les m\u00e9dias.<\/p>\n<p>Le participant accepte la publication de son classement public obtenu au cours de l\u2019\u00e9v\u00e9nement, ainsi que son nom.<\/p>\n<p>Avec la publication d\u2019une adresse e-mail, le participant permet sciemment \u00e0 l\u2019organisateur d\u2019utiliser cette adresse e-mail pour envoyer des informations suppl\u00e9mentaires sur l\u2019\u00e9v\u00e9nement.<\/p>\n<p>L\u2019organisateur ne sera pas responsable des risques pour la sant\u00e9 d\u2019un participant qui est en aucun cas li\u00e9 \u00e0 la participation \u00e0 l\u2019\u00e9v\u00e9nement. Il incombe au participant de s\u2019assurer qu\u2019il est en bonne sant\u00e9 et que le participant le justifie et s\u2019engage \u00e0 le faire.<\/p>\n<p>Le participant doit prendre en charge son propre \u00e9quipement obligatoire conform\u00e9ment aux r\u00e8gles et r\u00e8glements.<\/p>\n<p>Le participant reconna\u00eet que la participation \u00e0 l\u2019\u00e9v\u00e9nement sera \u00e0 ses propres risques et qu\u2019une couverture d\u2019assurance personnelle ad\u00e9quate (valable \u00e0 l\u2019\u00e9tranger) existe en cas d\u2019accident ou de blessure.<\/p>\n<p>En commen\u00e7ant par l\u2019\u00e9v\u00e9nement, le participant affirme qu\u2019il n\u2019est pas au courant de probl\u00e8mes de sant\u00e9 qui compromettraient sa participation \u00e0 l\u2019\u00e9v\u00e9nement et que son niveau physique de performance r\u00e9pond aux exigences qu\u2019une telle course d\u2019endurance alpine place sur le corps et l\u2019esprit.<\/p>\n<p>L\u2019organisateur ne sera pas responsable des objets de valeur, des v\u00eatements ou de l\u2019\u00e9quipement perdus.<\/p>\n<p>L\u2019organisateur n\u2019est pas tenu responsable ni responsable du retard dans l\u2019ex\u00e9cution ou de l\u2019omission d\u2019ex\u00e9cuter l\u2019une de ses obligations \u00e0 l\u2019\u00e9gard de l\u2019\u00e9v\u00e9nement si ce retard ou \u00e9chec r\u00e9sulte d\u2019\u00e9v\u00e9nements, de circonstances ou de causes ind\u00e9pendantes de son contr\u00f4le raisonnable. L\u2019organisateur d\u00e9cline en outre toute responsabilit\u00e9 pour les dommages qui peuvent survenir parce qu\u2019un participant est emp\u00each\u00e9 par des r\u00e8glements juridiques et\/ou des ordres gouvernementaux de participer \u00e0 l\u2019\u00e9v\u00e9nement.<\/p>\n<p>Tous les participants doivent retourner \u00e0 l\u2019organisateur la puce de chronom\u00e9trage \u00e9mise apr\u00e8s l\u2019\u00e9v\u00e9nement \u00e0 la ligne Arriv\u00e9e<\/p>\n<p>Les co\u00fbts des services de tiers, par exemple les services de sauvetage, doivent \u00eatre pay\u00e9s par le participant. L\u2019organisateur se r\u00e9serve le droit de facturer l\u2019un ou l\u2019autre de ces frais au participant et le participant indemnise l\u2019organisateur pour les frais que l\u2019organisateur pourrait engager au nom du participant. Il est fortement recommand\u00e9 d\u2019avoir une assurance maladie priv\u00e9e (valable \u00e0 l\u2019\u00e9tranger), qui couvre le sauvetage par h\u00e9licopt\u00e8re et le transport des patients \u00e0 la maison.<\/p>\n<p>Chaque participant accepte que des contr\u00f4les d\u2019\u00e9quipement obligatoire puissent \u00eatre effectu\u00e9s \u00e0 tout moment pendant l\u2019\u00e9v\u00e9nement, et le manque d\u2019\u00e9quipement obligatoire peut entra\u00eener la disqualification. Le participant accepte le jugement de l\u2019organisation pour cela.<\/p>\n<p>Chaque participant disculpe l\u2019organisateur de toute responsabilit\u00e9 pour les dommages aux biens et aux personnes, y compris les blessures corporelles et\/ou le d\u00e9c\u00e8s. Chaque participant est responsable de tout dommage caus\u00e9 \u00e0 des tiers ou \u00e0 des propri\u00e9t\u00e9s de tiers. Chaque participant convient que l\u2019organisateur n\u2019est pas responsable envers le participant pour toute action de spectateurs ou de tiers lors de l\u2019\u00e9v\u00e9nement.<\/p>\n<p>L\u2019organisateur a le droit d\u2019attribuer, de licence ou de traiter de toute autre mani\u00e8re avec l\u2019un ou l\u2019ensemble de ses droits et obligations.<\/p>\n<p>Ces modalit\u00e9s et tout diff\u00e9rend ou r\u00e9clamation d\u00e9coulant ou en relation avec eux ou son objet ou formation (y compris les litiges ou r\u00e9clamations non contractuaux) sont r\u00e9gis et interpr\u00e9t\u00e9s conform\u00e9ment au droit suisse. Chaque partie convient irr\u00e9vocablement que les tribunaux suisses ont comp\u00e9tence exclusive pour r\u00e9gler tout diff\u00e9rend ou r\u00e9clamation d\u00e9coulant de ou en rapport avec cet accord ou son objet ou sa formation (y compris les diff\u00e9rends ou r\u00e9clamations non consancuales).<\/p>\n","protected":false},"excerpt":{"rendered":"<p>Lors de la pr\u00e9sentation du formulaire d\u2019inscription:- Le participant pr\u00e9sente une inscription volontaire et contraignante pour l\u2019Ultra Tour Monte Rosa (\u00ab l&rsquo;\u00e9v\u00e9nement \u00bb), organis\u00e9 par KORA Explore GmbH (\u00ab l&rsquo;organisation \u00bb). Le participant comprend les exigences de l\u2019\u00e9v\u00e9nement et justifie qu\u2019il poss\u00e8de les comp\u00e9tences et l\u2019exp\u00e9rience n\u00e9cessaires. Les demandes d\u2019indemnisation pr\u00e9sent\u00e9es par le participant contre [&hellip;]<\/p>\n","protected":false},"author":2,"featured_media":17034,"parent":0,"menu_order":5,"comment_status":"closed","ping_status":"closed","template":"","meta":{"_acf_changed":false,"jetpack_post_was_ever_published":false,"footnotes":"","_wp_rev_ctl_limit":""},"class_list":["post-17447","page","type-page","status-publish","has-post-thumbnail","hentry"],"acf":[],"yoast_head":"<!-- This site is optimized with the Yoast SEO plugin v27.4 - https:\/\/yoast.com\/product\/yoast-seo-wordpress\/ -->\n<title>Conditions g\u00e9n\u00e9rales - Ultra Tour Monte Rosa<\/title>\n<meta name=\"robots\" content=\"index, follow, max-snippet:-1, max-image-preview:large, max-video-preview:-1\" \/>\n<link rel=\"canonical\" href=\"https:\/\/www.ultratourmonterosa.com\/fr\/termes-et-conditions\/\" \/>\n<meta property=\"og:locale\" content=\"fr_FR\" \/>\n<meta property=\"og:type\" content=\"article\" \/>\n<meta property=\"og:title\" content=\"Conditions g\u00e9n\u00e9rales - Ultra Tour Monte Rosa\" \/>\n<meta property=\"og:description\" content=\"Lors de la pr\u00e9sentation du formulaire d\u2019inscription:- Le participant pr\u00e9sente une inscription volontaire et contraignante pour l\u2019Ultra Tour Monte Rosa (\u00ab l&rsquo;\u00e9v\u00e9nement \u00bb), organis\u00e9 par KORA Explore GmbH (\u00ab l&rsquo;organisation \u00bb). Le participant comprend les exigences de l\u2019\u00e9v\u00e9nement et justifie qu\u2019il poss\u00e8de les comp\u00e9tences et l\u2019exp\u00e9rience n\u00e9cessaires. Les demandes d\u2019indemnisation pr\u00e9sent\u00e9es par le participant contre [&hellip;]\" \/>\n<meta property=\"og:url\" content=\"https:\/\/www.ultratourmonterosa.com\/fr\/termes-et-conditions\/\" \/>\n<meta property=\"og:site_name\" content=\"Ultra Tour Monte Rosa\" \/>\n<meta property=\"article:publisher\" content=\"https:\/\/www.facebook.com\/UltraTourMonteRosa\/\" \/>\n<meta property=\"article:modified_time\" content=\"2024-05-08T11:19:59+00:00\" \/>\n<meta property=\"og:image\" content=\"https:\/\/www.ultratourmonterosa.com\/wp-content\/uploads\/2015\/10\/UTMR-2015-Day-3-IMG_1481-LBelcher-WEB-2.jpg\" \/>\n\t<meta property=\"og:image:width\" content=\"1600\" \/>\n\t<meta property=\"og:image:height\" content=\"1066\" \/>\n\t<meta property=\"og:image:type\" content=\"image\/jpeg\" \/>\n<meta name=\"twitter:card\" content=\"summary_large_image\" \/>\n<meta name=\"twitter:site\" content=\"@UltraMonteRosa\" \/>\n<meta name=\"twitter:label1\" content=\"Dur\u00e9e de lecture estim\u00e9e\" \/>\n\t<meta name=\"twitter:data1\" content=\"5 minutes\" \/>\n<script type=\"application\/ld+json\" class=\"yoast-schema-graph\">{\"@context\":\"https:\\\/\\\/schema.org\",\"@graph\":[{\"@type\":\"WebPage\",\"@id\":\"https:\\\/\\\/www.ultratourmonterosa.com\\\/fr\\\/termes-et-conditions\\\/\",\"url\":\"https:\\\/\\\/www.ultratourmonterosa.com\\\/fr\\\/termes-et-conditions\\\/\",\"name\":\"Conditions g\u00e9n\u00e9rales - Ultra Tour Monte Rosa\",\"isPartOf\":{\"@id\":\"https:\\\/\\\/www.ultratourmonterosa.com\\\/#website\"},\"primaryImageOfPage\":{\"@id\":\"https:\\\/\\\/www.ultratourmonterosa.com\\\/fr\\\/termes-et-conditions\\\/#primaryimage\"},\"image\":{\"@id\":\"https:\\\/\\\/www.ultratourmonterosa.com\\\/fr\\\/termes-et-conditions\\\/#primaryimage\"},\"thumbnailUrl\":\"https:\\\/\\\/www.ultratourmonterosa.com\\\/wp-content\\\/uploads\\\/2015\\\/10\\\/UTMR-2015-Day-3-IMG_1481-LBelcher-WEB-2.jpg\",\"datePublished\":\"2015-04-01T03:08:35+00:00\",\"dateModified\":\"2024-05-08T11:19:59+00:00\",\"breadcrumb\":{\"@id\":\"https:\\\/\\\/www.ultratourmonterosa.com\\\/fr\\\/termes-et-conditions\\\/#breadcrumb\"},\"inLanguage\":\"fr-FR\",\"potentialAction\":[{\"@type\":\"ReadAction\",\"target\":[\"https:\\\/\\\/www.ultratourmonterosa.com\\\/fr\\\/termes-et-conditions\\\/\"]}]},{\"@type\":\"ImageObject\",\"inLanguage\":\"fr-FR\",\"@id\":\"https:\\\/\\\/www.ultratourmonterosa.com\\\/fr\\\/termes-et-conditions\\\/#primaryimage\",\"url\":\"https:\\\/\\\/www.ultratourmonterosa.com\\\/wp-content\\\/uploads\\\/2015\\\/10\\\/UTMR-2015-Day-3-IMG_1481-LBelcher-WEB-2.jpg\",\"contentUrl\":\"https:\\\/\\\/www.ultratourmonterosa.com\\\/wp-content\\\/uploads\\\/2015\\\/10\\\/UTMR-2015-Day-3-IMG_1481-LBelcher-WEB-2.jpg\",\"width\":1600,\"height\":1066,\"caption\":\"Un d\u00e9but de matin\u00e9e en 2015!\"},{\"@type\":\"BreadcrumbList\",\"@id\":\"https:\\\/\\\/www.ultratourmonterosa.com\\\/fr\\\/termes-et-conditions\\\/#breadcrumb\",\"itemListElement\":[{\"@type\":\"ListItem\",\"position\":1,\"name\":\"Home\",\"item\":\"https:\\\/\\\/www.ultratourmonterosa.com\\\/fr\\\/\"},{\"@type\":\"ListItem\",\"position\":2,\"name\":\"Conditions g\u00e9n\u00e9rales\"}]},{\"@type\":\"WebSite\",\"@id\":\"https:\\\/\\\/www.ultratourmonterosa.com\\\/#website\",\"url\":\"https:\\\/\\\/www.ultratourmonterosa.com\\\/\",\"name\":\"Ultra Tour Monte Rosa\",\"description\":\"4-7 september 2019\",\"publisher\":{\"@id\":\"https:\\\/\\\/www.ultratourmonterosa.com\\\/#organization\"},\"potentialAction\":[{\"@type\":\"SearchAction\",\"target\":{\"@type\":\"EntryPoint\",\"urlTemplate\":\"https:\\\/\\\/www.ultratourmonterosa.com\\\/?s={search_term_string}\"},\"query-input\":{\"@type\":\"PropertyValueSpecification\",\"valueRequired\":true,\"valueName\":\"search_term_string\"}}],\"inLanguage\":\"fr-FR\"},{\"@type\":\"Organization\",\"@id\":\"https:\\\/\\\/www.ultratourmonterosa.com\\\/#organization\",\"name\":\"Ultra Tour Monte Rosa\",\"url\":\"https:\\\/\\\/www.ultratourmonterosa.com\\\/\",\"logo\":{\"@type\":\"ImageObject\",\"inLanguage\":\"fr-FR\",\"@id\":\"https:\\\/\\\/www.ultratourmonterosa.com\\\/#\\\/schema\\\/logo\\\/image\\\/\",\"url\":\"https:\\\/\\\/www.ultratourmonterosa.com\\\/wp-content\\\/uploads\\\/2024\\\/09\\\/UTMR-logo-300px-1.png\",\"contentUrl\":\"https:\\\/\\\/www.ultratourmonterosa.com\\\/wp-content\\\/uploads\\\/2024\\\/09\\\/UTMR-logo-300px-1.png\",\"width\":300,\"height\":300,\"caption\":\"Ultra Tour Monte Rosa\"},\"image\":{\"@id\":\"https:\\\/\\\/www.ultratourmonterosa.com\\\/#\\\/schema\\\/logo\\\/image\\\/\"},\"sameAs\":[\"https:\\\/\\\/www.facebook.com\\\/UltraTourMonteRosa\\\/\",\"https:\\\/\\\/x.com\\\/UltraMonteRosa\"]}]}<\/script>\n<!-- \/ Yoast SEO plugin. -->","yoast_head_json":{"title":"Conditions g\u00e9n\u00e9rales - Ultra Tour Monte Rosa","robots":{"index":"index","follow":"follow","max-snippet":"max-snippet:-1","max-image-preview":"max-image-preview:large","max-video-preview":"max-video-preview:-1"},"canonical":"https:\/\/www.ultratourmonterosa.com\/fr\/termes-et-conditions\/","og_locale":"fr_FR","og_type":"article","og_title":"Conditions g\u00e9n\u00e9rales - Ultra Tour Monte Rosa","og_description":"Lors de la pr\u00e9sentation du formulaire d\u2019inscription:- Le participant pr\u00e9sente une inscription volontaire et contraignante pour l\u2019Ultra Tour Monte Rosa (\u00ab l&rsquo;\u00e9v\u00e9nement \u00bb), organis\u00e9 par KORA Explore GmbH (\u00ab l&rsquo;organisation \u00bb). Le participant comprend les exigences de l\u2019\u00e9v\u00e9nement et justifie qu\u2019il poss\u00e8de les comp\u00e9tences et l\u2019exp\u00e9rience n\u00e9cessaires. Les demandes d\u2019indemnisation pr\u00e9sent\u00e9es par le participant contre [&hellip;]","og_url":"https:\/\/www.ultratourmonterosa.com\/fr\/termes-et-conditions\/","og_site_name":"Ultra Tour Monte Rosa","article_publisher":"https:\/\/www.facebook.com\/UltraTourMonteRosa\/","article_modified_time":"2024-05-08T11:19:59+00:00","og_image":[{"width":1600,"height":1066,"url":"https:\/\/www.ultratourmonterosa.com\/wp-content\/uploads\/2015\/10\/UTMR-2015-Day-3-IMG_1481-LBelcher-WEB-2.jpg","type":"image\/jpeg"}],"twitter_card":"summary_large_image","twitter_site":"@UltraMonteRosa","twitter_misc":{"Dur\u00e9e de lecture estim\u00e9e":"5 minutes"},"schema":{"@context":"https:\/\/schema.org","@graph":[{"@type":"WebPage","@id":"https:\/\/www.ultratourmonterosa.com\/fr\/termes-et-conditions\/","url":"https:\/\/www.ultratourmonterosa.com\/fr\/termes-et-conditions\/","name":"Conditions g\u00e9n\u00e9rales - Ultra Tour Monte Rosa","isPartOf":{"@id":"https:\/\/www.ultratourmonterosa.com\/#website"},"primaryImageOfPage":{"@id":"https:\/\/www.ultratourmonterosa.com\/fr\/termes-et-conditions\/#primaryimage"},"image":{"@id":"https:\/\/www.ultratourmonterosa.com\/fr\/termes-et-conditions\/#primaryimage"},"thumbnailUrl":"https:\/\/www.ultratourmonterosa.com\/wp-content\/uploads\/2015\/10\/UTMR-2015-Day-3-IMG_1481-LBelcher-WEB-2.jpg","datePublished":"2015-04-01T03:08:35+00:00","dateModified":"2024-05-08T11:19:59+00:00","breadcrumb":{"@id":"https:\/\/www.ultratourmonterosa.com\/fr\/termes-et-conditions\/#breadcrumb"},"inLanguage":"fr-FR","potentialAction":[{"@type":"ReadAction","target":["https:\/\/www.ultratourmonterosa.com\/fr\/termes-et-conditions\/"]}]},{"@type":"ImageObject","inLanguage":"fr-FR","@id":"https:\/\/www.ultratourmonterosa.com\/fr\/termes-et-conditions\/#primaryimage","url":"https:\/\/www.ultratourmonterosa.com\/wp-content\/uploads\/2015\/10\/UTMR-2015-Day-3-IMG_1481-LBelcher-WEB-2.jpg","contentUrl":"https:\/\/www.ultratourmonterosa.com\/wp-content\/uploads\/2015\/10\/UTMR-2015-Day-3-IMG_1481-LBelcher-WEB-2.jpg","width":1600,"height":1066,"caption":"Un d\u00e9but de matin\u00e9e en 2015!"},{"@type":"BreadcrumbList","@id":"https:\/\/www.ultratourmonterosa.com\/fr\/termes-et-conditions\/#breadcrumb","itemListElement":[{"@type":"ListItem","position":1,"name":"Home","item":"https:\/\/www.ultratourmonterosa.com\/fr\/"},{"@type":"ListItem","position":2,"name":"Conditions g\u00e9n\u00e9rales"}]},{"@type":"WebSite","@id":"https:\/\/www.ultratourmonterosa.com\/#website","url":"https:\/\/www.ultratourmonterosa.com\/","name":"Ultra Tour Monte Rosa","description":"4-7 september 2019","publisher":{"@id":"https:\/\/www.ultratourmonterosa.com\/#organization"},"potentialAction":[{"@type":"SearchAction","target":{"@type":"EntryPoint","urlTemplate":"https:\/\/www.ultratourmonterosa.com\/?s={search_term_string}"},"query-input":{"@type":"PropertyValueSpecification","valueRequired":true,"valueName":"search_term_string"}}],"inLanguage":"fr-FR"},{"@type":"Organization","@id":"https:\/\/www.ultratourmonterosa.com\/#organization","name":"Ultra Tour Monte Rosa","url":"https:\/\/www.ultratourmonterosa.com\/","logo":{"@type":"ImageObject","inLanguage":"fr-FR","@id":"https:\/\/www.ultratourmonterosa.com\/#\/schema\/logo\/image\/","url":"https:\/\/www.ultratourmonterosa.com\/wp-content\/uploads\/2024\/09\/UTMR-logo-300px-1.png","contentUrl":"https:\/\/www.ultratourmonterosa.com\/wp-content\/uploads\/2024\/09\/UTMR-logo-300px-1.png","width":300,"height":300,"caption":"Ultra Tour Monte Rosa"},"image":{"@id":"https:\/\/www.ultratourmonterosa.com\/#\/schema\/logo\/image\/"},"sameAs":["https:\/\/www.facebook.com\/UltraTourMonteRosa\/","https:\/\/x.com\/UltraMonteRosa"]}]}},"jetpack_shortlink":"https:\/\/wp.me\/P4DSVg-4xp","jetpack_sharing_enabled":true,"_links":{"self":[{"href":"https:\/\/www.ultratourmonterosa.com\/fr\/wp-json\/wp\/v2\/pages\/17447","targetHints":{"allow":["GET"]}}],"collection":[{"href":"https:\/\/www.ultratourmonterosa.com\/fr\/wp-json\/wp\/v2\/pages"}],"about":[{"href":"https:\/\/www.ultratourmonterosa.com\/fr\/wp-json\/wp\/v2\/types\/page"}],"author":[{"embeddable":true,"href":"https:\/\/www.ultratourmonterosa.com\/fr\/wp-json\/wp\/v2\/users\/2"}],"replies":[{"embeddable":true,"href":"https:\/\/www.ultratourmonterosa.com\/fr\/wp-json\/wp\/v2\/comments?post=17447"}],"version-history":[{"count":2,"href":"https:\/\/www.ultratourmonterosa.com\/fr\/wp-json\/wp\/v2\/pages\/17447\/revisions"}],"predecessor-version":[{"id":50542,"href":"https:\/\/www.ultratourmonterosa.com\/fr\/wp-json\/wp\/v2\/pages\/17447\/revisions\/50542"}],"wp:featuredmedia":[{"embeddable":true,"href":"https:\/\/www.ultratourmonterosa.com\/fr\/wp-json\/wp\/v2\/media\/17034"}],"wp:attachment":[{"href":"https:\/\/www.ultratourmonterosa.com\/fr\/wp-json\/wp\/v2\/media?parent=17447"}],"curies":[{"name":"wp","href":"https:\/\/api.w.org\/{rel}","templated":true}]}}