{"id":41755,"date":"2020-10-10T09:32:10","date_gmt":"2020-10-10T03:47:10","guid":{"rendered":"https:\/\/www.ultratourmonterosa.com\/4-etape-course-info\/grachen-zermatt\/"},"modified":"2025-09-30T19:13:23","modified_gmt":"2025-09-30T13:28:23","slug":"grachen-zermatt","status":"publish","type":"page","link":"https:\/\/www.ultratourmonterosa.com\/fr\/utmr-stage-race-information\/grachen-zermatt\/","title":{"rendered":"\u00c9tape 1 &#8211; Gr\u00e4chen \u00e0 Zermatt"},"content":{"rendered":"\n<p>La course par \u00e9tapes de l&rsquo;UTMR vous fait d\u00e9couvrir le Tour du Monte Rosa en quatre \u00e9tapes, ce qui ne veut pas dire que c&rsquo;est facile ! Le grand avantage : vous voyez le terrain en plein jour et vous profitez du paysage spectaculaire. Le soir, vous profitez de l&rsquo;hospitalit\u00e9 confortable des villages alpins pour donner le meilleur de vous-m\u00eame sur le parcours, puis vous discutez de l&rsquo;aventure avec des amis autour d&rsquo;un repas \u00e0 trois plats.<\/p>\n\n\n\n<p>Il y a beaucoup de choses devant vous &#8211; quatre marathons de montagne difficiles dos \u00e0 dos, jour apr\u00e8s jour. <\/p>\n\n\n\n<div class=\"wp-block-columns is-layout-flex wp-container-core-columns-is-layout-9d6595d7 wp-block-columns-is-layout-flex\">\n<div class=\"wp-block-column is-layout-flow wp-block-column-is-layout-flow\" style=\"flex-basis:50%\">\n<h3 class=\"wp-block-heading\">R\u00e9sum\u00e9 de l\u2019itin\u00e9raire<\/h3>\n\n\n\n<p>Depuis Gr\u00e4chen, il y a une premi\u00e8re dizaine de kilom\u00e8tres de sentiers forestiers faciles et agr\u00e9ables qui descendent jusqu&rsquo;au fond de la vall\u00e9e. Regardez sur votre gauche &#8211; en haut de la montagne se trouve le <em>Europaweg<\/em>, qui est une mont\u00e9e raide de 1100 m, alors pr\u00e9parez-vous mentalement ! Profitez de la sensation d&rsquo;\u00eatre en hauteur. Le premier point de contr\u00f4le \u00e0 <em>Europah\u00fctte<\/em> offrira un soulagement. D&rsquo;ici, une courte descente pour traverser \u00ab\u00a0<em>le pont<\/em>\u00a0\u00bb &#8211; un point fort. D&rsquo;ici, c&rsquo;est un m\u00e9lange de petites sections techniques, de pistes praticables, de mont\u00e9es et de descentes, qui rapprochent toujours plus Zermatt et le Cervin. Notez l&rsquo;itin\u00e9raire de la deuxi\u00e8me \u00e9tape et envisagez d&rsquo;annuler votre Arriv\u00e9e sprint. <\/p>\n<\/div>\n\n\n\n<div class=\"wp-block-column is-layout-flow wp-block-column-is-layout-flow\" style=\"flex-basis:50%\">\n<h3 class=\"wp-block-heading\">Points forts de la premi\u00e8re \u00e9tape<\/h3>\n\n\n\n<ul class=\"wp-block-list\">\n<li>Travers\u00e9e du Charles Kuonen H\u00e4ngebr\u00fccke<\/li>\n\n\n\n<li>Vues du Cervin et du Weisshorn<\/li>\n\n\n\n<li>Explorer les rues historiques de Zermatt<\/li>\n<\/ul>\n<\/div>\n<\/div>\n\n\n\n\n\n<div id=\"data-bar-block_07cc8040c16e645982833b1fa44ab029\" class=\"data-bar\">\n<div class=\"race-data-container\" >\n      <div class=\"race-data-item\">\n            <div class='race-data-icon'><i class=\"far fa-calendar-alt fa-lg\"><\/i><\/div>\n            <div class='race-data-legend'>Date<\/div>\n            <div class='race-data-value'>2 September<\/div>\n      <\/div>\n      <div class=\"race-data-item\">\n            <div class='race-data-icon'><i class=\"fas fa-arrows-alt-h fa-lg\"><\/i><\/div>\n            <div class='race-data-legend'>Distance<\/div>\n            <div class='race-data-value'>36.6 km<\/div>\n      <\/div>\n      <div class=\"race-data-item\">\n            <div class='race-data-icon'><i class=\"fas fa-arrow-circle-up fa-lg\"><\/i><\/div>\n            <div class='race-data-legend'>Ascension<\/div>\n            <div class='race-data-value'>+3020m<\/div>\n      <\/div>\n      <div class=\"race-data-item\">\n            <div class='race-data-icon'><i class=\"fas fa-arrow-circle-down fa-lg\"><\/i><\/div>\n            <div class='race-data-legend'>Descent<\/div>\n            <div class='race-data-value'>-3035m<\/div>\n      <\/div>\n                  <div class=\"race-data-item\">\n                  <div class='race-data-icon'><i class=\"fas fa-flag-checkered\"><\/i><\/div>\n                  <div class='race-data-legend'>Heure de d\u00e9but<\/div>\n                  <div class='race-data-value'>06:30<\/div>\n            <\/div>\n            <div class=\"race-data-item\">\n            <div class='race-data-icon'><i class=\"fas fa-stopwatch fa-lg\"><\/i><\/div>\n            <div class='race-data-legend'>D\u00e9lai<\/div>\n            <div class='race-data-value'>12 heures<\/div> \n      <\/div>\n      \n\n      \n<\/div>\n\n\n<div class=\"wp-block-columns is-layout-flex wp-container-core-columns-is-layout-9d6595d7 wp-block-columns-is-layout-flex\">\n<div class=\"wp-block-column is-layout-flow wp-block-column-is-layout-flow\">\n<h3 class=\"wp-block-heading\">De l\u2019espace<\/h3>\n\n\n\n<figure class=\"wp-block-image size-large img-responsive is-style-default\"><a href=\"\/\/utmr-11581.kxcdn.com\/wp-content\/uploads\/2020\/10\/UTMR-google-earth-stage-1-track-2021-4k-web.jpg\"><img loading=\"lazy\" decoding=\"async\" width=\"1024\" height=\"576\" src=\"\/\/utmr-11581.kxcdn.com\/wp-content\/uploads\/2020\/10\/UTMR-google-earth-stage-1-track-2021-4k-web-1024x576.jpg\" alt=\"UTMR google earth stage 1 track 2021 4k web\" class=\"wp-image-39266\" srcset=\"https:\/\/www.ultratourmonterosa.com\/wp-content\/uploads\/2020\/10\/UTMR-google-earth-stage-1-track-2021-4k-web-1024x576.jpg 1024w, https:\/\/www.ultratourmonterosa.com\/wp-content\/uploads\/2020\/10\/UTMR-google-earth-stage-1-track-2021-4k-web-300x169.jpg 300w, https:\/\/www.ultratourmonterosa.com\/wp-content\/uploads\/2020\/10\/UTMR-google-earth-stage-1-track-2021-4k-web-768x432.jpg 768w, https:\/\/www.ultratourmonterosa.com\/wp-content\/uploads\/2020\/10\/UTMR-google-earth-stage-1-track-2021-4k-web-1536x864.jpg 1536w, https:\/\/www.ultratourmonterosa.com\/wp-content\/uploads\/2020\/10\/UTMR-google-earth-stage-1-track-2021-4k-web-100x56.jpg 100w, https:\/\/www.ultratourmonterosa.com\/wp-content\/uploads\/2020\/10\/UTMR-google-earth-stage-1-track-2021-4k-web-70x39.jpg 70w, https:\/\/www.ultratourmonterosa.com\/wp-content\/uploads\/2020\/10\/UTMR-google-earth-stage-1-track-2021-4k-web-124x70.jpg 124w, https:\/\/www.ultratourmonterosa.com\/wp-content\/uploads\/2020\/10\/UTMR-google-earth-stage-1-track-2021-4k-web-50x28.jpg 50w, https:\/\/www.ultratourmonterosa.com\/wp-content\/uploads\/2020\/10\/UTMR-google-earth-stage-1-track-2021-4k-web-89x50.jpg 89w, https:\/\/www.ultratourmonterosa.com\/wp-content\/uploads\/2020\/10\/UTMR-google-earth-stage-1-track-2021-4k-web-200x113.jpg 200w, https:\/\/www.ultratourmonterosa.com\/wp-content\/uploads\/2020\/10\/UTMR-google-earth-stage-1-track-2021-4k-web.jpg 1920w\" sizes=\"auto, (max-width: 1024px) 100vw, 1024px\" \/><\/a><\/figure>\n<\/div>\n\n\n\n<div class=\"wp-block-column is-layout-flow wp-block-column-is-layout-flow\">\n<h3 class=\"wp-block-heading\">\u00c0 propos de <em>\u00ab\u00a0the bridge\u00a0\u00bb<\/em><\/h3>\n\n\n\n<figure class=\"wp-block-embed is-type-video is-provider-youtube wp-block-embed-youtube wp-embed-aspect-16-9 wp-has-aspect-ratio\"><div class=\"wp-block-embed__wrapper\">\n<span class=\"embed-youtube\" style=\"text-align:center; display: block;\"><iframe loading=\"lazy\" class=\"youtube-player\" width=\"640\" height=\"360\" src=\"https:\/\/www.youtube.com\/embed\/Y_qtgn_DlFo?version=3&#038;rel=1&#038;showsearch=0&#038;showinfo=1&#038;iv_load_policy=1&#038;fs=1&#038;hl=fr-FR&#038;autohide=2&#038;wmode=transparent\" allowfullscreen=\"true\" style=\"border:0;\" sandbox=\"allow-scripts allow-same-origin allow-popups allow-presentation allow-popups-to-escape-sandbox\"><\/iframe><\/span>\n<\/div><\/figure>\n<\/div>\n<\/div>\n\n\n<div id=\"testimonial-block_f7869eaf3c076e205d0603a4530943eb\" class=\"testimonial-blockquote-container testimonial\">\n    <blockquote class=\"testimonial-blockquote\">\n        <div class=\"testimonial-text\">Un petit mot pour vous donner envie de participer \u00e0 cette course exceptionnelle. C&rsquo;est un parcours tr\u00e8s sauvage avec des paysages fantastiques et tous ces sommets \u00e0 plus de 4000m. Gardez-le dans un coin de l&rsquo;esprit pour les ann\u00e9es \u00e0 venir &#8230;<\/div>\n        <span class=\"testimonial-author\">Se\u0301bastien Chaigneau<\/span>\n        <span class=\"testimonial-role\">The North Face<\/span>\n    <\/blockquote>\n    <div class=\"testimonial-image\">\n        \n        <a data-fancybox='gallery' href='https:\/\/www.ultratourmonterosa.com\/wp-content\/uploads\/2013\/12\/Seb-chaigneau-UTMR-2016-thumbs-up.jpg'  data-lbwps-width=\"1618\" data-lbwps-height=\"1080\" data-lbwps-srcsmall=\"https:\/\/www.ultratourmonterosa.com\/wp-content\/uploads\/2013\/12\/Seb-chaigneau-UTMR-2016-thumbs-up.jpg\"><img loading=\"lazy\" decoding=\"async\" width=\"300\" height=\"300\" src=\"https:\/\/www.ultratourmonterosa.com\/wp-content\/uploads\/2020\/10\/Seb-chaigneau-UTMR-2016-thumbs-up_300x300_acf_cropped-300x300.jpg\" class=\"attachment-medium size-medium\" alt=\"Seb-chaigneau-UTMR-2016-thumbs-up_300x300\" srcset=\"https:\/\/www.ultratourmonterosa.com\/wp-content\/uploads\/2020\/10\/Seb-chaigneau-UTMR-2016-thumbs-up_300x300_acf_cropped.jpg 300w, https:\/\/www.ultratourmonterosa.com\/wp-content\/uploads\/2020\/10\/Seb-chaigneau-UTMR-2016-thumbs-up_300x300_acf_cropped-150x150.jpg 150w, https:\/\/www.ultratourmonterosa.com\/wp-content\/uploads\/2020\/10\/Seb-chaigneau-UTMR-2016-thumbs-up_300x300_acf_cropped-250x250.jpg 250w, https:\/\/www.ultratourmonterosa.com\/wp-content\/uploads\/2020\/10\/Seb-chaigneau-UTMR-2016-thumbs-up_300x300_acf_cropped-100x100.jpg 100w, https:\/\/www.ultratourmonterosa.com\/wp-content\/uploads\/2020\/10\/Seb-chaigneau-UTMR-2016-thumbs-up_300x300_acf_cropped-70x70.jpg 70w, https:\/\/www.ultratourmonterosa.com\/wp-content\/uploads\/2020\/10\/Seb-chaigneau-UTMR-2016-thumbs-up_300x300_acf_cropped-50x50.jpg 50w, https:\/\/www.ultratourmonterosa.com\/wp-content\/uploads\/2020\/10\/Seb-chaigneau-UTMR-2016-thumbs-up_300x300_acf_cropped-200x200.jpg 200w\" sizes=\"auto, (max-width: 300px) 100vw, 300px\" \/><\/a>    <\/div>\n    <style type=\"text\/css\">\n        #testimonial-block_f7869eaf3c076e205d0603a4530943eb {\n            background: #efefef;\n            color: #092a6c;\n        }\n    <\/style>\n<\/div>\n\n\n<h2 class=\"wp-block-heading\">A quoi \u00e7a ressemble !<\/h2>\n\n\n\n<p>Une s\u00e9lection d&rsquo;images de courses de la premi\u00e8re \u00e9tape au fil des ans. Cliquez pour agrandir et utilisez les touches fl\u00e9ch\u00e9es pour naviguer. <\/p>\n\n\n\n<div class=\"wp-block-jetpack-tiled-gallery aligncenter is-style-rectangular\"><div class=\"tiled-gallery__gallery\"><div class=\"tiled-gallery__row\"><div class=\"tiled-gallery__col\" style=\"flex-basis:71.50338535778779%\"><figure class=\"tiled-gallery__item\"><a href=\"https:\/\/i2.wp.com\/www.ultratourmonterosa.com\/wp-content\/uploads\/2020\/12\/Patitucci-Bridge-Image-UTMR-Poster-2021-slider.jpg?ssl=1\" data-lbwps-width=\"1920\" data-lbwps-height=\"1280\" data-lbwps-srcsmall=\"https:\/\/www.ultratourmonterosa.com\/wp-content\/uploads\/2020\/12\/Patitucci-Bridge-Image-UTMR-Poster-2021-slider.jpg\"><img decoding=\"async\" srcset=\"https:\/\/i2.wp.com\/www.ultratourmonterosa.com\/wp-content\/uploads\/2020\/12\/Patitucci-Bridge-Image-UTMR-Poster-2021-slider.jpg?strip=info&#038;w=600&#038;ssl=1 600w,https:\/\/i2.wp.com\/www.ultratourmonterosa.com\/wp-content\/uploads\/2020\/12\/Patitucci-Bridge-Image-UTMR-Poster-2021-slider.jpg?strip=info&#038;w=900&#038;ssl=1 900w,https:\/\/i2.wp.com\/www.ultratourmonterosa.com\/wp-content\/uploads\/2020\/12\/Patitucci-Bridge-Image-UTMR-Poster-2021-slider.jpg?strip=info&#038;w=1200&#038;ssl=1 1200w,https:\/\/i2.wp.com\/www.ultratourmonterosa.com\/wp-content\/uploads\/2020\/12\/Patitucci-Bridge-Image-UTMR-Poster-2021-slider.jpg?strip=info&#038;w=1500&#038;ssl=1 1500w,https:\/\/i2.wp.com\/www.ultratourmonterosa.com\/wp-content\/uploads\/2020\/12\/Patitucci-Bridge-Image-UTMR-Poster-2021-slider.jpg?strip=info&#038;w=1800&#038;ssl=1 1800w,https:\/\/i2.wp.com\/www.ultratourmonterosa.com\/wp-content\/uploads\/2020\/12\/Patitucci-Bridge-Image-UTMR-Poster-2021-slider.jpg?strip=info&#038;w=1920&#038;ssl=1 1920w\" alt=\"pont suspendu charles kuonen\" data-height=\"1280\" data-id=\"44078\" data-link=\"https:\/\/www.ultratourmonterosa.com\/ultra-tour-monte-rosa\/patitucci-bridge-image-utmr-poster-2021-slider\/\" data-url=\"https:\/\/www.ultratourmonterosa.com\/wp-content\/uploads\/2020\/12\/Patitucci-Bridge-Image-UTMR-Poster-2021-slider.jpg\" data-width=\"1920\" src=\"https:\/\/i2.wp.com\/www.ultratourmonterosa.com\/wp-content\/uploads\/2020\/12\/Patitucci-Bridge-Image-UTMR-Poster-2021-slider.jpg?ssl=1\" layout=\"responsive\"><\/a><\/figure><\/div><div class=\"tiled-gallery__col\" style=\"flex-basis:28.496614642212204%\"><figure class=\"tiled-gallery__item\"><a href=\"https:\/\/i1.wp.com\/www.ultratourmonterosa.com\/wp-content\/uploads\/2020\/12\/swiss-trail-ultra-hp-36.jpg?ssl=1\" data-lbwps-width=\"1440\" data-lbwps-height=\"1440\" data-lbwps-srcsmall=\"https:\/\/www.ultratourmonterosa.com\/wp-content\/uploads\/2020\/12\/swiss-trail-ultra-hp-36-50x50.jpg\"><img decoding=\"async\" srcset=\"https:\/\/i1.wp.com\/www.ultratourmonterosa.com\/wp-content\/uploads\/2020\/12\/swiss-trail-ultra-hp-36.jpg?strip=info&#038;w=600&#038;ssl=1 600w,https:\/\/i1.wp.com\/www.ultratourmonterosa.com\/wp-content\/uploads\/2020\/12\/swiss-trail-ultra-hp-36.jpg?strip=info&#038;w=900&#038;ssl=1 900w,https:\/\/i1.wp.com\/www.ultratourmonterosa.com\/wp-content\/uploads\/2020\/12\/swiss-trail-ultra-hp-36.jpg?strip=info&#038;w=1200&#038;ssl=1 1200w,https:\/\/i1.wp.com\/www.ultratourmonterosa.com\/wp-content\/uploads\/2020\/12\/swiss-trail-ultra-hp-36.jpg?strip=info&#038;w=1440&#038;ssl=1 1440w\" alt=\"\" data-height=\"1440\" data-id=\"43808\" data-link=\"https:\/\/www.ultratourmonterosa.com\/swiss-trail-ultra-hp-36\/\" data-url=\"https:\/\/www.ultratourmonterosa.com\/wp-content\/uploads\/2020\/12\/swiss-trail-ultra-hp-36.jpg\" data-width=\"1440\" src=\"https:\/\/i1.wp.com\/www.ultratourmonterosa.com\/wp-content\/uploads\/2020\/12\/swiss-trail-ultra-hp-36.jpg?ssl=1\" layout=\"responsive\"><\/a><\/figure><figure class=\"tiled-gallery__item\"><a href=\"https:\/\/i1.wp.com\/www.ultratourmonterosa.com\/wp-content\/uploads\/2020\/12\/female-ultra-runner-pink-1920.jpg?ssl=1\" data-lbwps-width=\"1919\" data-lbwps-height=\"1281\" data-lbwps-srcsmall=\"https:\/\/www.ultratourmonterosa.com\/wp-content\/uploads\/2020\/12\/female-ultra-runner-pink-1920.jpg\"><img decoding=\"async\" srcset=\"https:\/\/i1.wp.com\/www.ultratourmonterosa.com\/wp-content\/uploads\/2020\/12\/female-ultra-runner-pink-1920.jpg?strip=info&#038;w=600&#038;ssl=1 600w,https:\/\/i1.wp.com\/www.ultratourmonterosa.com\/wp-content\/uploads\/2020\/12\/female-ultra-runner-pink-1920.jpg?strip=info&#038;w=900&#038;ssl=1 900w,https:\/\/i1.wp.com\/www.ultratourmonterosa.com\/wp-content\/uploads\/2020\/12\/female-ultra-runner-pink-1920.jpg?strip=info&#038;w=1200&#038;ssl=1 1200w,https:\/\/i1.wp.com\/www.ultratourmonterosa.com\/wp-content\/uploads\/2020\/12\/female-ultra-runner-pink-1920.jpg?strip=info&#038;w=1500&#038;ssl=1 1500w,https:\/\/i1.wp.com\/www.ultratourmonterosa.com\/wp-content\/uploads\/2020\/12\/female-ultra-runner-pink-1920.jpg?strip=info&#038;w=1800&#038;ssl=1 1800w,https:\/\/i1.wp.com\/www.ultratourmonterosa.com\/wp-content\/uploads\/2020\/12\/female-ultra-runner-pink-1920.jpg?strip=info&#038;w=1919&#038;ssl=1 1919w\" alt=\"female ultra runner pink\" data-height=\"1281\" data-id=\"44093\" data-link=\"https:\/\/www.ultratourmonterosa.com\/ultra-tour-monte-rosa\/female-ultra-runner-pink-1920\/\" data-url=\"https:\/\/www.ultratourmonterosa.com\/wp-content\/uploads\/2020\/12\/female-ultra-runner-pink-1920.jpg\" data-width=\"1919\" src=\"https:\/\/i1.wp.com\/www.ultratourmonterosa.com\/wp-content\/uploads\/2020\/12\/female-ultra-runner-pink-1920.jpg?ssl=1\" layout=\"responsive\"><\/a><\/figure><\/div><\/div><div class=\"tiled-gallery__row\"><div class=\"tiled-gallery__col\" style=\"flex-basis:31.911832518226486%\"><figure class=\"tiled-gallery__item\"><a href=\"https:\/\/i0.wp.com\/www.ultratourmonterosa.com\/wp-content\/uploads\/2020\/12\/swiss-trail-ultra-hp-34.jpg?ssl=1\" data-lbwps-width=\"1400\" data-lbwps-height=\"933\" data-lbwps-srcsmall=\"https:\/\/www.ultratourmonterosa.com\/wp-content\/uploads\/2020\/12\/swiss-trail-ultra-hp-34.jpg\"><img decoding=\"async\" srcset=\"https:\/\/i0.wp.com\/www.ultratourmonterosa.com\/wp-content\/uploads\/2020\/12\/swiss-trail-ultra-hp-34.jpg?strip=info&#038;w=600&#038;ssl=1 600w,https:\/\/i0.wp.com\/www.ultratourmonterosa.com\/wp-content\/uploads\/2020\/12\/swiss-trail-ultra-hp-34.jpg?strip=info&#038;w=900&#038;ssl=1 900w,https:\/\/i0.wp.com\/www.ultratourmonterosa.com\/wp-content\/uploads\/2020\/12\/swiss-trail-ultra-hp-34.jpg?strip=info&#038;w=1200&#038;ssl=1 1200w,https:\/\/i0.wp.com\/www.ultratourmonterosa.com\/wp-content\/uploads\/2020\/12\/swiss-trail-ultra-hp-34.jpg?strip=info&#038;w=1400&#038;ssl=1 1400w\" alt=\"\" data-height=\"933\" data-id=\"43798\" data-link=\"https:\/\/www.ultratourmonterosa.com\/swiss-trail-ultra-hp-34\/\" data-url=\"https:\/\/www.ultratourmonterosa.com\/wp-content\/uploads\/2020\/12\/swiss-trail-ultra-hp-34.jpg\" data-width=\"1400\" src=\"https:\/\/i0.wp.com\/www.ultratourmonterosa.com\/wp-content\/uploads\/2020\/12\/swiss-trail-ultra-hp-34.jpg?ssl=1\" layout=\"responsive\"><\/a><\/figure><figure class=\"tiled-gallery__item\"><a href=\"https:\/\/i0.wp.com\/www.ultratourmonterosa.com\/wp-content\/uploads\/2020\/12\/swiss-trail-ultra-hp-14.jpg?ssl=1\" data-lbwps-width=\"1440\" data-lbwps-height=\"1080\" data-lbwps-srcsmall=\"https:\/\/www.ultratourmonterosa.com\/wp-content\/uploads\/2020\/12\/swiss-trail-ultra-hp-14.jpg\"><img decoding=\"async\" srcset=\"https:\/\/i0.wp.com\/www.ultratourmonterosa.com\/wp-content\/uploads\/2020\/12\/swiss-trail-ultra-hp-14.jpg?strip=info&#038;w=600&#038;ssl=1 600w,https:\/\/i0.wp.com\/www.ultratourmonterosa.com\/wp-content\/uploads\/2020\/12\/swiss-trail-ultra-hp-14.jpg?strip=info&#038;w=900&#038;ssl=1 900w,https:\/\/i0.wp.com\/www.ultratourmonterosa.com\/wp-content\/uploads\/2020\/12\/swiss-trail-ultra-hp-14.jpg?strip=info&#038;w=1200&#038;ssl=1 1200w,https:\/\/i0.wp.com\/www.ultratourmonterosa.com\/wp-content\/uploads\/2020\/12\/swiss-trail-ultra-hp-14.jpg?strip=info&#038;w=1440&#038;ssl=1 1440w\" alt=\"\" data-height=\"1080\" data-id=\"43693\" data-link=\"https:\/\/www.ultratourmonterosa.com\/swiss-trail-ultra-hp-14\/\" data-url=\"https:\/\/www.ultratourmonterosa.com\/wp-content\/uploads\/2020\/12\/swiss-trail-ultra-hp-14.jpg\" data-width=\"1440\" src=\"https:\/\/i0.wp.com\/www.ultratourmonterosa.com\/wp-content\/uploads\/2020\/12\/swiss-trail-ultra-hp-14.jpg?ssl=1\" layout=\"responsive\"><\/a><\/figure><\/div><div class=\"tiled-gallery__col\" style=\"flex-basis:68.08816748177351%\"><figure class=\"tiled-gallery__item\"><a href=\"https:\/\/i2.wp.com\/www.ultratourmonterosa.com\/wp-content\/uploads\/2020\/10\/trail-running-stage-race-switzerland-16.jpg?ssl=1\" data-lbwps-width=\"1620\" data-lbwps-height=\"1080\" data-lbwps-srcsmall=\"https:\/\/www.ultratourmonterosa.com\/wp-content\/uploads\/2020\/10\/trail-running-stage-race-switzerland-16.jpg\"><img decoding=\"async\" srcset=\"https:\/\/i2.wp.com\/www.ultratourmonterosa.com\/wp-content\/uploads\/2020\/10\/trail-running-stage-race-switzerland-16.jpg?strip=info&#038;w=600&#038;ssl=1 600w,https:\/\/i2.wp.com\/www.ultratourmonterosa.com\/wp-content\/uploads\/2020\/10\/trail-running-stage-race-switzerland-16.jpg?strip=info&#038;w=900&#038;ssl=1 900w,https:\/\/i2.wp.com\/www.ultratourmonterosa.com\/wp-content\/uploads\/2020\/10\/trail-running-stage-race-switzerland-16.jpg?strip=info&#038;w=1200&#038;ssl=1 1200w,https:\/\/i2.wp.com\/www.ultratourmonterosa.com\/wp-content\/uploads\/2020\/10\/trail-running-stage-race-switzerland-16.jpg?strip=info&#038;w=1500&#038;ssl=1 1500w,https:\/\/i2.wp.com\/www.ultratourmonterosa.com\/wp-content\/uploads\/2020\/10\/trail-running-stage-race-switzerland-16.jpg?strip=info&#038;w=1620&#038;ssl=1 1620w\" alt=\"\" data-height=\"1080\" data-id=\"40050\" data-link=\"https:\/\/www.ultratourmonterosa.com\/races\/4-stage-race-info\/stage-4-macugnaga-to-grachen\/trail-running-stage-race-switzerland-16\/\" data-url=\"https:\/\/www.ultratourmonterosa.com\/wp-content\/uploads\/2020\/10\/trail-running-stage-race-switzerland-16.jpg\" data-width=\"1620\" src=\"https:\/\/i2.wp.com\/www.ultratourmonterosa.com\/wp-content\/uploads\/2020\/10\/trail-running-stage-race-switzerland-16.jpg?ssl=1\" layout=\"responsive\"><\/a><\/figure><\/div><\/div><div class=\"tiled-gallery__row\"><div class=\"tiled-gallery__col\" style=\"flex-basis:33.33333333333333%\"><figure class=\"tiled-gallery__item\"><a href=\"https:\/\/i2.wp.com\/www.ultratourmonterosa.com\/wp-content\/uploads\/2020\/10\/running-matterhorn-ultra.jpg?ssl=1\" data-lbwps-width=\"1440\" data-lbwps-height=\"960\" data-lbwps-srcsmall=\"https:\/\/www.ultratourmonterosa.com\/wp-content\/uploads\/2020\/10\/running-matterhorn-ultra.jpg\"><img decoding=\"async\" srcset=\"https:\/\/i2.wp.com\/www.ultratourmonterosa.com\/wp-content\/uploads\/2020\/10\/running-matterhorn-ultra.jpg?strip=info&#038;w=600&#038;ssl=1 600w,https:\/\/i2.wp.com\/www.ultratourmonterosa.com\/wp-content\/uploads\/2020\/10\/running-matterhorn-ultra.jpg?strip=info&#038;w=900&#038;ssl=1 900w,https:\/\/i2.wp.com\/www.ultratourmonterosa.com\/wp-content\/uploads\/2020\/10\/running-matterhorn-ultra.jpg?strip=info&#038;w=1200&#038;ssl=1 1200w,https:\/\/i2.wp.com\/www.ultratourmonterosa.com\/wp-content\/uploads\/2020\/10\/running-matterhorn-ultra.jpg?strip=info&#038;w=1440&#038;ssl=1 1440w\" alt=\"trail running matterhorn\" data-height=\"960\" data-id=\"39007\" data-link=\"https:\/\/www.ultratourmonterosa.com\/races\/4-stage-race-info\/grachen-zermatt\/calphafoto-com-2\/\" data-url=\"https:\/\/www.ultratourmonterosa.com\/wp-content\/uploads\/2020\/10\/running-matterhorn-ultra.jpg\" data-width=\"1440\" src=\"https:\/\/i2.wp.com\/www.ultratourmonterosa.com\/wp-content\/uploads\/2020\/10\/running-matterhorn-ultra.jpg?ssl=1\" layout=\"responsive\"><\/a><\/figure><\/div><div class=\"tiled-gallery__col\" style=\"flex-basis:33.33333333333333%\"><figure class=\"tiled-gallery__item\"><a href=\"https:\/\/i2.wp.com\/www.ultratourmonterosa.com\/wp-content\/uploads\/2020\/10\/hiking-europaweg.jpg?ssl=1\" data-lbwps-width=\"1440\" data-lbwps-height=\"960\" data-lbwps-srcsmall=\"https:\/\/www.ultratourmonterosa.com\/wp-content\/uploads\/2020\/10\/hiking-europaweg.jpg\"><img decoding=\"async\" srcset=\"https:\/\/i2.wp.com\/www.ultratourmonterosa.com\/wp-content\/uploads\/2020\/10\/hiking-europaweg.jpg?strip=info&#038;w=600&#038;ssl=1 600w,https:\/\/i2.wp.com\/www.ultratourmonterosa.com\/wp-content\/uploads\/2020\/10\/hiking-europaweg.jpg?strip=info&#038;w=900&#038;ssl=1 900w,https:\/\/i2.wp.com\/www.ultratourmonterosa.com\/wp-content\/uploads\/2020\/10\/hiking-europaweg.jpg?strip=info&#038;w=1200&#038;ssl=1 1200w,https:\/\/i2.wp.com\/www.ultratourmonterosa.com\/wp-content\/uploads\/2020\/10\/hiking-europaweg.jpg?strip=info&#038;w=1440&#038;ssl=1 1440w\" alt=\"\" data-height=\"960\" data-id=\"39017\" data-link=\"https:\/\/www.ultratourmonterosa.com\/races\/4-stage-race-info\/grachen-zermatt\/calphafoto-com-4\/\" data-url=\"https:\/\/www.ultratourmonterosa.com\/wp-content\/uploads\/2020\/10\/hiking-europaweg.jpg\" data-width=\"1440\" src=\"https:\/\/i2.wp.com\/www.ultratourmonterosa.com\/wp-content\/uploads\/2020\/10\/hiking-europaweg.jpg?ssl=1\" layout=\"responsive\"><\/a><\/figure><\/div><div class=\"tiled-gallery__col\" style=\"flex-basis:33.33333333333333%\"><figure class=\"tiled-gallery__item\"><a href=\"https:\/\/i1.wp.com\/www.ultratourmonterosa.com\/wp-content\/uploads\/2020\/10\/UTMR_stage_1_foto_G_Meneghello_GM_19-04505.jpg?ssl=1\" data-lbwps-width=\"1440\" data-lbwps-height=\"960\" data-lbwps-srcsmall=\"https:\/\/www.ultratourmonterosa.com\/wp-content\/uploads\/2020\/10\/UTMR_stage_1_foto_G_Meneghello_GM_19-04505.jpg\"><img decoding=\"async\" srcset=\"https:\/\/i1.wp.com\/www.ultratourmonterosa.com\/wp-content\/uploads\/2020\/10\/UTMR_stage_1_foto_G_Meneghello_GM_19-04505.jpg?strip=info&#038;w=600&#038;ssl=1 600w,https:\/\/i1.wp.com\/www.ultratourmonterosa.com\/wp-content\/uploads\/2020\/10\/UTMR_stage_1_foto_G_Meneghello_GM_19-04505.jpg?strip=info&#038;w=900&#038;ssl=1 900w,https:\/\/i1.wp.com\/www.ultratourmonterosa.com\/wp-content\/uploads\/2020\/10\/UTMR_stage_1_foto_G_Meneghello_GM_19-04505.jpg?strip=info&#038;w=1200&#038;ssl=1 1200w,https:\/\/i1.wp.com\/www.ultratourmonterosa.com\/wp-content\/uploads\/2020\/10\/UTMR_stage_1_foto_G_Meneghello_GM_19-04505.jpg?strip=info&#038;w=1440&#038;ssl=1 1440w\" alt=\"\" data-height=\"960\" data-id=\"39002\" data-link=\"https:\/\/www.ultratourmonterosa.com\/races\/4-stage-race-info\/grachen-zermatt\/utmr_stage_1_foto_g_meneghello_gm_19-04505\/\" data-url=\"https:\/\/www.ultratourmonterosa.com\/wp-content\/uploads\/2020\/10\/UTMR_stage_1_foto_G_Meneghello_GM_19-04505.jpg\" data-width=\"1440\" src=\"https:\/\/i1.wp.com\/www.ultratourmonterosa.com\/wp-content\/uploads\/2020\/10\/UTMR_stage_1_foto_G_Meneghello_GM_19-04505.jpg?ssl=1\" layout=\"responsive\"><\/a><\/figure><\/div><\/div><div class=\"tiled-gallery__row\"><div class=\"tiled-gallery__col\" style=\"flex-basis:28.467785837885916%\"><figure class=\"tiled-gallery__item\"><a href=\"https:\/\/i0.wp.com\/www.ultratourmonterosa.com\/wp-content\/uploads\/2020\/10\/running-europaweg.jpg?ssl=1\" data-lbwps-width=\"1440\" data-lbwps-height=\"960\" data-lbwps-srcsmall=\"https:\/\/www.ultratourmonterosa.com\/wp-content\/uploads\/2020\/10\/running-europaweg.jpg\"><img decoding=\"async\" srcset=\"https:\/\/i0.wp.com\/www.ultratourmonterosa.com\/wp-content\/uploads\/2020\/10\/running-europaweg.jpg?strip=info&#038;w=600&#038;ssl=1 600w,https:\/\/i0.wp.com\/www.ultratourmonterosa.com\/wp-content\/uploads\/2020\/10\/running-europaweg.jpg?strip=info&#038;w=900&#038;ssl=1 900w,https:\/\/i0.wp.com\/www.ultratourmonterosa.com\/wp-content\/uploads\/2020\/10\/running-europaweg.jpg?strip=info&#038;w=1200&#038;ssl=1 1200w,https:\/\/i0.wp.com\/www.ultratourmonterosa.com\/wp-content\/uploads\/2020\/10\/running-europaweg.jpg?strip=info&#038;w=1440&#038;ssl=1 1440w\" alt=\"\" data-height=\"960\" data-id=\"39022\" data-link=\"https:\/\/www.ultratourmonterosa.com\/races\/4-stage-race-info\/grachen-zermatt\/calphafoto-com-5\/\" data-url=\"https:\/\/www.ultratourmonterosa.com\/wp-content\/uploads\/2020\/10\/running-europaweg.jpg\" data-width=\"1440\" src=\"https:\/\/i0.wp.com\/www.ultratourmonterosa.com\/wp-content\/uploads\/2020\/10\/running-europaweg.jpg?ssl=1\" layout=\"responsive\"><\/a><\/figure><\/div><div class=\"tiled-gallery__col\" style=\"flex-basis:19.03858799055005%\"><figure class=\"tiled-gallery__item\"><a href=\"https:\/\/i2.wp.com\/www.ultratourmonterosa.com\/wp-content\/uploads\/2020\/10\/UMTR_Day_1_foto_G_Meneghello-18-6899-e1602036276911.jpg?ssl=1\" data-lbwps-width=\"1321\" data-lbwps-height=\"1320\" data-lbwps-srcsmall=\"https:\/\/www.ultratourmonterosa.com\/wp-content\/uploads\/2020\/10\/UMTR_Day_1_foto_G_Meneghello-18-6899-e1602036276911.jpg\"><img decoding=\"async\" srcset=\"https:\/\/i2.wp.com\/www.ultratourmonterosa.com\/wp-content\/uploads\/2020\/10\/UMTR_Day_1_foto_G_Meneghello-18-6899-e1602036276911.jpg?strip=info&#038;w=600&#038;ssl=1 600w,https:\/\/i2.wp.com\/www.ultratourmonterosa.com\/wp-content\/uploads\/2020\/10\/UMTR_Day_1_foto_G_Meneghello-18-6899-e1602036276911.jpg?strip=info&#038;w=900&#038;ssl=1 900w,https:\/\/i2.wp.com\/www.ultratourmonterosa.com\/wp-content\/uploads\/2020\/10\/UMTR_Day_1_foto_G_Meneghello-18-6899-e1602036276911.jpg?strip=info&#038;w=1200&#038;ssl=1 1200w,https:\/\/i2.wp.com\/www.ultratourmonterosa.com\/wp-content\/uploads\/2020\/10\/UMTR_Day_1_foto_G_Meneghello-18-6899-e1602036276911.jpg?strip=info&#038;w=1321&#038;ssl=1 1321w\" alt=\"running matterhorn\" data-height=\"1320\" data-id=\"38634\" data-link=\"https:\/\/www.ultratourmonterosa.com\/umtr_day_1_foto_g_meneghello-18-6899\/\" data-url=\"https:\/\/www.ultratourmonterosa.com\/wp-content\/uploads\/2020\/10\/UMTR_Day_1_foto_G_Meneghello-18-6899-e1602036276911.jpg\" data-width=\"1321\" src=\"https:\/\/i2.wp.com\/www.ultratourmonterosa.com\/wp-content\/uploads\/2020\/10\/UMTR_Day_1_foto_G_Meneghello-18-6899-e1602036276911.jpg?ssl=1\" layout=\"responsive\"><\/a><\/figure><\/div><div class=\"tiled-gallery__col\" style=\"flex-basis:28.467785837885916%\"><figure class=\"tiled-gallery__item\"><a href=\"https:\/\/i1.wp.com\/www.ultratourmonterosa.com\/wp-content\/uploads\/2020\/10\/2017-utmr-anuj-adhikary-24350768258_b6e606a472_o.jpg?ssl=1\" data-lbwps-width=\"1440\" data-lbwps-height=\"960\" data-lbwps-srcsmall=\"https:\/\/www.ultratourmonterosa.com\/wp-content\/uploads\/2020\/10\/2017-utmr-anuj-adhikary-24350768258_b6e606a472_o.jpg\"><img decoding=\"async\" srcset=\"https:\/\/i1.wp.com\/www.ultratourmonterosa.com\/wp-content\/uploads\/2020\/10\/2017-utmr-anuj-adhikary-24350768258_b6e606a472_o.jpg?strip=info&#038;w=600&#038;ssl=1 600w,https:\/\/i1.wp.com\/www.ultratourmonterosa.com\/wp-content\/uploads\/2020\/10\/2017-utmr-anuj-adhikary-24350768258_b6e606a472_o.jpg?strip=info&#038;w=900&#038;ssl=1 900w,https:\/\/i1.wp.com\/www.ultratourmonterosa.com\/wp-content\/uploads\/2020\/10\/2017-utmr-anuj-adhikary-24350768258_b6e606a472_o.jpg?strip=info&#038;w=1200&#038;ssl=1 1200w,https:\/\/i1.wp.com\/www.ultratourmonterosa.com\/wp-content\/uploads\/2020\/10\/2017-utmr-anuj-adhikary-24350768258_b6e606a472_o.jpg?strip=info&#038;w=1440&#038;ssl=1 1440w\" alt=\"\" data-height=\"960\" data-id=\"38952\" data-link=\"https:\/\/www.ultratourmonterosa.com\/races\/4-stage-race-info\/grachen-zermatt\/2017-utmr-anuj-adhikary-24350768258_b6e606a472_o\/\" data-url=\"https:\/\/www.ultratourmonterosa.com\/wp-content\/uploads\/2020\/10\/2017-utmr-anuj-adhikary-24350768258_b6e606a472_o.jpg\" data-width=\"1440\" src=\"https:\/\/i1.wp.com\/www.ultratourmonterosa.com\/wp-content\/uploads\/2020\/10\/2017-utmr-anuj-adhikary-24350768258_b6e606a472_o.jpg?ssl=1\" layout=\"responsive\"><\/a><\/figure><\/div><div class=\"tiled-gallery__col\" style=\"flex-basis:24.025840333678126%\"><figure class=\"tiled-gallery__item\"><a href=\"https:\/\/i0.wp.com\/www.ultratourmonterosa.com\/wp-content\/uploads\/2020\/10\/2017-utmr-anuj-adhikary-running-zermatt.jpg?ssl=1\" data-lbwps-width=\"1366\" data-lbwps-height=\"1080\" data-lbwps-srcsmall=\"https:\/\/www.ultratourmonterosa.com\/wp-content\/uploads\/2020\/10\/2017-utmr-anuj-adhikary-running-zermatt.jpg\"><img decoding=\"async\" srcset=\"https:\/\/i0.wp.com\/www.ultratourmonterosa.com\/wp-content\/uploads\/2020\/10\/2017-utmr-anuj-adhikary-running-zermatt.jpg?strip=info&#038;w=600&#038;ssl=1 600w,https:\/\/i0.wp.com\/www.ultratourmonterosa.com\/wp-content\/uploads\/2020\/10\/2017-utmr-anuj-adhikary-running-zermatt.jpg?strip=info&#038;w=900&#038;ssl=1 900w,https:\/\/i0.wp.com\/www.ultratourmonterosa.com\/wp-content\/uploads\/2020\/10\/2017-utmr-anuj-adhikary-running-zermatt.jpg?strip=info&#038;w=1200&#038;ssl=1 1200w,https:\/\/i0.wp.com\/www.ultratourmonterosa.com\/wp-content\/uploads\/2020\/10\/2017-utmr-anuj-adhikary-running-zermatt.jpg?strip=info&#038;w=1366&#038;ssl=1 1366w\" alt=\"\" data-height=\"1080\" data-id=\"38957\" data-link=\"https:\/\/www.ultratourmonterosa.com\/races\/4-stage-race-info\/grachen-zermatt\/2017-utmr-anuj-adhikary-running-zermatt\/\" data-url=\"https:\/\/www.ultratourmonterosa.com\/wp-content\/uploads\/2020\/10\/2017-utmr-anuj-adhikary-running-zermatt.jpg\" data-width=\"1366\" src=\"https:\/\/i0.wp.com\/www.ultratourmonterosa.com\/wp-content\/uploads\/2020\/10\/2017-utmr-anuj-adhikary-running-zermatt.jpg?ssl=1\" layout=\"responsive\"><\/a><\/figure><\/div><\/div><\/div><\/div>\n\n\n\n<h2 class=\"wp-block-heading\">\u00c0 propos de Zermatt<\/h2>\n\n\n\n<div class=\"wp-block-media-text alignwide has-media-on-the-right is-stacked-on-mobile\"><div class=\"wp-block-media-text__content\">\n<p>Zermatt est un endroit sp\u00e9cial. Sans voiture et accessible uniquement \u00e0 pied et en train (comme de nombreux villages de montagne suisses), il est paisible et agr\u00e9able de s&rsquo;y promener, m\u00eame avec des jambes fatigu\u00e9es.<\/p>\n\n\n\n<p>Par une soir\u00e9e claire, le coucher de soleil sur le Cervin depuis un point de vue est un r\u00e9gal. <\/p>\n\n\n\n<p>Vous trouverez tout ce que vous devez savoir sur <a href=\"https:\/\/www.zermatt.ch\/en\" target=\"_blank\" rel=\"noreferrer noopener\">www.zermatt.ch<\/a><\/p>\n<\/div><figure class=\"wp-block-media-text__media\"><a href=\"\/\/utmr-11581.kxcdn.com\/wp-content\/uploads\/2020\/10\/zermatt.jpeg\"><img loading=\"lazy\" decoding=\"async\" width=\"1024\" height=\"563\" src=\"https:\/\/www.ultratourmonterosa.com\/wp-content\/uploads\/2020\/10\/zermatt-1024x563.jpeg\" alt=\"Zermatt town in summer\" class=\"wp-image-39124 size-full\" srcset=\"https:\/\/www.ultratourmonterosa.com\/wp-content\/uploads\/2020\/10\/zermatt-1024x563.jpeg 1024w, https:\/\/www.ultratourmonterosa.com\/wp-content\/uploads\/2020\/10\/zermatt-300x165.jpeg 300w, https:\/\/www.ultratourmonterosa.com\/wp-content\/uploads\/2020\/10\/zermatt-768x422.jpeg 768w, https:\/\/www.ultratourmonterosa.com\/wp-content\/uploads\/2020\/10\/zermatt-1536x845.jpeg 1536w, https:\/\/www.ultratourmonterosa.com\/wp-content\/uploads\/2020\/10\/zermatt-100x55.jpeg 100w, https:\/\/www.ultratourmonterosa.com\/wp-content\/uploads\/2020\/10\/zermatt-70x39.jpeg 70w, https:\/\/www.ultratourmonterosa.com\/wp-content\/uploads\/2020\/10\/zermatt-127x70.jpeg 127w, https:\/\/www.ultratourmonterosa.com\/wp-content\/uploads\/2020\/10\/zermatt-50x28.jpeg 50w, https:\/\/www.ultratourmonterosa.com\/wp-content\/uploads\/2020\/10\/zermatt-91x50.jpeg 91w, https:\/\/www.ultratourmonterosa.com\/wp-content\/uploads\/2020\/10\/zermatt-200x110.jpeg 200w, https:\/\/www.ultratourmonterosa.com\/wp-content\/uploads\/2020\/10\/zermatt.jpeg 1600w\" sizes=\"auto, (max-width: 1024px) 100vw, 1024px\" \/><\/a><\/figure><\/div>\n\n\n\n<div style=\"height:50px\" aria-hidden=\"true\" class=\"wp-block-spacer\"><\/div>\n\n\n\n<h3 class=\"wp-block-heading\">Profil d\u2019\u00e9tape<\/h3>\n\n\n\n<figure class=\"wp-block-image size-full\"><img loading=\"lazy\" decoding=\"async\" width=\"2160\" height=\"1080\" src=\"https:\/\/www.ultratourmonterosa.com\/wp-content\/uploads\/2022\/08\/Charts-Stage-Race_stage-1.png\" alt=\"\" class=\"wp-image-48701\"\/><\/figure>\n\n\n\n<div style=\"height:20px\" aria-hidden=\"true\" class=\"wp-block-spacer\"><\/div>\n\n\n\n\n<h3>Points de contr\u00f4le, distances, barri\u00e8res horaires, \u00e9l\u00e9vation<\/h3>\n\n<div class=\"table-responsive\" id=\"checkpoint-table-container\">\n\t<table class=\"checkpoint-table-ultra\" id=\"checkpoint-table\">\n\t\t<thead>\n\t\t\t<th><\/th>\n\t\t\t<th>Points de contr\u00f4le<\/th>\n\t\t\t<th><i class=\"fas fa-arrows-alt-h\"><\/i> km<\/th>\n\t\t\t<th>Cum. km<\/th>\n\t\t\t<th>Altitude<\/th>\n\t\t\t<th><i class=\"fas fa-arrow-circle-up\"><\/i>m<\/th>\n\t\t\t<th><i class=\"fas fa-arrow-circle-down\"><\/i>m<\/th>\n\t\t\t<th>Couper<\/th>\n\t\t\t<th>Rafra\u00eechissements<\/th>\n\t\t\t\n\t\t\t\n\t\t\t\n\t\t\t<th>DNF<\/th>\n\t\t\t<th>Medical<\/th>\n\t\t<\/thead>\n\t\t<tbody>\t\n<tr class='d'>\n\t\t\t\t<td class='text-bold text-center'>START<\/td>\n\t\t\t\t<td class='text-bold'>Gr\u00e4chen<\/td>\n\t\t\t\t<td class='text-center text-bold'>0.0<\/td>\n\t\t\t\t<td class='text-center text-bold'>0.0<\/td>\n\t\t\t\t<td class='text-center'>1621<\/td>\n\t\t\t\t<td>&uarr; 0<\/td>\n\t\t\t\t<td>&darr; 0<\/td>\n\t\t\t\t<td class='red text-center' style='color:red;'><div class='cutoff_time'><\/div><\/td>\n\t\t\t\t<td class='text-center'><\/td>\n\t\t\t\t\n\t\t\t\t\n\t\t\t\t<td class='text-center'> <\/td>\n\t\t\t\t<td class='text-center'><div class='sprite firstaid_16'><\/div><\/td>\n\t\t\t\t<\/tr><tr class='d'>\n\t\t\t\t<td class='text-bold text-center'>1<\/td>\n\t\t\t\t<td class='text-bold'>Europah\u00fctte<\/td>\n\t\t\t\t<td class='text-center text-bold'>17.7<\/td>\n\t\t\t\t<td class='text-center text-bold'>17.7<\/td>\n\t\t\t\t<td class='text-center'>2266<\/td>\n\t\t\t\t<td>&uarr; 2018<\/td>\n\t\t\t\t<td>&darr; 1375<\/td>\n\t\t\t\t<td class='red text-center' style='color:red;'><div class='cutoff_time'><\/div><\/td>\n\t\t\t\t<td class='text-center'><div class='sprite water_16'><\/div> <div class='sprite meal_16'><\/div> <\/td>\n\t\t\t\t\n\t\t\t\t\n\t\t\t\t<td class='text-center'><i class='fas fa-check text-green'><\/i> <\/td>\n\t\t\t\t<td class='text-center'><div class='sprite firstaid_16'><\/div><\/td>\n\t\t\t\t<\/tr><tr class='d'>\n\t\t\t\t<td class='text-bold text-center'>2<\/td>\n\t\t\t\t<td class='text-bold'>T\u00e4schalp<\/td>\n\t\t\t\t<td class='text-center text-bold'>9.0<\/td>\n\t\t\t\t<td class='text-center text-bold'>26.7<\/td>\n\t\t\t\t<td class='text-center'>2225<\/td>\n\t\t\t\t<td>&uarr; 2683<\/td>\n\t\t\t\t<td>&darr; 2134<\/td>\n\t\t\t\t<td class='red text-center' style='color:red;'><div class='cutoff_time'><\/div><\/td>\n\t\t\t\t<td class='text-center'><div class='sprite water_16'><\/div> <div class='sprite snack_16'><\/div> <\/td>\n\t\t\t\t\n\t\t\t\t\n\t\t\t\t<td class='text-center'><i class='fas fa-check text-green'><\/i> <\/td>\n\t\t\t\t<td class='text-center'><div class='sprite firstaid_16'><\/div><\/td>\n\t\t\t\t<\/tr><tr class='d'>\n\t\t\t\t<td class='text-bold text-center'>FINISH [3]<\/td>\n\t\t\t\t<td class='text-bold'>Zermatt<\/td>\n\t\t\t\t<td class='text-center text-bold'>10.0<\/td>\n\t\t\t\t<td class='text-center text-bold'>36.7<\/td>\n\t\t\t\t<td class='text-center'>1600<\/td>\n\t\t\t\t<td>&uarr; 3017<\/td>\n\t\t\t\t<td>&darr; 3035<\/td>\n\t\t\t\t<td class='red text-center' style='color:red;'><div class='cutoff_time'>18:30<\/div><\/td>\n\t\t\t\t<td class='text-center'><div class='sprite meal_16'><\/div> <\/td>\n\t\t\t\t\n\t\t\t\t\n\t\t\t\t<td class='text-center'> <\/td>\n\t\t\t\t<td class='text-center'><div class='sprite firstaid_16'><\/div><\/td>\n\t\t\t\t<\/tr><\/tbody>\n<\/table>\n\n\n<ul class=\"stage-data-key\">\n\t<li>Eau <div class='sprite water_16'><\/div><\/li>\n\t<li>Snack <div class='sprite snack_16'><\/div><\/li>\n\t<li>Repas <div class='sprite meal_16'><\/div><\/li>\n\t<li>Premi\u00e8re \u00e9tape <div class='sprite firstaid_16'><\/div><\/li>\n\t<li>Ambulance <div class='sprite ambulance_16'><\/div><\/li>\n\t<li>Dropbag <div class='sprite dropbag_16'><\/div><\/li>\n\t<li>Reste <div class='sprite rest_16'><\/div><\/li>\n<\/ul>\n<h6>DNF notes:<\/h6>\n<small>\n\t<\/small>\n\n\n\n<\/div>\n\n\n\n\n<h2>Cartes en PDF<\/h2>\n<a class='ur-btn ur-btn-yellow' href='https:\/\/www.ultratourmonterosa.com\/wp-content\/uploads\/2022\/08\/Stage-Race-Day-1-geo-map.pdf'  download >\n            <i class='fas fa-file-pdf'><\/i>&nbsp;Carte PDF 1:100 000 \n        <\/a>&nbsp; \n<h2>Traces GPS<\/h2>\n<a class='ur-btn ur-btn-yellow' href='https:\/\/www.ultratourmonterosa.com\/wp-content\/uploads\/2024\/05\/Stage-Race-Day-1-Final.gpx'  download >\n            <i class='fas fa-route'><\/i>&nbsp;Fichier GPX \n        <\/a>&nbsp; <a class='ur-btn ur-btn-yellow' href='https:\/\/www.ultratourmonterosa.com\/wp-content\/uploads\/2024\/05\/Stage-Race-Day-1.kml'  download >\n            <i class='fas fa-globe-africa'><\/i>&nbsp;Fichier KML \n        <\/a>&nbsp; \n<p><small><i>NB : clic droit et \u00ab\u00a0Enregistrer sous\u00a0\u00bb.<\/i><\/small><\/p>\n\n<h2>ITRA<\/h2>\n<a class='ur-btn ur-btn-yellow' href='https:\/\/itra.run\/Races\/RaceCourse?raceYearId=87909'   >\n            <i class='fas fa-external-link-alt'><\/i>&nbsp;ITRA \n        <\/a>&nbsp; \n<h2>Results<\/h2>\n<a class='ur-btn ur-btn-yellow' href='https:\/\/www.ultratourmonterosa.com\/results\/'   >\n            <i class='fas fa-medal'><\/i>&nbsp;R\u00e9sultats des \u00e9ditions pr\u00e9c\u00e9dentes \n        <\/a>&nbsp; \n\n\n<h2 class=\"wp-block-heading\">SUIVANT : DEUXI\u00c8ME \u00c9TAPE<\/h2>\n\n\n<a href='https:\/\/www.ultratourmonterosa.com\/fr\/utmr-stage-race-information\/zermatt-gressoney-etape-2\/' \n\t\t\ttarget='' \n\t\t\tid='utmr-yellow-button-block_e622cde32634e748fc685a784b6ffec9' \n\t\t\tclass='utmr-button  ur-btn-yellow has-utmr-yellow-background-color text-black block-utmr-yellow-button' >\n\t\t\t\t Etape 2 : De Zermatt \u00e0 Gressoney\n\t\t\t<\/a>","protected":false},"excerpt":{"rendered":"<p>La course par \u00e9tapes de l&rsquo;UTMR vous fait d\u00e9couvrir le Tour du Monte Rosa en quatre \u00e9tapes, ce qui ne veut pas dire que c&rsquo;est facile ! Le grand avantage : vous voyez le terrain en plein jour et vous profitez du paysage spectaculaire. Le soir, vous profitez de l&rsquo;hospitalit\u00e9 confortable des villages alpins pour [&hellip;]<\/p>\n","protected":false},"author":5,"featured_media":0,"parent":42966,"menu_order":2,"comment_status":"closed","ping_status":"closed","template":"page-race-info-stage-detail.php","meta":{"_acf_changed":false,"jetpack_post_was_ever_published":false,"footnotes":"","_wp_rev_ctl_limit":""},"class_list":["post-41755","page","type-page","status-publish","hentry"],"acf":[],"yoast_head":"<!-- This site is optimized with the Yoast SEO plugin v27.5 - https:\/\/yoast.com\/product\/yoast-seo-wordpress\/ -->\n<title>\u00c9tape 1 - Gr\u00e4chen \u00e0 Zermatt - Ultra Tour Monte Rosa<\/title>\n<meta name=\"robots\" content=\"index, follow, max-snippet:-1, max-image-preview:large, max-video-preview:-1\" \/>\n<link rel=\"canonical\" href=\"https:\/\/www.ultratourmonterosa.com\/fr\/utmr-stage-race-information\/grachen-zermatt\/\" \/>\n<meta property=\"og:locale\" content=\"fr_FR\" \/>\n<meta property=\"og:type\" content=\"article\" \/>\n<meta property=\"og:title\" content=\"\u00c9tape 1 - Gr\u00e4chen \u00e0 Zermatt - Ultra Tour Monte Rosa\" \/>\n<meta property=\"og:description\" content=\"La course par \u00e9tapes de l&rsquo;UTMR vous fait d\u00e9couvrir le Tour du Monte Rosa en quatre \u00e9tapes, ce qui ne veut pas dire que c&rsquo;est facile ! Le grand avantage : vous voyez le terrain en plein jour et vous profitez du paysage spectaculaire. Le soir, vous profitez de l&rsquo;hospitalit\u00e9 confortable des villages alpins pour [&hellip;]\" \/>\n<meta property=\"og:url\" content=\"https:\/\/www.ultratourmonterosa.com\/fr\/utmr-stage-race-information\/grachen-zermatt\/\" \/>\n<meta property=\"og:site_name\" content=\"Ultra Tour Monte Rosa\" \/>\n<meta property=\"article:publisher\" content=\"https:\/\/www.facebook.com\/UltraTourMonteRosa\/\" \/>\n<meta property=\"article:modified_time\" content=\"2025-09-30T13:28:23+00:00\" \/>\n<meta property=\"og:image\" content=\"https:\/\/i2.wp.com\/www.ultratourmonterosa.com\/wp-content\/uploads\/2020\/12\/Patitucci-Bridge-Image-UTMR-Poster-2021-slider.jpg?ssl=1\" \/>\n<meta name=\"twitter:card\" content=\"summary_large_image\" \/>\n<meta name=\"twitter:site\" content=\"@UltraMonteRosa\" \/>\n<meta name=\"twitter:label1\" content=\"Dur\u00e9e de lecture estim\u00e9e\" \/>\n\t<meta name=\"twitter:data1\" content=\"5 minutes\" \/>\n<script type=\"application\/ld+json\" class=\"yoast-schema-graph\">{\"@context\":\"https:\\\/\\\/schema.org\",\"@graph\":[{\"@type\":\"WebPage\",\"@id\":\"https:\\\/\\\/www.ultratourmonterosa.com\\\/fr\\\/utmr-stage-race-information\\\/grachen-zermatt\\\/\",\"url\":\"https:\\\/\\\/www.ultratourmonterosa.com\\\/fr\\\/utmr-stage-race-information\\\/grachen-zermatt\\\/\",\"name\":\"\u00c9tape 1 - Gr\u00e4chen \u00e0 Zermatt - Ultra Tour Monte Rosa\",\"isPartOf\":{\"@id\":\"https:\\\/\\\/www.ultratourmonterosa.com\\\/#website\"},\"primaryImageOfPage\":{\"@id\":\"https:\\\/\\\/www.ultratourmonterosa.com\\\/fr\\\/utmr-stage-race-information\\\/grachen-zermatt\\\/#primaryimage\"},\"image\":{\"@id\":\"https:\\\/\\\/www.ultratourmonterosa.com\\\/fr\\\/utmr-stage-race-information\\\/grachen-zermatt\\\/#primaryimage\"},\"thumbnailUrl\":\"https:\\\/\\\/i2.wp.com\\\/www.ultratourmonterosa.com\\\/wp-content\\\/uploads\\\/2020\\\/12\\\/Patitucci-Bridge-Image-UTMR-Poster-2021-slider.jpg?ssl=1\",\"datePublished\":\"2020-10-10T03:47:10+00:00\",\"dateModified\":\"2025-09-30T13:28:23+00:00\",\"breadcrumb\":{\"@id\":\"https:\\\/\\\/www.ultratourmonterosa.com\\\/fr\\\/utmr-stage-race-information\\\/grachen-zermatt\\\/#breadcrumb\"},\"inLanguage\":\"fr-FR\",\"potentialAction\":[{\"@type\":\"ReadAction\",\"target\":[\"https:\\\/\\\/www.ultratourmonterosa.com\\\/fr\\\/utmr-stage-race-information\\\/grachen-zermatt\\\/\"]}]},{\"@type\":\"ImageObject\",\"inLanguage\":\"fr-FR\",\"@id\":\"https:\\\/\\\/www.ultratourmonterosa.com\\\/fr\\\/utmr-stage-race-information\\\/grachen-zermatt\\\/#primaryimage\",\"url\":\"https:\\\/\\\/i2.wp.com\\\/www.ultratourmonterosa.com\\\/wp-content\\\/uploads\\\/2020\\\/12\\\/Patitucci-Bridge-Image-UTMR-Poster-2021-slider.jpg?ssl=1\",\"contentUrl\":\"https:\\\/\\\/i2.wp.com\\\/www.ultratourmonterosa.com\\\/wp-content\\\/uploads\\\/2020\\\/12\\\/Patitucci-Bridge-Image-UTMR-Poster-2021-slider.jpg?ssl=1\"},{\"@type\":\"BreadcrumbList\",\"@id\":\"https:\\\/\\\/www.ultratourmonterosa.com\\\/fr\\\/utmr-stage-race-information\\\/grachen-zermatt\\\/#breadcrumb\",\"itemListElement\":[{\"@type\":\"ListItem\",\"position\":1,\"name\":\"Home\",\"item\":\"https:\\\/\\\/www.ultratourmonterosa.com\\\/fr\\\/\"},{\"@type\":\"ListItem\",\"position\":2,\"name\":\"UTMR Stage Race\",\"item\":\"https:\\\/\\\/www.ultratourmonterosa.com\\\/fr\\\/utmr-stage-race-information\\\/\"},{\"@type\":\"ListItem\",\"position\":3,\"name\":\"\u00c9tape 1 &#8211; Gr\u00e4chen \u00e0 Zermatt\"}]},{\"@type\":\"WebSite\",\"@id\":\"https:\\\/\\\/www.ultratourmonterosa.com\\\/#website\",\"url\":\"https:\\\/\\\/www.ultratourmonterosa.com\\\/\",\"name\":\"Ultra Tour Monte Rosa\",\"description\":\"4-7 september 2019\",\"publisher\":{\"@id\":\"https:\\\/\\\/www.ultratourmonterosa.com\\\/#organization\"},\"potentialAction\":[{\"@type\":\"SearchAction\",\"target\":{\"@type\":\"EntryPoint\",\"urlTemplate\":\"https:\\\/\\\/www.ultratourmonterosa.com\\\/?s={search_term_string}\"},\"query-input\":{\"@type\":\"PropertyValueSpecification\",\"valueRequired\":true,\"valueName\":\"search_term_string\"}}],\"inLanguage\":\"fr-FR\"},{\"@type\":\"Organization\",\"@id\":\"https:\\\/\\\/www.ultratourmonterosa.com\\\/#organization\",\"name\":\"Ultra Tour Monte Rosa\",\"url\":\"https:\\\/\\\/www.ultratourmonterosa.com\\\/\",\"logo\":{\"@type\":\"ImageObject\",\"inLanguage\":\"fr-FR\",\"@id\":\"https:\\\/\\\/www.ultratourmonterosa.com\\\/#\\\/schema\\\/logo\\\/image\\\/\",\"url\":\"https:\\\/\\\/www.ultratourmonterosa.com\\\/wp-content\\\/uploads\\\/2024\\\/09\\\/UTMR-logo-300px-1.png\",\"contentUrl\":\"https:\\\/\\\/www.ultratourmonterosa.com\\\/wp-content\\\/uploads\\\/2024\\\/09\\\/UTMR-logo-300px-1.png\",\"width\":300,\"height\":300,\"caption\":\"Ultra Tour Monte Rosa\"},\"image\":{\"@id\":\"https:\\\/\\\/www.ultratourmonterosa.com\\\/#\\\/schema\\\/logo\\\/image\\\/\"},\"sameAs\":[\"https:\\\/\\\/www.facebook.com\\\/UltraTourMonteRosa\\\/\",\"https:\\\/\\\/x.com\\\/UltraMonteRosa\"]}]}<\/script>\n<!-- \/ Yoast SEO plugin. -->","yoast_head_json":{"title":"\u00c9tape 1 - Gr\u00e4chen \u00e0 Zermatt - Ultra Tour Monte Rosa","robots":{"index":"index","follow":"follow","max-snippet":"max-snippet:-1","max-image-preview":"max-image-preview:large","max-video-preview":"max-video-preview:-1"},"canonical":"https:\/\/www.ultratourmonterosa.com\/fr\/utmr-stage-race-information\/grachen-zermatt\/","og_locale":"fr_FR","og_type":"article","og_title":"\u00c9tape 1 - Gr\u00e4chen \u00e0 Zermatt - Ultra Tour Monte Rosa","og_description":"La course par \u00e9tapes de l&rsquo;UTMR vous fait d\u00e9couvrir le Tour du Monte Rosa en quatre \u00e9tapes, ce qui ne veut pas dire que c&rsquo;est facile ! Le grand avantage : vous voyez le terrain en plein jour et vous profitez du paysage spectaculaire. Le soir, vous profitez de l&rsquo;hospitalit\u00e9 confortable des villages alpins pour [&hellip;]","og_url":"https:\/\/www.ultratourmonterosa.com\/fr\/utmr-stage-race-information\/grachen-zermatt\/","og_site_name":"Ultra Tour Monte Rosa","article_publisher":"https:\/\/www.facebook.com\/UltraTourMonteRosa\/","article_modified_time":"2025-09-30T13:28:23+00:00","og_image":[{"url":"https:\/\/i2.wp.com\/www.ultratourmonterosa.com\/wp-content\/uploads\/2020\/12\/Patitucci-Bridge-Image-UTMR-Poster-2021-slider.jpg?ssl=1","type":"","width":"","height":""}],"twitter_card":"summary_large_image","twitter_site":"@UltraMonteRosa","twitter_misc":{"Dur\u00e9e de lecture estim\u00e9e":"5 minutes"},"schema":{"@context":"https:\/\/schema.org","@graph":[{"@type":"WebPage","@id":"https:\/\/www.ultratourmonterosa.com\/fr\/utmr-stage-race-information\/grachen-zermatt\/","url":"https:\/\/www.ultratourmonterosa.com\/fr\/utmr-stage-race-information\/grachen-zermatt\/","name":"\u00c9tape 1 - Gr\u00e4chen \u00e0 Zermatt - Ultra Tour Monte Rosa","isPartOf":{"@id":"https:\/\/www.ultratourmonterosa.com\/#website"},"primaryImageOfPage":{"@id":"https:\/\/www.ultratourmonterosa.com\/fr\/utmr-stage-race-information\/grachen-zermatt\/#primaryimage"},"image":{"@id":"https:\/\/www.ultratourmonterosa.com\/fr\/utmr-stage-race-information\/grachen-zermatt\/#primaryimage"},"thumbnailUrl":"https:\/\/i2.wp.com\/www.ultratourmonterosa.com\/wp-content\/uploads\/2020\/12\/Patitucci-Bridge-Image-UTMR-Poster-2021-slider.jpg?ssl=1","datePublished":"2020-10-10T03:47:10+00:00","dateModified":"2025-09-30T13:28:23+00:00","breadcrumb":{"@id":"https:\/\/www.ultratourmonterosa.com\/fr\/utmr-stage-race-information\/grachen-zermatt\/#breadcrumb"},"inLanguage":"fr-FR","potentialAction":[{"@type":"ReadAction","target":["https:\/\/www.ultratourmonterosa.com\/fr\/utmr-stage-race-information\/grachen-zermatt\/"]}]},{"@type":"ImageObject","inLanguage":"fr-FR","@id":"https:\/\/www.ultratourmonterosa.com\/fr\/utmr-stage-race-information\/grachen-zermatt\/#primaryimage","url":"https:\/\/i2.wp.com\/www.ultratourmonterosa.com\/wp-content\/uploads\/2020\/12\/Patitucci-Bridge-Image-UTMR-Poster-2021-slider.jpg?ssl=1","contentUrl":"https:\/\/i2.wp.com\/www.ultratourmonterosa.com\/wp-content\/uploads\/2020\/12\/Patitucci-Bridge-Image-UTMR-Poster-2021-slider.jpg?ssl=1"},{"@type":"BreadcrumbList","@id":"https:\/\/www.ultratourmonterosa.com\/fr\/utmr-stage-race-information\/grachen-zermatt\/#breadcrumb","itemListElement":[{"@type":"ListItem","position":1,"name":"Home","item":"https:\/\/www.ultratourmonterosa.com\/fr\/"},{"@type":"ListItem","position":2,"name":"UTMR Stage Race","item":"https:\/\/www.ultratourmonterosa.com\/fr\/utmr-stage-race-information\/"},{"@type":"ListItem","position":3,"name":"\u00c9tape 1 &#8211; Gr\u00e4chen \u00e0 Zermatt"}]},{"@type":"WebSite","@id":"https:\/\/www.ultratourmonterosa.com\/#website","url":"https:\/\/www.ultratourmonterosa.com\/","name":"Ultra Tour Monte Rosa","description":"4-7 september 2019","publisher":{"@id":"https:\/\/www.ultratourmonterosa.com\/#organization"},"potentialAction":[{"@type":"SearchAction","target":{"@type":"EntryPoint","urlTemplate":"https:\/\/www.ultratourmonterosa.com\/?s={search_term_string}"},"query-input":{"@type":"PropertyValueSpecification","valueRequired":true,"valueName":"search_term_string"}}],"inLanguage":"fr-FR"},{"@type":"Organization","@id":"https:\/\/www.ultratourmonterosa.com\/#organization","name":"Ultra Tour Monte Rosa","url":"https:\/\/www.ultratourmonterosa.com\/","logo":{"@type":"ImageObject","inLanguage":"fr-FR","@id":"https:\/\/www.ultratourmonterosa.com\/#\/schema\/logo\/image\/","url":"https:\/\/www.ultratourmonterosa.com\/wp-content\/uploads\/2024\/09\/UTMR-logo-300px-1.png","contentUrl":"https:\/\/www.ultratourmonterosa.com\/wp-content\/uploads\/2024\/09\/UTMR-logo-300px-1.png","width":300,"height":300,"caption":"Ultra Tour Monte Rosa"},"image":{"@id":"https:\/\/www.ultratourmonterosa.com\/#\/schema\/logo\/image\/"},"sameAs":["https:\/\/www.facebook.com\/UltraTourMonteRosa\/","https:\/\/x.com\/UltraMonteRosa"]}]}},"jetpack_shortlink":"https:\/\/wp.me\/P4DSVg-aRt","jetpack_sharing_enabled":true,"_links":{"self":[{"href":"https:\/\/www.ultratourmonterosa.com\/fr\/wp-json\/wp\/v2\/pages\/41755","targetHints":{"allow":["GET"]}}],"collection":[{"href":"https:\/\/www.ultratourmonterosa.com\/fr\/wp-json\/wp\/v2\/pages"}],"about":[{"href":"https:\/\/www.ultratourmonterosa.com\/fr\/wp-json\/wp\/v2\/types\/page"}],"author":[{"embeddable":true,"href":"https:\/\/www.ultratourmonterosa.com\/fr\/wp-json\/wp\/v2\/users\/5"}],"replies":[{"embeddable":true,"href":"https:\/\/www.ultratourmonterosa.com\/fr\/wp-json\/wp\/v2\/comments?post=41755"}],"version-history":[{"count":5,"href":"https:\/\/www.ultratourmonterosa.com\/fr\/wp-json\/wp\/v2\/pages\/41755\/revisions"}],"predecessor-version":[{"id":51472,"href":"https:\/\/www.ultratourmonterosa.com\/fr\/wp-json\/wp\/v2\/pages\/41755\/revisions\/51472"}],"up":[{"embeddable":true,"href":"https:\/\/www.ultratourmonterosa.com\/fr\/wp-json\/wp\/v2\/pages\/42966"}],"wp:attachment":[{"href":"https:\/\/www.ultratourmonterosa.com\/fr\/wp-json\/wp\/v2\/media?parent=41755"}],"curies":[{"name":"wp","href":"https:\/\/api.w.org\/{rel}","templated":true}]}}