{"id":42018,"date":"2020-10-29T19:28:27","date_gmt":"2020-10-29T13:43:27","guid":{"rendered":"https:\/\/www.ultratourmonterosa.com\/pre-inscription-options\/2021-preinscription-a-lultra-tour-de-170-km\/"},"modified":"2025-09-30T17:28:17","modified_gmt":"2025-09-30T11:43:17","slug":"preinscription-a-lultra-tour-de-170-km","status":"publish","type":"page","link":"https:\/\/www.ultratourmonterosa.com\/fr\/preinscription-a-lultra-tour-de-170-km\/","title":{"rendered":"Pr\u00e9-inscription \u00e0 l&rsquo;Ultra Tour de 170 km"},"content":{"rendered":"\n<div style=\"height:50px\" aria-hidden=\"true\" class=\"wp-block-spacer\"><\/div>\n\n\n\n<p>Voici les informations dont vous avez besoin pour compl\u00e9ter votre pr\u00e9inscription \u00e0 l&rsquo;Ultra Tour de 170 km de l&rsquo;UTMR.<\/p>\n\n\n\n<p>Veuillez lire attentivement, puis remplir le formulaire de pr\u00e9inscription li\u00e9 au bas de cette page.<\/p>\n\n\n\n<div style=\"height:50px\" aria-hidden=\"true\" class=\"wp-block-spacer\"><\/div>\n\n\n\n<blockquote class=\"wp-block-quote is-layout-flow wp-block-quote-is-layout-flow\">\n<p><em><span style=\"font-weight: 400;\">Mes souvenirs de ce beau cours dureront toute une vie ! Merci d&rsquo;avoir partag\u00e9 avec la communaut\u00e9 des coureurs ce parcours \u00e9pique, \u00e9tonnamment beau, brutalement difficile mais immens\u00e9ment gratifiant ! Un mot sp\u00e9cial de remerciement \u00e0 vos \u00e9tonnants b\u00e9n\u00e9voles bien s\u00fbr : ils ont travaill\u00e9 plus dur que nous autres coureurs et ont fait TOUTE la diff\u00e9rence pour que nous puissions profiter de l&rsquo;\u00e9v\u00e9nement&#8230; <\/span><\/em><\/p>\n<cite><strong>Eric van Castor, 2016 Ultra<\/strong><\/cite><\/blockquote>\n\n\n\n<div style=\"height:50px\" aria-hidden=\"true\" class=\"wp-block-spacer\"><\/div>\n\n\n\n<h2 class=\"wp-block-heading\">Informations d\u2019inscription<\/h2>\n\n\n\n<p>Il s\u2019agit d\u2019une course de longue distance difficile et difficile sur les sentiers alpins. Nous voulons que vous vous amusiez et profitiez de votre voyage, donc nous devons v\u00e9rifier que vous avez suffisamment d\u2019exp\u00e9rience pour faire face aux exigences du terrain et prendre soin de vous dans toutes les conditions possibles.<\/p>\n\n\n\n<p>La s\u00e9lection se fera selon le premier arriv\u00e9, premier servi, sous r\u00e9serve d\u2019avoir l\u2019exp\u00e9rience n\u00e9cessaire (voir ci-dessous). L\u2019organisation r\u00e9servera quelques places de wild card \u00e0 attribuer \u00e0 sa discr\u00e9tion.<\/p>\n\n\n\n<div style=\"height:50px\" aria-hidden=\"true\" class=\"wp-block-spacer\"><\/div>\n\n\n\n<h2 class=\"wp-block-heading\">Exp\u00e9rience requise<\/h2>\n\n\n\n<p>Ach\u00e8vement d&rsquo;une course de 100 miles en terrain montagneux, \u00e0 partir du 1er janvier 2019<\/p>\n\n\n\n<p>similaires (mais non limit\u00e9s) aux races \u00e9num\u00e9r\u00e9es ci-dessous<\/p>\n\n\n\n<ul class=\"wp-block-list\">\n<li><a href=\"http:\/\/utmbmontblanc.com\/en\/page\/20\/UTMB%C2%AE.html\" target=\"_blank\" rel=\"noreferrer noopener\">Ultra Trail Mont Blanc (UTMB)<\/a><\/li>\n\n\n\n<li><a href=\"http:\/\/hardrock100.com\/\" target=\"_blank\" rel=\"noreferrer noopener\">Hardrock 100<\/a><\/li>\n\n\n\n<li><a href=\"http:\/\/www.tordesgeants.it\/en\" target=\"_blank\" rel=\"noreferrer noopener\">Tor des Geants<\/a><\/li>\n\n\n\n<li><a href=\"http:\/\/www.andorraultratrail.com\/index.php?option=com_content&amp;view=article&amp;id=1619:descripronda-en-gb-2&amp;catid=42&amp;lang=en&amp;Itemid=2800\" target=\"_blank\" rel=\"noreferrer noopener\">Ronda dels Cims<\/a><\/li>\n\n\n\n<li><a href=\"http:\/\/www.grandraid-reunion.com\/english\" target=\"_blank\" rel=\"noreferrer noopener\">Diagonale des Fous<\/a><\/li>\n\n\n\n<li><a href=\"https:\/\/trailvsb.com\/en\/race\/x-alpine\/\" target=\"_blank\" rel=\"noreferrer noopener\">X-Alpine 111 &#8211; Trail Verbier St-Bernard<\/a><\/li>\n\n\n\n<li><a href=\"https:\/\/www.scenictrail.ch\/en\/k113\/\" target=\"_blank\" rel=\"noreferrer noopener\">Scenic Trail 113<\/a><\/li>\n\n\n\n<li><a href=\"https:\/\/www.transgrancanaria.net\/en\/128km-trans-gc\/\" target=\"_blank\" rel=\"noreferrer noopener\">Transgrancanaria 128 km <\/a><\/li>\n<\/ul>\n\n\n\n<p>OU<\/p>\n\n\n\n<ul class=\"wp-block-list\">\n<li>une exp\u00e9rience significative de la montagne telle que vous pouvez nous convaincre que vous pouvez accomplir confortablement l&rsquo;ensemble de l&rsquo;Ultra Tour, et que vous pouvez faire face aux exigences du terrain dans toutes les conditions m\u00e9t\u00e9orologiques possibles tout en vous amusant<\/li>\n<\/ul>\n\n\n\n<p>Si vous n&rsquo;avez pas de Arriv\u00e9e \u00e0 une course de montagne de cent miles vous pensez avoir une exp\u00e9rience suffisante alors veuillez ajouter vos raisons dans le formulaire de pr\u00e9inscription et \u00e9crire directement \u00e0 <a href=\"mailto:contact@ultratourmonterosa.com\" target=\"_blank\" rel=\"noreferrer noopener\">contact@ultratourmonterosa.com<\/a> pour expliquer votre situation.<\/p>\n\n\n\n<div style=\"height:50px\" aria-hidden=\"true\" class=\"wp-block-spacer\"><\/div>\n\n\n\n<h2 class=\"wp-block-heading\">Frais d\u2019inscription<\/h2>\n\n\n\n<p><strong>Frais d&rsquo;inscription : 340 CHF<\/strong><\/p>\n\n\n\n<p>Les frais d\u2019inscription comprennent :<\/p>\n\n\n\n<ul class=\"wp-block-list\">\n<li>T-shirt de course de qualit\u00e9<\/li>\n\n\n\n<li>num\u00e9ro de d\u00e9part et une puce de course (chronom\u00e9trage officiel)<\/li>\n\n\n\n<li>Suivi GPS<\/li>\n\n\n\n<li>Points de contr\u00f4le offrant des rafra\u00eechissements (excellente nourriture et boisson)<\/li>\n\n\n\n<li>Stockage des bagages \u00e0 Gr\u00e4chen (si n\u00e9cessaire)<\/li>\n\n\n\n<li>Transfert de trois drop bags par coureur aux points de contr\u00f4le de <strong>Zermatt<\/strong>, <strong>Gressoney<\/strong> et <strong>Macugnaga<\/strong>.<\/li>\n\n\n\n<li>Arriv\u00e9eer&rsquo;s gift (pour les Arriv\u00e9eers officiels)<\/li>\n<\/ul>\n\n\n\n<div style=\"height:50px\" aria-hidden=\"true\" class=\"wp-block-spacer\"><\/div>\n\n\n\n<h2 class=\"wp-block-heading\">Enregistrement de course et contr\u00f4le de l\u2019\u00e9quipement<\/h2>\n\n\n\n<p>L&rsquo;inscription \u00e0 la course aura lieu \u00e0 Gr\u00e4chen le <strong>mercredi 2 septembre entre 15h00 et 19h00.<\/strong> C\u2019est obligatoire.<\/p>\n\n\n\n<p>Votre num\u00e9ro de course et votre puce de chronom\u00e9trage vous seront donn\u00e9s sur :<\/p>\n\n\n\n<ul class=\"wp-block-list\">\n<li>pr\u00e9sentation d\u2019une pi\u00e8ce d\u2019identit\u00e9 photographique (passeport, carte d\u2019identit\u00e9)<\/li>\n\n\n\n<li>contr\u00f4le de l\u2019\u00e9quipement obligatoire<\/li>\n<\/ul>\n\n\n\n<p>Veuillez noter que sans l&rsquo;\u00e9quipement obligatoire, vous serez <strong>pas<\/strong> autoris\u00e9 \u00e0 prendre le d\u00e9part de la course. C&rsquo;est pour votre s\u00e9curit\u00e9. Pr\u00e9parez-vous, s&rsquo;il vous pla\u00eet !<\/p>\n\n\n\n<div style=\"height:50px\" aria-hidden=\"true\" class=\"wp-block-spacer\"><\/div>\n\n\n\n<h2 class=\"wp-block-heading\">Informations et calendrier de la course finalis\u00e9s<\/h2>\n\n\n\n<p>Le road book contenant les informations d\u00e9taill\u00e9es et finalis\u00e9es sur la course vous sera envoy\u00e9 par e-mail d&rsquo;ici le 1er juillet.\nNous vous informerons par e-mail de toute mise \u00e0 jour apr\u00e8s cette date.   <\/p>\n\n\n\n<ul class=\"wp-block-list\">\n<li>Informations sur l\u2019itin\u00e9raire final, GPS et profil<\/li>\n\n\n\n<li>Points de contr\u00f4le, barri\u00e8res horaires et services (nourriture, boissons, premiers soins)<\/li>\n\n\n\n<li>Horaire des courses au jour le jour<\/li>\n<\/ul>\n\n\n\n<div style=\"height:50px\" aria-hidden=\"true\" class=\"wp-block-spacer\"><\/div>\n\n\n\n<h2 class=\"wp-block-heading\">Assurance<\/h2>\n\n\n\n<p>Chaque participant \u00e0 la course doit avoir une assurance accident personnel suffisante pour couvrir le co\u00fbt de l\u2019\u00e9vacuation en Italie et en Suisse. La police d\u2019assurance doit \u00eatre valide au moins pour la dur\u00e9e de la course.<\/p>\n\n\n\n<p>Les \u00e9vacuations d\u2019h\u00e9licopt\u00e8res n.b. en Italie et en Suisse ne sont pas gratuites. Le choix de l\u2019\u00e9vacuation d\u00e9pendra exclusivement de l\u2019organisation qui accordera la priorit\u00e9 \u00e0 la s\u00e9curit\u00e9 du participant.<\/p>\n\n\n\n<div style=\"height:20px\" aria-hidden=\"true\" class=\"wp-block-spacer\"><\/div>\n\n\n\n<div class=\"wp-block-simple-alerts-for-gutenberg-alert-boxes sab-alert sab-alert-primary\" role=\"alert\">Si vous avez des difficult\u00e9s \u00e0 trouver une assurance appropri\u00e9e, nous vous recommandons l&rsquo;assurance Runner fournie par l&rsquo;ITRA (International Trail Running Association).\nPour plus d&rsquo;informations <a href=\"https:\/\/itra.run\/Runners\/AboutInsurance\" target=\"_blank\" rel=\"noreferrer noopener\">, cliquez ici<\/a>.   <\/div>\n\n\n\n<div style=\"height:20px\" aria-hidden=\"true\" class=\"wp-block-spacer\"><\/div>\n\n\n\n<div class=\"wp-block-simple-alerts-for-gutenberg-alert-boxes sab-alert sab-alert-danger\" role=\"alert\">Il est conseill\u00e9 de souscrire une assurance voyage normale pour couvrir l&rsquo;annulation de l&rsquo;h\u00e9bergement, des navettes, etc. et de l&rsquo;inscription \u00e0 la course, au-del\u00e0 de la <a href=\"https:\/\/www.ultratourmonterosa.com\/fr\/useful-information\/annulation-politique\/\">politique d&rsquo;annulation de l&rsquo;UTMR.<\/a><\/div>\n\n\n\n<p><\/p>\n\n\n\n<div style=\"height:50px\" aria-hidden=\"true\" class=\"wp-block-spacer\"><\/div>\n\n\n\n<h2 class=\"wp-block-heading\">Voyage et h\u00e9bergement<\/h2>\n\n\n\n<p>L&rsquo;Ultra Tour de 170 km commence et se termine \u00e0 Gr\u00e4chen, un magnifique petit village situ\u00e9 \u00e0 1600m au-dessus de la vall\u00e9e du Mattertal. Consultez nos pages d\u2019information pour obtenir de l\u2019aide pour l\u2019h\u00e9bergement et les voyages.<\/p>\n\n\n<a href='https:\/\/www.ultratourmonterosa.com\/fr\/useful-information\/voyage-2\/' \n\t\t\ttarget='_blank' \n\t\t\tid='utmr-yellow-button-block_d32f3907afff6e131dbbea77e12b01bc' \n\t\t\tclass='utmr-button  ur-btn-yellow has-utmr-yellow-background-color text-black block-utmr-yellow-button' >\n\t\t\t\t Informations sur les voyages et les navettes de bus.\n\t\t\t<\/a>\n\n<a href='https:\/\/www.ultratourmonterosa.com\/fr\/useful-information\/hebergement\/' \n\t\t\ttarget='' \n\t\t\tid='utmr-yellow-button-block_8f655b5d85b8d85cb38811b6a18b073d' \n\t\t\tclass='utmr-button  ur-btn-yellow has-utmr-yellow-background-color text-black block-utmr-yellow-button' >\n\t\t\t\t H\u00e9bergement\n\t\t\t<\/a>\n\n\n<div style=\"height:50px\" aria-hidden=\"true\" class=\"wp-block-spacer\"><\/div>\n\n\n\n<h2 class=\"wp-block-heading\">Annulation<\/h2>\n\n\n\n<p>Veuillez consulter notre politique d&rsquo;annulation et envisager une assurance voyage pour vous couvrir en cas de d\u00e9sistement. Merci.<\/p>\n\n\n<a href='https:\/\/www.ultratourmonterosa.com\/fr\/useful-information\/annulation-politique\/' \n\t\t\ttarget='_blank' \n\t\t\tid='utmr-yellow-button-block_e84c5fee6918a665894123098701a1a8' \n\t\t\tclass='utmr-button  ur-btn-yellow has-utmr-yellow-background-color text-black block-utmr-yellow-button' >\n\t\t\t\t Politique d\u2019annulation\n\t\t\t<\/a>\n\n\n<div style=\"height:50px\" aria-hidden=\"true\" class=\"wp-block-spacer\"><\/div>\n\n\n\n<h2 class=\"wp-block-heading\">R\u00e8gles et modalit\u00e9s<\/h2>\n\n\n\n<p>Veuillez lire les r\u00e8glements et les modalit\u00e9s. Sur pr\u00e9sentation de votre formulaire d\u2019inscription, vous confirmez que vous avez lu, compris et accept\u00e9.<\/p>\n\n\n<a href='https:\/\/www.ultratourmonterosa.com\/fr\/useful-information\/reglements\/' \n\t\t\ttarget='' \n\t\t\tid='utmr-yellow-button-block_452ead3242e30b65d57f0438f6855b8c' \n\t\t\tclass='utmr-button  ur-btn-yellow has-utmr-yellow-background-color text-black block-utmr-yellow-button' >\n\t\t\t\t R\u00e8glements\n\t\t\t<\/a>\n\n<a href='https:\/\/www.ultratourmonterosa.com\/fr\/termes-et-conditions\/' \n\t\t\ttarget='' \n\t\t\tid='utmr-yellow-button-block_61c0b62e641990173328d3aad843697a' \n\t\t\tclass='utmr-button  ur-btn-yellow has-utmr-yellow-background-color text-black block-utmr-yellow-button' >\n\t\t\t\t Conditions g\u00e9n\u00e9rales\n\t\t\t<\/a>","protected":false},"excerpt":{"rendered":"<p>Voici les informations dont vous avez besoin pour compl\u00e9ter votre pr\u00e9inscription \u00e0 l&rsquo;Ultra Tour de 170 km de l&rsquo;UTMR. Veuillez lire attentivement, puis remplir le formulaire de pr\u00e9inscription li\u00e9 au bas de cette page. Mes souvenirs de ce beau cours dureront toute une vie ! Merci d&rsquo;avoir partag\u00e9 avec la communaut\u00e9 des coureurs ce parcours [&hellip;]<\/p>\n","protected":false},"author":2,"featured_media":0,"parent":0,"menu_order":1,"comment_status":"closed","ping_status":"closed","template":"","meta":{"_acf_changed":false,"jetpack_post_was_ever_published":false,"footnotes":"","_wp_rev_ctl_limit":""},"class_list":["post-42018","page","type-page","status-publish","hentry"],"acf":[],"yoast_head":"<!-- This site is optimized with the Yoast SEO plugin v27.5 - https:\/\/yoast.com\/product\/yoast-seo-wordpress\/ -->\n<title>Pr\u00e9-inscription \u00e0 l&#039;Ultra Tour de 170 km - Ultra Tour Monte Rosa<\/title>\n<meta name=\"robots\" content=\"index, follow, max-snippet:-1, max-image-preview:large, max-video-preview:-1\" \/>\n<link rel=\"canonical\" href=\"https:\/\/www.ultratourmonterosa.com\/fr\/preinscription-a-lultra-tour-de-170-km\/\" \/>\n<meta property=\"og:locale\" content=\"fr_FR\" \/>\n<meta property=\"og:type\" content=\"article\" \/>\n<meta property=\"og:title\" content=\"Pr\u00e9-inscription \u00e0 l&#039;Ultra Tour de 170 km - Ultra Tour Monte Rosa\" \/>\n<meta property=\"og:description\" content=\"Voici les informations dont vous avez besoin pour compl\u00e9ter votre pr\u00e9inscription \u00e0 l&rsquo;Ultra Tour de 170 km de l&rsquo;UTMR. Veuillez lire attentivement, puis remplir le formulaire de pr\u00e9inscription li\u00e9 au bas de cette page. Mes souvenirs de ce beau cours dureront toute une vie ! Merci d&rsquo;avoir partag\u00e9 avec la communaut\u00e9 des coureurs ce parcours [&hellip;]\" \/>\n<meta property=\"og:url\" content=\"https:\/\/www.ultratourmonterosa.com\/fr\/preinscription-a-lultra-tour-de-170-km\/\" \/>\n<meta property=\"og:site_name\" content=\"Ultra Tour Monte Rosa\" \/>\n<meta property=\"article:publisher\" content=\"https:\/\/www.facebook.com\/UltraTourMonteRosa\/\" \/>\n<meta property=\"article:modified_time\" content=\"2025-09-30T11:43:17+00:00\" \/>\n<meta name=\"twitter:card\" content=\"summary_large_image\" \/>\n<meta name=\"twitter:site\" content=\"@UltraMonteRosa\" \/>\n<meta name=\"twitter:label1\" content=\"Dur\u00e9e de lecture estim\u00e9e\" \/>\n\t<meta name=\"twitter:data1\" content=\"4 minutes\" \/>\n<script type=\"application\/ld+json\" class=\"yoast-schema-graph\">{\"@context\":\"https:\\\/\\\/schema.org\",\"@graph\":[{\"@type\":\"WebPage\",\"@id\":\"https:\\\/\\\/www.ultratourmonterosa.com\\\/fr\\\/preinscription-a-lultra-tour-de-170-km\\\/\",\"url\":\"https:\\\/\\\/www.ultratourmonterosa.com\\\/fr\\\/preinscription-a-lultra-tour-de-170-km\\\/\",\"name\":\"Pr\u00e9-inscription \u00e0 l'Ultra Tour de 170 km - Ultra Tour Monte Rosa\",\"isPartOf\":{\"@id\":\"https:\\\/\\\/www.ultratourmonterosa.com\\\/#website\"},\"datePublished\":\"2020-10-29T13:43:27+00:00\",\"dateModified\":\"2025-09-30T11:43:17+00:00\",\"breadcrumb\":{\"@id\":\"https:\\\/\\\/www.ultratourmonterosa.com\\\/fr\\\/preinscription-a-lultra-tour-de-170-km\\\/#breadcrumb\"},\"inLanguage\":\"fr-FR\",\"potentialAction\":[{\"@type\":\"ReadAction\",\"target\":[\"https:\\\/\\\/www.ultratourmonterosa.com\\\/fr\\\/preinscription-a-lultra-tour-de-170-km\\\/\"]}]},{\"@type\":\"BreadcrumbList\",\"@id\":\"https:\\\/\\\/www.ultratourmonterosa.com\\\/fr\\\/preinscription-a-lultra-tour-de-170-km\\\/#breadcrumb\",\"itemListElement\":[{\"@type\":\"ListItem\",\"position\":1,\"name\":\"Home\",\"item\":\"https:\\\/\\\/www.ultratourmonterosa.com\\\/fr\\\/\"},{\"@type\":\"ListItem\",\"position\":2,\"name\":\"Pr\u00e9-inscription \u00e0 l&rsquo;Ultra Tour de 170 km\"}]},{\"@type\":\"WebSite\",\"@id\":\"https:\\\/\\\/www.ultratourmonterosa.com\\\/#website\",\"url\":\"https:\\\/\\\/www.ultratourmonterosa.com\\\/\",\"name\":\"Ultra Tour Monte Rosa\",\"description\":\"4-7 september 2019\",\"publisher\":{\"@id\":\"https:\\\/\\\/www.ultratourmonterosa.com\\\/#organization\"},\"potentialAction\":[{\"@type\":\"SearchAction\",\"target\":{\"@type\":\"EntryPoint\",\"urlTemplate\":\"https:\\\/\\\/www.ultratourmonterosa.com\\\/?s={search_term_string}\"},\"query-input\":{\"@type\":\"PropertyValueSpecification\",\"valueRequired\":true,\"valueName\":\"search_term_string\"}}],\"inLanguage\":\"fr-FR\"},{\"@type\":\"Organization\",\"@id\":\"https:\\\/\\\/www.ultratourmonterosa.com\\\/#organization\",\"name\":\"Ultra Tour Monte Rosa\",\"url\":\"https:\\\/\\\/www.ultratourmonterosa.com\\\/\",\"logo\":{\"@type\":\"ImageObject\",\"inLanguage\":\"fr-FR\",\"@id\":\"https:\\\/\\\/www.ultratourmonterosa.com\\\/#\\\/schema\\\/logo\\\/image\\\/\",\"url\":\"https:\\\/\\\/www.ultratourmonterosa.com\\\/wp-content\\\/uploads\\\/2024\\\/09\\\/UTMR-logo-300px-1.png\",\"contentUrl\":\"https:\\\/\\\/www.ultratourmonterosa.com\\\/wp-content\\\/uploads\\\/2024\\\/09\\\/UTMR-logo-300px-1.png\",\"width\":300,\"height\":300,\"caption\":\"Ultra Tour Monte Rosa\"},\"image\":{\"@id\":\"https:\\\/\\\/www.ultratourmonterosa.com\\\/#\\\/schema\\\/logo\\\/image\\\/\"},\"sameAs\":[\"https:\\\/\\\/www.facebook.com\\\/UltraTourMonteRosa\\\/\",\"https:\\\/\\\/x.com\\\/UltraMonteRosa\"]}]}<\/script>\n<!-- \/ Yoast SEO plugin. -->","yoast_head_json":{"title":"Pr\u00e9-inscription \u00e0 l'Ultra Tour de 170 km - Ultra Tour Monte Rosa","robots":{"index":"index","follow":"follow","max-snippet":"max-snippet:-1","max-image-preview":"max-image-preview:large","max-video-preview":"max-video-preview:-1"},"canonical":"https:\/\/www.ultratourmonterosa.com\/fr\/preinscription-a-lultra-tour-de-170-km\/","og_locale":"fr_FR","og_type":"article","og_title":"Pr\u00e9-inscription \u00e0 l'Ultra Tour de 170 km - Ultra Tour Monte Rosa","og_description":"Voici les informations dont vous avez besoin pour compl\u00e9ter votre pr\u00e9inscription \u00e0 l&rsquo;Ultra Tour de 170 km de l&rsquo;UTMR. Veuillez lire attentivement, puis remplir le formulaire de pr\u00e9inscription li\u00e9 au bas de cette page. Mes souvenirs de ce beau cours dureront toute une vie ! Merci d&rsquo;avoir partag\u00e9 avec la communaut\u00e9 des coureurs ce parcours [&hellip;]","og_url":"https:\/\/www.ultratourmonterosa.com\/fr\/preinscription-a-lultra-tour-de-170-km\/","og_site_name":"Ultra Tour Monte Rosa","article_publisher":"https:\/\/www.facebook.com\/UltraTourMonteRosa\/","article_modified_time":"2025-09-30T11:43:17+00:00","twitter_card":"summary_large_image","twitter_site":"@UltraMonteRosa","twitter_misc":{"Dur\u00e9e de lecture estim\u00e9e":"4 minutes"},"schema":{"@context":"https:\/\/schema.org","@graph":[{"@type":"WebPage","@id":"https:\/\/www.ultratourmonterosa.com\/fr\/preinscription-a-lultra-tour-de-170-km\/","url":"https:\/\/www.ultratourmonterosa.com\/fr\/preinscription-a-lultra-tour-de-170-km\/","name":"Pr\u00e9-inscription \u00e0 l'Ultra Tour de 170 km - Ultra Tour Monte Rosa","isPartOf":{"@id":"https:\/\/www.ultratourmonterosa.com\/#website"},"datePublished":"2020-10-29T13:43:27+00:00","dateModified":"2025-09-30T11:43:17+00:00","breadcrumb":{"@id":"https:\/\/www.ultratourmonterosa.com\/fr\/preinscription-a-lultra-tour-de-170-km\/#breadcrumb"},"inLanguage":"fr-FR","potentialAction":[{"@type":"ReadAction","target":["https:\/\/www.ultratourmonterosa.com\/fr\/preinscription-a-lultra-tour-de-170-km\/"]}]},{"@type":"BreadcrumbList","@id":"https:\/\/www.ultratourmonterosa.com\/fr\/preinscription-a-lultra-tour-de-170-km\/#breadcrumb","itemListElement":[{"@type":"ListItem","position":1,"name":"Home","item":"https:\/\/www.ultratourmonterosa.com\/fr\/"},{"@type":"ListItem","position":2,"name":"Pr\u00e9-inscription \u00e0 l&rsquo;Ultra Tour de 170 km"}]},{"@type":"WebSite","@id":"https:\/\/www.ultratourmonterosa.com\/#website","url":"https:\/\/www.ultratourmonterosa.com\/","name":"Ultra Tour Monte Rosa","description":"4-7 september 2019","publisher":{"@id":"https:\/\/www.ultratourmonterosa.com\/#organization"},"potentialAction":[{"@type":"SearchAction","target":{"@type":"EntryPoint","urlTemplate":"https:\/\/www.ultratourmonterosa.com\/?s={search_term_string}"},"query-input":{"@type":"PropertyValueSpecification","valueRequired":true,"valueName":"search_term_string"}}],"inLanguage":"fr-FR"},{"@type":"Organization","@id":"https:\/\/www.ultratourmonterosa.com\/#organization","name":"Ultra Tour Monte Rosa","url":"https:\/\/www.ultratourmonterosa.com\/","logo":{"@type":"ImageObject","inLanguage":"fr-FR","@id":"https:\/\/www.ultratourmonterosa.com\/#\/schema\/logo\/image\/","url":"https:\/\/www.ultratourmonterosa.com\/wp-content\/uploads\/2024\/09\/UTMR-logo-300px-1.png","contentUrl":"https:\/\/www.ultratourmonterosa.com\/wp-content\/uploads\/2024\/09\/UTMR-logo-300px-1.png","width":300,"height":300,"caption":"Ultra Tour Monte Rosa"},"image":{"@id":"https:\/\/www.ultratourmonterosa.com\/#\/schema\/logo\/image\/"},"sameAs":["https:\/\/www.facebook.com\/UltraTourMonteRosa\/","https:\/\/x.com\/UltraMonteRosa"]}]}},"jetpack_shortlink":"https:\/\/wp.me\/P4DSVg-aVI","jetpack_sharing_enabled":true,"_links":{"self":[{"href":"https:\/\/www.ultratourmonterosa.com\/fr\/wp-json\/wp\/v2\/pages\/42018","targetHints":{"allow":["GET"]}}],"collection":[{"href":"https:\/\/www.ultratourmonterosa.com\/fr\/wp-json\/wp\/v2\/pages"}],"about":[{"href":"https:\/\/www.ultratourmonterosa.com\/fr\/wp-json\/wp\/v2\/types\/page"}],"author":[{"embeddable":true,"href":"https:\/\/www.ultratourmonterosa.com\/fr\/wp-json\/wp\/v2\/users\/2"}],"replies":[{"embeddable":true,"href":"https:\/\/www.ultratourmonterosa.com\/fr\/wp-json\/wp\/v2\/comments?post=42018"}],"version-history":[{"count":5,"href":"https:\/\/www.ultratourmonterosa.com\/fr\/wp-json\/wp\/v2\/pages\/42018\/revisions"}],"predecessor-version":[{"id":51414,"href":"https:\/\/www.ultratourmonterosa.com\/fr\/wp-json\/wp\/v2\/pages\/42018\/revisions\/51414"}],"wp:attachment":[{"href":"https:\/\/www.ultratourmonterosa.com\/fr\/wp-json\/wp\/v2\/media?parent=42018"}],"curies":[{"name":"wp","href":"https:\/\/api.w.org\/{rel}","templated":true}]}}