{"id":42966,"date":"2016-11-27T17:52:30","date_gmt":"2016-11-27T12:07:30","guid":{"rendered":"https:\/\/www.ultratourmonterosa.com\/race-info\/utmr-stage-race-information\/"},"modified":"2025-09-30T18:55:25","modified_gmt":"2025-09-30T13:10:25","slug":"utmr-stage-race-information","status":"publish","type":"page","link":"https:\/\/www.ultratourmonterosa.com\/fr\/utmr-stage-race-information\/","title":{"rendered":"UTMR Stage Race"},"content":{"rendered":"\n<div style=\"height:50px\" aria-hidden=\"true\" class=\"wp-block-spacer\"><\/div>\n\n\n\n<div class=\"wp-block-media-text alignwide has-media-on-the-right is-stacked-on-mobile is-vertically-aligned-top\"><div class=\"wp-block-media-text__content\">\n<p>Espaces sauvages, 4000m de montagnes dans toutes les directions, et des sentiers tranquilles &#8211; c\u2019est l\u00e0 que j\u2019ai choisi de m\u2019entra\u00eener pour UTMB et d\u2019autres courses, encerclant Monte Rosa dans de longues \u00e9tapes et dormir dans un village pendant la nuit. C\u2019est un parcours difficile, \u00e9lev\u00e9 et technique dans de nombreux endroits \u2013 et des exp\u00e9riences ant\u00e9rieures de course de montagne sont n\u00e9cessaires.<\/p>\n\n\n\n<p>Ce beau parcours dans le format d\u2019une course par \u00e9tapes est une grande exp\u00e9rience. Vous pourrez profiter de la vue sur les prairies et les montagnes en plein jour, et d\u00eener et socialiser avec les concurrents l\u2019apr\u00e8s-midi et le soir. Il y a un m\u00e9lange de grands athl\u00e8tes qui courent pour le podium de la journ\u00e9e aux c\u00f4t\u00e9s de ceux qui cherchent simplement \u00e0 se d\u00e9fier. L\u2019\u00e9v\u00e9nement d\u2019\u00e9tape UTMR est une fa\u00e7on extr\u00eamement amusante de courir le parcours UTMR. Nous esp\u00e9rons que vous appr\u00e9cierez aussi!<\/p>\n\n\n\n<p>&#8211; Lizzy Hawker<\/p>\n\n\n\n<p><\/p>\n<\/div><figure class=\"wp-block-media-text__media\"><img loading=\"lazy\" decoding=\"async\" width=\"1024\" height=\"683\" src=\"https:\/\/www.ultratourmonterosa.com\/wp-content\/uploads\/2014\/10\/AJT18961-1024x683.jpg\" alt=\"Courir les sentiers du Tour de Matterhorn\" class=\"wp-image-975 size-full\" srcset=\"https:\/\/www.ultratourmonterosa.com\/wp-content\/uploads\/2014\/10\/AJT18961-1024x683.jpg 1024w, https:\/\/www.ultratourmonterosa.com\/wp-content\/uploads\/2014\/10\/AJT18961-300x200.jpg 300w, https:\/\/www.ultratourmonterosa.com\/wp-content\/uploads\/2014\/10\/AJT18961-100x66.jpg 100w, https:\/\/www.ultratourmonterosa.com\/wp-content\/uploads\/2014\/10\/AJT18961-200x133.jpg 200w, https:\/\/www.ultratourmonterosa.com\/wp-content\/uploads\/2014\/10\/AJT18961.jpg 1500w\" sizes=\"auto, (max-width: 1024px) 100vw, 1024px\" \/><\/figure><\/div>\n\n\n\n\n\n<div id=\"data-bar-block_e356ee0f713ad2ab88dcb789a666f720\" class=\"data-bar\">\n<div class=\"race-data-container\" >\n      <div class=\"race-data-item\">\n            <div class='race-data-icon'><i class=\"far fa-calendar-alt fa-lg\"><\/i><\/div>\n            <div class='race-data-legend'>Date<\/div>\n            <div class='race-data-value'>2 &#8211; 5 September<\/div>\n      <\/div>\n      <div class=\"race-data-item\">\n            <div class='race-data-icon'><i class=\"fas fa-arrows-alt-h fa-lg\"><\/i><\/div>\n            <div class='race-data-legend'>Distance<\/div>\n            <div class='race-data-value'>171 km<\/div>\n      <\/div>\n      <div class=\"race-data-item\">\n            <div class='race-data-icon'><i class=\"fas fa-arrow-circle-up fa-lg\"><\/i><\/div>\n            <div class='race-data-legend'>Ascension<\/div>\n            <div class='race-data-value'>+11600m<\/div>\n      <\/div>\n      <div class=\"race-data-item\">\n            <div class='race-data-icon'><i class=\"fas fa-arrow-circle-down fa-lg\"><\/i><\/div>\n            <div class='race-data-legend'>Descent<\/div>\n            <div class='race-data-value'>-11600m<\/div>\n      <\/div>\n            <div class=\"race-data-item\">\n            <div class='race-data-icon'><i class=\"fas fa-stopwatch fa-lg\"><\/i><\/div>\n            <div class='race-data-legend'>D\u00e9lai<\/div>\n            <div class='race-data-value'>48<\/div> \n      <\/div>\n      \t        <div class=\"race-data-item\">\n                 <div class='race-data-icon'><i class=\"fas fa-running\"><\/i><\/div>\n                 <div class='race-data-legend'>Max. starters<\/div>\n                 <div class='race-data-value'>200<\/div>\n           <\/div>\n      \n\n                  <div class=\"race-data-item\">\n                  <div class='race-data-icon'><img decoding=\"async\" src=\"\/\/ultratourmonterosa.com\/wp-content\/themes\/utmr-upsol\/images\/itra-icon.png\" height='22' width='37'><\/div>\n                  <div class='race-data-legend'>Points<\/div>\n                  <div class='race-data-value'>4<\/div>\n            <\/div>\n      \n<\/div>\n\n\n<div class=\"wp-block-media-text alignwide is-stacked-on-mobile\"><figure class=\"wp-block-media-text__media\"><a href=\"https:\/\/www.ultratourmonterosa.com\/wp-content\/uploads\/2022\/07\/Route-Map-Google-Earth-Location-Checkpoints-2020.jpg\" data-lbwps-width=\"1948\" data-lbwps-height=\"1080\" data-lbwps-srcsmall=\"https:\/\/www.ultratourmonterosa.com\/wp-content\/uploads\/2022\/07\/Route-Map-Google-Earth-Location-Checkpoints-2020.jpg\"><img loading=\"lazy\" decoding=\"async\" width=\"1948\" height=\"1080\" src=\"https:\/\/www.ultratourmonterosa.com\/wp-content\/uploads\/2022\/07\/Route-Map-Google-Earth-Location-Checkpoints-2020-scaled.jpg\" alt=\"\" class=\"wp-image-48501 size-full\" srcset=\"https:\/\/www.ultratourmonterosa.com\/wp-content\/uploads\/2022\/07\/Route-Map-Google-Earth-Location-Checkpoints-2020-scaled.jpg 1948w, https:\/\/www.ultratourmonterosa.com\/wp-content\/uploads\/2022\/07\/Route-Map-Google-Earth-Location-Checkpoints-2020-300x166.jpg 300w, https:\/\/www.ultratourmonterosa.com\/wp-content\/uploads\/2022\/07\/Route-Map-Google-Earth-Location-Checkpoints-2020-1024x568.jpg 1024w, https:\/\/www.ultratourmonterosa.com\/wp-content\/uploads\/2022\/07\/Route-Map-Google-Earth-Location-Checkpoints-2020-768x426.jpg 768w, https:\/\/www.ultratourmonterosa.com\/wp-content\/uploads\/2022\/07\/Route-Map-Google-Earth-Location-Checkpoints-2020-1536x851.jpg 1536w, https:\/\/www.ultratourmonterosa.com\/wp-content\/uploads\/2022\/07\/Route-Map-Google-Earth-Location-Checkpoints-2020-2048x1135.jpg 1949w, https:\/\/www.ultratourmonterosa.com\/wp-content\/uploads\/2022\/07\/Route-Map-Google-Earth-Location-Checkpoints-2020-100x55.jpg 100w, https:\/\/www.ultratourmonterosa.com\/wp-content\/uploads\/2022\/07\/Route-Map-Google-Earth-Location-Checkpoints-2020-200x111.jpg 200w, https:\/\/www.ultratourmonterosa.com\/wp-content\/uploads\/2022\/07\/Route-Map-Google-Earth-Location-Checkpoints-2020-126x70.jpg 126w, https:\/\/www.ultratourmonterosa.com\/wp-content\/uploads\/2022\/07\/Route-Map-Google-Earth-Location-Checkpoints-2020-90x50.jpg 90w\" sizes=\"auto, (max-width: 1948px) 100vw, 1948px\" \/><\/a><\/figure><div class=\"wp-block-media-text__content\">\n<h5 class=\"wp-block-heading\" id=\"of-all-the-races-in-the-world-why-did-you-choose-to-race-the-ultra-tour-monte-rosa\">De toutes les courses dans le monde, pourquoi avez-vous choisi de courir l\u2019Ultra Tour Monte Rosa?<\/h5>\n\n\n\n<blockquote class=\"wp-block-quote is-layout-flow wp-block-quote-is-layout-flow\">\n<p>\u00ab\u00a0<em>Parce que \u00e7a a l\u2019air plus que fantastique. Je n\u2019ai jamais essay\u00e9 une course par \u00e9tapes avant donc j\u2019aimerais d\u00e9couvrir tous les environs de la montagne en plein jour.<\/em>\u00ab\u00a0<\/p>\n<cite>&#8211;&nbsp;<a href=\"https:\/\/www.instagram.com\/dannietrail\/\" target=\"_blank\" rel=\"noreferrer noopener\">Dannie Lindved Mortensen<\/a>, Denmark<\/cite><\/blockquote>\n<\/div><\/div>\n\n\n\n<div style=\"height:35px\" aria-hidden=\"true\" class=\"wp-block-spacer\"><\/div>\n\n\n\t\t\n<h3><\/h3>\n\n<div class=\"table-responsive\">\n<table class=\"table table-striped table-small table-bordered\">\n\t<tr>\n\t\t<th>&nbsp;<\/th>\n\t\t<th><strong>Etape I<\/strong><\/th>\n\t\t<th><strong>Etape II<\/strong><\/th>\n\t\t<th><strong>Etape III<\/strong><\/th>\n\t\t<th><strong>Etape IV&nbsp;<\/strong><\/th>\t<\/tr>\n\t\t<tr><td><strong>Date<\/strong><\/td><td>Mercredi 2 septembre<\/td><td>Jeudi 3 septembre<\/td><td>Vendredi 4 septembre<\/td><td>Samedi 5 septembre<\/td><\/tr><tr><td><strong>Distance<\/strong><\/td><td>36,6 km<\/td><td>42,9 km<\/td><td>46,0 km<\/td><td>43,8 km<\/td><\/tr><tr><td><strong>D+\/D-<\/strong><\/td><td>+3 020m \/ -3 035m<\/td><td>+3 055 m \/ -3 031 m<\/td><td>+3 724 m \/ -4 045 m<\/td><td>+3 469 m \/ -3 162 m<\/td><\/tr><tr><td><strong>D\u00e9part<\/strong><\/td><td>Gr\u00e4chen, Suisse<\/td><td>Zermatt, Suisse<\/td><td>Gressoney la Trinit\u00e9, Italie<\/td><td>Macugnaga, Italie<\/td><\/tr><tr><td><strong>Heure de d\u00e9but<\/strong><\/td><td>06:30<\/td><td>06:30<\/td><td>06:30<\/td><td>06:30<\/td><\/tr><tr><td><strong>Terminer<\/strong><\/td><td>Zermatt, Suisse<\/td><td>Gressoney la Trinit\u00e9, Italie<\/td><td>Macugnaga, Italie<\/td><td>Gr\u00e4chen, Suisse<\/td><\/tr><tr><td><strong>Limite de temps<\/strong><\/td><td>12 heures<\/td><td>12 heures<\/td><td>12 heures<\/td><td>12 heures<\/td><\/tr>\t\n<\/table>\n<\/div>\n\n\n\n\n<style type=\"text\/css\">\n\t#image-text-button-array-block_2f99aa88b3b1eb4719cae16ef92c558d {\n\t\t\/* Add styles that use ACF values here *\/\n\t}\n<\/style>\n\n\n<div id=\"image-text-button-array-block_2f99aa88b3b1eb4719cae16ef92c558d\" class=\"row block-image-text-button-array\">\n\n\t<div class='col-md-6'><h4><a href='https:\/\/www.ultratourmonterosa.com\/fr\/utmr-stage-race-information\/grachen-zermatt\/'>\u00c9tape 1 &#8211; Gr\u00e4chen \u00e0 Zermatt<\/a><\/h4><a href='https:\/\/www.ultratourmonterosa.com\/fr\/utmr-stage-race-information\/grachen-zermatt\/'><img src='https:\/\/www.ultratourmonterosa.com\/wp-content\/uploads\/2020\/12\/Patitucci-Bridge-Image-UTMR-Poster-2021-slider-768x512.jpg' alt='pont suspendu charles kuonen' class='img-fluid img-thumbnail img-responsive' width='768' height='512'\/><\/a><p>40 km sur l&rsquo;Europaweg, en traversant le pont, le deuxi\u00e8me plus long \u00ab\u00a0H\u00e4ngebr\u00fccke\u00a0\u00bb du monde \u00e0 494m.<\/p><a href='https:\/\/www.ultratourmonterosa.com\/fr\/utmr-stage-race-information\/grachen-zermatt\/' class='ur-btn has-utmr-yellow-background-color'>\u00c9tape 1 &#8211; Gr\u00e4chen \u00e0 Zermatt<\/a><\/div><div class='col-md-6'><h4><a href='https:\/\/www.ultratourmonterosa.com\/fr\/utmr-stage-race-information\/zermatt-gressoney-etape-2\/'>\u00c9tape 2 &#8211; Zermatt \u00e0 Gressoney<\/a><\/h4><a href='https:\/\/www.ultratourmonterosa.com\/fr\/utmr-stage-race-information\/zermatt-gressoney-etape-2\/'><img src='https:\/\/www.ultratourmonterosa.com\/wp-content\/uploads\/2020\/12\/UTMR_stage_2_foto_G_Meneghello_GM_19-04999-768x512.jpg' alt='piste de course sur glacier' class='img-fluid img-thumbnail img-responsive' width='768' height='512'\/><\/a><p>En Italie, par une travers\u00e9e glac\u00e9e du Theodulgletscher avec une vue imprenable sur le Cervin en montant.<\/p><a href='https:\/\/www.ultratourmonterosa.com\/fr\/utmr-stage-race-information\/zermatt-gressoney-etape-2\/' class='ur-btn has-utmr-yellow-background-color'>\u00c9tape 2 &#8211; Zermatt \u00e0 Gressoney<\/a><\/div><div class='col-md-6'><h4><a href='https:\/\/www.ultratourmonterosa.com\/fr\/utmr-stage-race-information\/etape-3-gressoney-to-macugnaga\/'>\u00c9tape 3 &#8211; Gressoney \u00e0 Macugnaga<\/a><\/h4><a href='https:\/\/www.ultratourmonterosa.com\/fr\/utmr-stage-race-information\/etape-3-gressoney-to-macugnaga\/'><img src='https:\/\/www.ultratourmonterosa.com\/wp-content\/uploads\/2016\/07\/20160710-monte-rosa-ultra-running-0384-768x512.jpg' alt='' class='img-fluid img-thumbnail img-responsive' width='768' height='512'\/><\/a><p>La sc\u00e8ne sauvage. Plus de grandes mont\u00e9es, des sentiers \u00e9troits, et des heures de solitude de montagne sur le col de Turlo.<\/p><a href='https:\/\/www.ultratourmonterosa.com\/fr\/utmr-stage-race-information\/etape-3-gressoney-to-macugnaga\/' class='ur-btn has-utmr-yellow-background-color'>\u00c9tape 3 &#8211; Gressoney \u00e0 Macugnaga<\/a><\/div><div class='col-md-6'><h4><a href='https:\/\/www.ultratourmonterosa.com\/fr\/utmr-stage-race-information\/4eme-etape-macugnaga-a-grachen\/'>4\u00e8me \u00e9tape \u2013 Macugnaga \u00e0 Gr\u00e4chen<\/a><\/h4><a href='https:\/\/www.ultratourmonterosa.com\/fr\/utmr-stage-race-information\/4eme-etape-macugnaga-a-grachen\/'><img src='https:\/\/www.ultratourmonterosa.com\/wp-content\/uploads\/2020\/12\/monte-rosa-ultra-trail-1920-768x512.jpg' alt='monte rosa ultra trail runner' class='img-fluid img-thumbnail img-responsive' width='768' height='512'\/><\/a><p>L&rsquo;\u00e9tape finale avec des vues impressionnantes sur l&rsquo;impressionnante face Est du Monte Rosa et le h\u00f6henweg sauvage qui vous m\u00e8ne chez vous \u00e0 Gr\u00e4chen.<\/p><a href='https:\/\/www.ultratourmonterosa.com\/fr\/utmr-stage-race-information\/4eme-etape-macugnaga-a-grachen\/' class='ur-btn has-utmr-yellow-background-color'>4\u00e8me \u00e9tape \u2013 Macugnaga \u00e0 Gr\u00e4chen<\/a><\/div>\n\n\t\t\t\t<\/div>\n\n<div class=\"row\">\n    <div class=\"col-lg-12 col-md-12 col-sm-6\">\n\t\t<h2>Programme de la course<\/h2>\n        <div class='row'><div class='col-lg-4 col-sm-6'><div class='race-programme-panel'><div class='race-programme-panel-heading'>Mardi 1 septembre<\/div><h6 class='race-programme-panel-time'>15:00 &#8211; 19:00<\/h6>\n                        <p class='race-programme-panel-activity'>Inscriptions et dossier \u00e0 Gr\u00e4chen<\/p><\/div><\/div><div class='col-lg-4 col-sm-6'><div class='race-programme-panel'><div class='race-programme-panel-heading'>Mercredi 2 septembre<\/div><h6 class='race-programme-panel-time'>06:15<\/h6>\n                        <p class='race-programme-panel-activity'>Briefing d\u2019avant-course<\/p><h6 class='race-programme-panel-time'>06:30<\/h6>\n                        <p class='race-programme-panel-activity'>D\u00e9part de la premi\u00e8re \u00e9tape \u00e0 partir de Gr\u00e4chen<\/p><h6 class='race-programme-panel-time'>JUSQU&rsquo;\u00c0 18 H 30<\/h6>\n                        <p class='race-programme-panel-activity'>Point d\u2019information \u00e0 la ligne d\u2019arriv\u00e9e \u00e0 Zermatt<\/p><\/div><\/div><div class='col-lg-4 col-sm-6'><div class='race-programme-panel'><div class='race-programme-panel-heading'>Jeudi 3 septembre<\/div><h6 class='race-programme-panel-time'>06:15<\/h6>\n                        <p class='race-programme-panel-activity'>Briefing d\u2019avant-course<\/p><h6 class='race-programme-panel-time'>06:30<\/h6>\n                        <p class='race-programme-panel-activity'>D\u00e9part de la 2e \u00e9tape \u00e0 partir de Zermatt<\/p><h6 class='race-programme-panel-time'>JUSQU&rsquo;\u00c0 18 H 30<\/h6>\n                        <p class='race-programme-panel-activity'>Point d\u2019information sur la ligne d\u2019arriv\u00e9e \u00e0 Gressoney-la-Trinit\u00e9<\/p><\/div><\/div><div class='col-lg-4 col-sm-6'><div class='race-programme-panel'><div class='race-programme-panel-heading'>Vendredi 4 septembre<\/div><h6 class='race-programme-panel-time'>06:15<\/h6>\n                        <p class='race-programme-panel-activity'>Briefing d\u2019avant-course<\/p><h6 class='race-programme-panel-time'>06:30<\/h6>\n                        <p class='race-programme-panel-activity'>D\u00e9part de la 3e \u00e9tape \u00e0 partir de Gressoney-la-Trinit\u00e9<\/p><h6 class='race-programme-panel-time'>JUSQU&rsquo;\u00c0 18 H 30<\/h6>\n                        <p class='race-programme-panel-activity'>Point d\u2019information \u00e0 la ligne d\u2019arriv\u00e9e \u00e0 Macugnaga<\/p><\/div><\/div><div class='col-lg-4 col-sm-6'><div class='race-programme-panel'><div class='race-programme-panel-heading'>Samedi 5 septembre<\/div><h6 class='race-programme-panel-time'>06:15<\/h6>\n                        <p class='race-programme-panel-activity'>Briefing d\u2019avant-course<\/p><h6 class='race-programme-panel-time'>06:30<\/h6>\n                        <p class='race-programme-panel-activity'>D\u00e9part de l\u2019\u00e9tape 4 \u00e0 partir de Macugnaga<\/p><h6 class='race-programme-panel-time'>12:00<\/h6>\n                        <p class='race-programme-panel-activity'>Premiers finalistes de la course par \u00e9tapes attendus \u00e0 Gr\u00e4chen<\/p><h6 class='race-programme-panel-time'>16:30<\/h6>\n                        <p class='race-programme-panel-activity'>Course d\u2019enfants \u00e0 Gr\u00e4chen<\/p><h6 class='race-programme-panel-time'>18:30<\/h6>\n                        <p class='race-programme-panel-activity'>Fermeture de l\u2019UTMR Stage Race \u00e0 Gr\u00e4chen<\/p><h6 class='race-programme-panel-time'>19:00<\/h6>\n                        <p class='race-programme-panel-activity'>D\u00eener buffet, remise de prix et c\u00e9l\u00e9brations de cl\u00f4ture<\/p><\/div><\/div><\/div>        \n    <\/div>\n<\/div>\n","protected":false},"excerpt":{"rendered":"<p>Espaces sauvages, 4000m de montagnes dans toutes les directions, et des sentiers tranquilles &#8211; c\u2019est l\u00e0 que j\u2019ai choisi de m\u2019entra\u00eener pour UTMB et d\u2019autres courses, encerclant Monte Rosa dans de longues \u00e9tapes et dormir dans un village pendant la nuit. C\u2019est un parcours difficile, \u00e9lev\u00e9 et technique dans de nombreux endroits \u2013 et des [&hellip;]<\/p>\n","protected":false},"author":2,"featured_media":48104,"parent":0,"menu_order":3,"comment_status":"closed","ping_status":"closed","template":"page-race-info-stage.php","meta":{"_acf_changed":false,"jetpack_post_was_ever_published":false,"footnotes":"","_wp_rev_ctl_limit":""},"class_list":["post-42966","page","type-page","status-publish","has-post-thumbnail","hentry"],"acf":[],"yoast_head":"<!-- This site is optimized with the Yoast SEO plugin v27.5 - https:\/\/yoast.com\/product\/yoast-seo-wordpress\/ -->\n<title>UTMR Stage Race - Ultra Tour Monte Rosa<\/title>\n<meta name=\"robots\" content=\"index, follow, max-snippet:-1, max-image-preview:large, max-video-preview:-1\" \/>\n<link rel=\"canonical\" href=\"https:\/\/www.ultratourmonterosa.com\/fr\/utmr-stage-race-information\/\" \/>\n<meta property=\"og:locale\" content=\"fr_FR\" \/>\n<meta property=\"og:type\" content=\"article\" \/>\n<meta property=\"og:title\" content=\"UTMR Stage Race - Ultra Tour Monte Rosa\" \/>\n<meta property=\"og:description\" content=\"Espaces sauvages, 4000m de montagnes dans toutes les directions, et des sentiers tranquilles &#8211; c\u2019est l\u00e0 que j\u2019ai choisi de m\u2019entra\u00eener pour UTMB et d\u2019autres courses, encerclant Monte Rosa dans de longues \u00e9tapes et dormir dans un village pendant la nuit. C\u2019est un parcours difficile, \u00e9lev\u00e9 et technique dans de nombreux endroits \u2013 et des [&hellip;]\" \/>\n<meta property=\"og:url\" content=\"https:\/\/www.ultratourmonterosa.com\/fr\/utmr-stage-race-information\/\" \/>\n<meta property=\"og:site_name\" content=\"Ultra Tour Monte Rosa\" \/>\n<meta property=\"article:publisher\" content=\"https:\/\/www.facebook.com\/UltraTourMonteRosa\/\" \/>\n<meta property=\"article:modified_time\" content=\"2025-09-30T13:10:25+00:00\" \/>\n<meta property=\"og:image\" content=\"https:\/\/www.ultratourmonterosa.com\/wp-content\/uploads\/2022\/03\/51476099712_cfaa7fc984_c.jpg\" \/>\n\t<meta property=\"og:image:width\" content=\"800\" \/>\n\t<meta property=\"og:image:height\" content=\"533\" \/>\n\t<meta property=\"og:image:type\" content=\"image\/jpeg\" \/>\n<meta name=\"twitter:card\" content=\"summary_large_image\" \/>\n<meta name=\"twitter:site\" content=\"@UltraMonteRosa\" \/>\n<meta name=\"twitter:label1\" content=\"Dur\u00e9e de lecture estim\u00e9e\" \/>\n\t<meta name=\"twitter:data1\" content=\"2 minutes\" \/>\n<script type=\"application\/ld+json\" class=\"yoast-schema-graph\">{\"@context\":\"https:\\\/\\\/schema.org\",\"@graph\":[{\"@type\":\"WebPage\",\"@id\":\"https:\\\/\\\/www.ultratourmonterosa.com\\\/fr\\\/utmr-stage-race-information\\\/\",\"url\":\"https:\\\/\\\/www.ultratourmonterosa.com\\\/fr\\\/utmr-stage-race-information\\\/\",\"name\":\"UTMR Stage Race - Ultra Tour Monte Rosa\",\"isPartOf\":{\"@id\":\"https:\\\/\\\/www.ultratourmonterosa.com\\\/#website\"},\"primaryImageOfPage\":{\"@id\":\"https:\\\/\\\/www.ultratourmonterosa.com\\\/fr\\\/utmr-stage-race-information\\\/#primaryimage\"},\"image\":{\"@id\":\"https:\\\/\\\/www.ultratourmonterosa.com\\\/fr\\\/utmr-stage-race-information\\\/#primaryimage\"},\"thumbnailUrl\":\"https:\\\/\\\/www.ultratourmonterosa.com\\\/wp-content\\\/uploads\\\/2022\\\/03\\\/51476099712_cfaa7fc984_c.jpg\",\"datePublished\":\"2016-11-27T12:07:30+00:00\",\"dateModified\":\"2025-09-30T13:10:25+00:00\",\"breadcrumb\":{\"@id\":\"https:\\\/\\\/www.ultratourmonterosa.com\\\/fr\\\/utmr-stage-race-information\\\/#breadcrumb\"},\"inLanguage\":\"fr-FR\",\"potentialAction\":[{\"@type\":\"ReadAction\",\"target\":[\"https:\\\/\\\/www.ultratourmonterosa.com\\\/fr\\\/utmr-stage-race-information\\\/\"]}]},{\"@type\":\"ImageObject\",\"inLanguage\":\"fr-FR\",\"@id\":\"https:\\\/\\\/www.ultratourmonterosa.com\\\/fr\\\/utmr-stage-race-information\\\/#primaryimage\",\"url\":\"https:\\\/\\\/www.ultratourmonterosa.com\\\/wp-content\\\/uploads\\\/2022\\\/03\\\/51476099712_cfaa7fc984_c.jpg\",\"contentUrl\":\"https:\\\/\\\/www.ultratourmonterosa.com\\\/wp-content\\\/uploads\\\/2022\\\/03\\\/51476099712_cfaa7fc984_c.jpg\",\"width\":800,\"height\":533},{\"@type\":\"BreadcrumbList\",\"@id\":\"https:\\\/\\\/www.ultratourmonterosa.com\\\/fr\\\/utmr-stage-race-information\\\/#breadcrumb\",\"itemListElement\":[{\"@type\":\"ListItem\",\"position\":1,\"name\":\"Home\",\"item\":\"https:\\\/\\\/www.ultratourmonterosa.com\\\/fr\\\/\"},{\"@type\":\"ListItem\",\"position\":2,\"name\":\"UTMR Stage Race\"}]},{\"@type\":\"WebSite\",\"@id\":\"https:\\\/\\\/www.ultratourmonterosa.com\\\/#website\",\"url\":\"https:\\\/\\\/www.ultratourmonterosa.com\\\/\",\"name\":\"Ultra Tour Monte Rosa\",\"description\":\"4-7 september 2019\",\"publisher\":{\"@id\":\"https:\\\/\\\/www.ultratourmonterosa.com\\\/#organization\"},\"potentialAction\":[{\"@type\":\"SearchAction\",\"target\":{\"@type\":\"EntryPoint\",\"urlTemplate\":\"https:\\\/\\\/www.ultratourmonterosa.com\\\/?s={search_term_string}\"},\"query-input\":{\"@type\":\"PropertyValueSpecification\",\"valueRequired\":true,\"valueName\":\"search_term_string\"}}],\"inLanguage\":\"fr-FR\"},{\"@type\":\"Organization\",\"@id\":\"https:\\\/\\\/www.ultratourmonterosa.com\\\/#organization\",\"name\":\"Ultra Tour Monte Rosa\",\"url\":\"https:\\\/\\\/www.ultratourmonterosa.com\\\/\",\"logo\":{\"@type\":\"ImageObject\",\"inLanguage\":\"fr-FR\",\"@id\":\"https:\\\/\\\/www.ultratourmonterosa.com\\\/#\\\/schema\\\/logo\\\/image\\\/\",\"url\":\"https:\\\/\\\/www.ultratourmonterosa.com\\\/wp-content\\\/uploads\\\/2024\\\/09\\\/UTMR-logo-300px-1.png\",\"contentUrl\":\"https:\\\/\\\/www.ultratourmonterosa.com\\\/wp-content\\\/uploads\\\/2024\\\/09\\\/UTMR-logo-300px-1.png\",\"width\":300,\"height\":300,\"caption\":\"Ultra Tour Monte Rosa\"},\"image\":{\"@id\":\"https:\\\/\\\/www.ultratourmonterosa.com\\\/#\\\/schema\\\/logo\\\/image\\\/\"},\"sameAs\":[\"https:\\\/\\\/www.facebook.com\\\/UltraTourMonteRosa\\\/\",\"https:\\\/\\\/x.com\\\/UltraMonteRosa\"]}]}<\/script>\n<!-- \/ Yoast SEO plugin. -->","yoast_head_json":{"title":"UTMR Stage Race - Ultra Tour Monte Rosa","robots":{"index":"index","follow":"follow","max-snippet":"max-snippet:-1","max-image-preview":"max-image-preview:large","max-video-preview":"max-video-preview:-1"},"canonical":"https:\/\/www.ultratourmonterosa.com\/fr\/utmr-stage-race-information\/","og_locale":"fr_FR","og_type":"article","og_title":"UTMR Stage Race - Ultra Tour Monte Rosa","og_description":"Espaces sauvages, 4000m de montagnes dans toutes les directions, et des sentiers tranquilles &#8211; c\u2019est l\u00e0 que j\u2019ai choisi de m\u2019entra\u00eener pour UTMB et d\u2019autres courses, encerclant Monte Rosa dans de longues \u00e9tapes et dormir dans un village pendant la nuit. C\u2019est un parcours difficile, \u00e9lev\u00e9 et technique dans de nombreux endroits \u2013 et des [&hellip;]","og_url":"https:\/\/www.ultratourmonterosa.com\/fr\/utmr-stage-race-information\/","og_site_name":"Ultra Tour Monte Rosa","article_publisher":"https:\/\/www.facebook.com\/UltraTourMonteRosa\/","article_modified_time":"2025-09-30T13:10:25+00:00","og_image":[{"width":800,"height":533,"url":"https:\/\/www.ultratourmonterosa.com\/wp-content\/uploads\/2022\/03\/51476099712_cfaa7fc984_c.jpg","type":"image\/jpeg"}],"twitter_card":"summary_large_image","twitter_site":"@UltraMonteRosa","twitter_misc":{"Dur\u00e9e de lecture estim\u00e9e":"2 minutes"},"schema":{"@context":"https:\/\/schema.org","@graph":[{"@type":"WebPage","@id":"https:\/\/www.ultratourmonterosa.com\/fr\/utmr-stage-race-information\/","url":"https:\/\/www.ultratourmonterosa.com\/fr\/utmr-stage-race-information\/","name":"UTMR Stage Race - Ultra Tour Monte Rosa","isPartOf":{"@id":"https:\/\/www.ultratourmonterosa.com\/#website"},"primaryImageOfPage":{"@id":"https:\/\/www.ultratourmonterosa.com\/fr\/utmr-stage-race-information\/#primaryimage"},"image":{"@id":"https:\/\/www.ultratourmonterosa.com\/fr\/utmr-stage-race-information\/#primaryimage"},"thumbnailUrl":"https:\/\/www.ultratourmonterosa.com\/wp-content\/uploads\/2022\/03\/51476099712_cfaa7fc984_c.jpg","datePublished":"2016-11-27T12:07:30+00:00","dateModified":"2025-09-30T13:10:25+00:00","breadcrumb":{"@id":"https:\/\/www.ultratourmonterosa.com\/fr\/utmr-stage-race-information\/#breadcrumb"},"inLanguage":"fr-FR","potentialAction":[{"@type":"ReadAction","target":["https:\/\/www.ultratourmonterosa.com\/fr\/utmr-stage-race-information\/"]}]},{"@type":"ImageObject","inLanguage":"fr-FR","@id":"https:\/\/www.ultratourmonterosa.com\/fr\/utmr-stage-race-information\/#primaryimage","url":"https:\/\/www.ultratourmonterosa.com\/wp-content\/uploads\/2022\/03\/51476099712_cfaa7fc984_c.jpg","contentUrl":"https:\/\/www.ultratourmonterosa.com\/wp-content\/uploads\/2022\/03\/51476099712_cfaa7fc984_c.jpg","width":800,"height":533},{"@type":"BreadcrumbList","@id":"https:\/\/www.ultratourmonterosa.com\/fr\/utmr-stage-race-information\/#breadcrumb","itemListElement":[{"@type":"ListItem","position":1,"name":"Home","item":"https:\/\/www.ultratourmonterosa.com\/fr\/"},{"@type":"ListItem","position":2,"name":"UTMR Stage Race"}]},{"@type":"WebSite","@id":"https:\/\/www.ultratourmonterosa.com\/#website","url":"https:\/\/www.ultratourmonterosa.com\/","name":"Ultra Tour Monte Rosa","description":"4-7 september 2019","publisher":{"@id":"https:\/\/www.ultratourmonterosa.com\/#organization"},"potentialAction":[{"@type":"SearchAction","target":{"@type":"EntryPoint","urlTemplate":"https:\/\/www.ultratourmonterosa.com\/?s={search_term_string}"},"query-input":{"@type":"PropertyValueSpecification","valueRequired":true,"valueName":"search_term_string"}}],"inLanguage":"fr-FR"},{"@type":"Organization","@id":"https:\/\/www.ultratourmonterosa.com\/#organization","name":"Ultra Tour Monte Rosa","url":"https:\/\/www.ultratourmonterosa.com\/","logo":{"@type":"ImageObject","inLanguage":"fr-FR","@id":"https:\/\/www.ultratourmonterosa.com\/#\/schema\/logo\/image\/","url":"https:\/\/www.ultratourmonterosa.com\/wp-content\/uploads\/2024\/09\/UTMR-logo-300px-1.png","contentUrl":"https:\/\/www.ultratourmonterosa.com\/wp-content\/uploads\/2024\/09\/UTMR-logo-300px-1.png","width":300,"height":300,"caption":"Ultra Tour Monte Rosa"},"image":{"@id":"https:\/\/www.ultratourmonterosa.com\/#\/schema\/logo\/image\/"},"sameAs":["https:\/\/www.facebook.com\/UltraTourMonteRosa\/","https:\/\/x.com\/UltraMonteRosa"]}]}},"jetpack_shortlink":"https:\/\/wp.me\/P4DSVg-bb0","jetpack_sharing_enabled":true,"_links":{"self":[{"href":"https:\/\/www.ultratourmonterosa.com\/fr\/wp-json\/wp\/v2\/pages\/42966","targetHints":{"allow":["GET"]}}],"collection":[{"href":"https:\/\/www.ultratourmonterosa.com\/fr\/wp-json\/wp\/v2\/pages"}],"about":[{"href":"https:\/\/www.ultratourmonterosa.com\/fr\/wp-json\/wp\/v2\/types\/page"}],"author":[{"embeddable":true,"href":"https:\/\/www.ultratourmonterosa.com\/fr\/wp-json\/wp\/v2\/users\/2"}],"replies":[{"embeddable":true,"href":"https:\/\/www.ultratourmonterosa.com\/fr\/wp-json\/wp\/v2\/comments?post=42966"}],"version-history":[{"count":4,"href":"https:\/\/www.ultratourmonterosa.com\/fr\/wp-json\/wp\/v2\/pages\/42966\/revisions"}],"predecessor-version":[{"id":51463,"href":"https:\/\/www.ultratourmonterosa.com\/fr\/wp-json\/wp\/v2\/pages\/42966\/revisions\/51463"}],"wp:featuredmedia":[{"embeddable":true,"href":"https:\/\/www.ultratourmonterosa.com\/fr\/wp-json\/wp\/v2\/media\/48104"}],"wp:attachment":[{"href":"https:\/\/www.ultratourmonterosa.com\/fr\/wp-json\/wp\/v2\/media?parent=42966"}],"curies":[{"name":"wp","href":"https:\/\/api.w.org\/{rel}","templated":true}]}}