{"id":50425,"date":"2022-12-09T21:43:41","date_gmt":"2022-12-09T15:58:41","guid":{"rendered":"https:\/\/www.ultratourmonterosa.com\/opzioni-di-registrazione-per-ledizione-2024-dellutmr\/"},"modified":"2025-09-30T15:54:27","modified_gmt":"2025-09-30T10:09:27","slug":"opzioni-di-registrazione-per-ledizione-2024-dellutmr","status":"publish","type":"page","link":"https:\/\/www.ultratourmonterosa.com\/it\/opzioni-di-registrazione-per-ledizione-2024-dellutmr\/","title":{"rendered":"Opzioni di registrazione per l&#8217;edizione 2026 dell&#8217;UTMR"},"content":{"rendered":"\n<div class=\"wp-block-simple-alerts-for-gutenberg-alert-boxes sab-alert sab-alert-success\" role=\"alert\">Namaste \ud83d\ude4f<br><br>L&#8217;Ultra Tour Monte Rosa \u00e8 un incredibile percorso di montagna intorno al Monte Rosa, organizzato da un team piccolo e indipendente, appassionato di montagna e orgoglioso di esserlo. Cerchiamo di portarvi qualcosa di diverso, una grande esperienza di gara ma in un ambiente intimo. Amiamo questo percorso e queste montagne e vogliamo semplicemente condividerli con te, offrendoti l&#8217;opportunit\u00e0 di esplorare questo incredibile paesaggio e te stesso.<br><br>E insieme siamo UTMR! Voi, i nostri corridori, con il vostro impegno, il vostro entusiasmo, il vostro sforzo; il nostro team di volontari appassionati e dedicati che rendono possibile l&#8217;impossibile; le nostre comunit\u00e0 ospitanti e noi (l&#8217;organizzazione)!<br><br>Non vediamo l&#8217;ora di accoglierti nel settembre 2026 per condividere un&#8217;esperienza di gara<em>&#8220;audace, bella e brutale<\/em>&#8221; nel cuore delle Alpi. Ci vediamo presto a Gr\u00e4chen!  <\/div>\n\n<div style=\"height:10px\" aria-hidden=\"true\" class=\"wp-block-spacer\"><\/div>\n\n<h2 class=\"wp-block-heading\" id=\"pre-registration-is-open\"><mark style=\"background-color:rgba(0, 0, 0, 0)\" class=\"has-inline-color has-utmr-red-color\"><strong>La pre-registrazione \u00e8 aperta!<\/strong><\/mark><\/h2>\n\n<div style=\"height:10px\" aria-hidden=\"true\" class=\"wp-block-spacer\"><\/div>\n\n<p>Non abbiamo una lotteria o liste d&#8217;attesa, ma richiediamo comunque una semplice pre-iscrizione per tutte le gare. Questo \u00e8 semplicemente per avere un controllo sulla vostra esperienza, in modo da essere sicuri che sarete preparati e in grado di godere di questo ambiente alpino, qualunque siano le condizioni il giorno della gara. Dopo aver esaminato la tua esperienza ti informeremo entro 48 ore se siamo in grado di darti un posto. Il pettorale viene confermato solo al ricevimento della registrazione e del pagamento completati.<\/p>\n\n<p>Presto presenteremo ogni gara singolarmente sui social media e tramite la nostra newsletter generale. Per favore, condividi la notizia con i tuoi amici che corrono!<\/p>\n\n<div style=\"height:10px\" aria-hidden=\"true\" class=\"wp-block-spacer\"><\/div>\n\n<ul class=\"wp-block-list\">\n<li><strong>170 km Ultra Tour \ud83c\udde8\ud83c\udded &amp; \ud83c\uddee\ud83c\uddf9 :<\/strong> 170 km con +11.600 m di dislivello, con partenza alle 04.00h da Gr\u00e4chen gioved\u00ec 3 settembre 2026. Finitura in Gr\u00e4chen.<\/li>\n\n\n\n<li><strong>Tappa \ud83c\udde8\ud83c\udded &amp; \ud83c\uddee\ud83c\uddf9 : <\/strong>4 giorni, con partenza alle 06.30 da Gr\u00e4chen mercoled\u00ec 2 settembre 2026. Pernottamenti a Zermatt, Gressoney-la-Trinit\u00e9 e Macugnaga. Originale anello di 170 km intorno al Monte Rosa! Finitura in Gr\u00e4chen.<\/li>\n\n\n\n<li><strong>Mischabel 60<\/strong> \ud83c\udde8\ud83c\udded: 63 km con +4.445 m di dislivello, con partenza alle ore 04.00 da Gr\u00e4chen sabato 5 settembre 2026. Finitura in Gr\u00e4chen.<\/li>\n\n\n\n<li><strong>Gr\u00e4chen Berglauf<\/strong> <strong> \ud83c\udde8\ud83c\udded:<\/strong> 19 km con +1.507 m di dislivello, con partenza alle ore 10.00 da Gr\u00e4chen sabato 5 settembre 2026. Finitura in Gr\u00e4chen.  <\/li>\n<\/ul>\n\n<div style=\"height:10px\" aria-hidden=\"true\" class=\"wp-block-spacer\"><\/div>\n\n<p><\/p>\n\n<p><strong>Accessibilit\u00e0: <\/strong>tutti i percorsi della gara del 2026 partiranno e arriveranno a Gr\u00e4chen. Questo delizioso piccolo villaggio all&#8217;ingresso della valle di Zermatt nelle Alpi svizzere \u00e8 facilmente raggiungibile con i mezzi pubblici dagli aeroporti di Ginevra e Zurigo. Vi daremo tutti i dettagli del viaggio dopo la registrazione.<\/p>\n\n<p><strong>Allenamento:<\/strong> durante i mesi estivi avremo anche una serie di campi\/giorni di allenamento sui vari percorsi di gara, cos\u00ec come alcuni altri emozionanti tour di pi\u00f9 giorni. Il programma sar\u00e0 completato all&#8217;inizio di gennaio. Iscriviti alla nostra <a href=\"http:\/\/eepurl.com\/dfWQur\" target=\"_blank\" rel=\"noreferrer noopener\">mailing list<\/a> se vuoi essere informato. Questi tour sono un ottimo allenamento, un&#8217;occasione perfetta per iniziare ad adattarsi al terreno su cui si correr\u00e0. Ma aperte a tutti, sono anche semplicemente un&#8217;occasione per godersi un&#8217;avventura in montagna senza la pressione di una situazione di gara e in compagnia di un piccolo gruppo di nuovi amici che la pensano come te. Unisciti a noi!<\/p>\n\n<p>I nostri percorsi di gara ti portano vicino a una serie di cime di 4000m, questi sono alcuni dei migliori sentieri alpini che conosciamo, e questo \u00e8 tutto dire.  <\/p>\n\n<p class=\"has-text-align-center has-medium-font-size\"><mark style=\"background-color:rgba(0, 0, 0, 0)\" class=\"has-inline-color has-utmr-blue-color\">Buona fortuna e ci vediamo a settembre!<\/mark> <\/p>\n\n<div style=\"height:20px\" aria-hidden=\"true\" class=\"wp-block-spacer\"><\/div>\n<a href='https:\/\/registration.utmr.ch\/pre-registration\/' \n\t\t\ttarget='_blank' \n\t\t\tid='utmr-yellow-button-block_1ed1ff1d066ee98094925e4a4891d0c3' \n\t\t\tclass='utmr-button  ur-btn-yellow has-utmr-yellow-background-color text-black block-utmr-yellow-button' >\n\t\t\t\t Pre-registrati a questo link! &nbsp;&nbsp;<i class='fas fa-external-link-alt'><\/i>\n\t\t\t<\/a>","protected":false},"excerpt":{"rendered":"<p>La pre-registrazione \u00e8 aperta! Non abbiamo una lotteria o liste d&#8217;attesa, ma richiediamo comunque una semplice pre-iscrizione per tutte le gare. Questo \u00e8 semplicemente per avere un controllo sulla vostra esperienza, in modo da essere sicuri che sarete preparati e in grado di godere di questo ambiente alpino, qualunque siano le condizioni il giorno della [&hellip;]<\/p>\n","protected":false},"author":2,"featured_media":50018,"parent":0,"menu_order":2,"comment_status":"closed","ping_status":"closed","template":"page-default.php","meta":{"_acf_changed":false,"jetpack_post_was_ever_published":false,"footnotes":"","_wp_rev_ctl_limit":""},"class_list":["post-50425","page","type-page","status-publish","has-post-thumbnail","hentry"],"acf":[],"yoast_head":"<!-- This site is optimized with the Yoast SEO plugin v27.5 - https:\/\/yoast.com\/product\/yoast-seo-wordpress\/ -->\n<title>Opzioni di registrazione per l&#039;edizione 2026 dell&#039;UTMR - Ultra Tour Monte Rosa<\/title>\n<meta name=\"description\" content=\"Le iscrizioni sono aperte!\" \/>\n<meta name=\"robots\" content=\"index, follow, max-snippet:-1, max-image-preview:large, max-video-preview:-1\" \/>\n<link rel=\"canonical\" href=\"https:\/\/www.ultratourmonterosa.com\/it\/opzioni-di-registrazione-per-ledizione-2024-dellutmr\/\" \/>\n<meta property=\"og:locale\" content=\"it_IT\" \/>\n<meta property=\"og:type\" content=\"article\" \/>\n<meta property=\"og:title\" content=\"Opzioni di registrazione per l&#039;edizione 2026 dell&#039;UTMR - Ultra Tour Monte Rosa\" \/>\n<meta property=\"og:description\" content=\"Le iscrizioni sono aperte!\" \/>\n<meta property=\"og:url\" content=\"https:\/\/www.ultratourmonterosa.com\/it\/opzioni-di-registrazione-per-ledizione-2024-dellutmr\/\" \/>\n<meta property=\"og:site_name\" content=\"Ultra Tour Monte Rosa\" \/>\n<meta property=\"article:publisher\" content=\"https:\/\/www.facebook.com\/UltraTourMonteRosa\/\" \/>\n<meta property=\"article:modified_time\" content=\"2025-09-30T10:09:27+00:00\" \/>\n<meta property=\"og:image\" content=\"https:\/\/www.ultratourmonterosa.com\/wp-content\/uploads\/2021\/12\/51431707995_815dcca786_c.jpg\" \/>\n<meta name=\"twitter:card\" content=\"summary_large_image\" \/>\n<meta name=\"twitter:site\" content=\"@UltraMonteRosa\" \/>\n<meta name=\"twitter:label1\" content=\"Tempo di lettura stimato\" \/>\n\t<meta name=\"twitter:data1\" content=\"3 minuti\" \/>\n<script type=\"application\/ld+json\" class=\"yoast-schema-graph\">{\"@context\":\"https:\\\/\\\/schema.org\",\"@graph\":[{\"@type\":\"WebPage\",\"@id\":\"https:\\\/\\\/www.ultratourmonterosa.com\\\/it\\\/opzioni-di-registrazione-per-ledizione-2024-dellutmr\\\/\",\"url\":\"https:\\\/\\\/www.ultratourmonterosa.com\\\/it\\\/opzioni-di-registrazione-per-ledizione-2024-dellutmr\\\/\",\"name\":\"Opzioni di registrazione per l'edizione 2026 dell'UTMR - Ultra Tour Monte Rosa\",\"isPartOf\":{\"@id\":\"https:\\\/\\\/www.ultratourmonterosa.com\\\/#website\"},\"primaryImageOfPage\":{\"@id\":\"https:\\\/\\\/www.ultratourmonterosa.com\\\/it\\\/opzioni-di-registrazione-per-ledizione-2024-dellutmr\\\/#primaryimage\"},\"image\":{\"@id\":\"https:\\\/\\\/www.ultratourmonterosa.com\\\/it\\\/opzioni-di-registrazione-per-ledizione-2024-dellutmr\\\/#primaryimage\"},\"thumbnailUrl\":\"https:\\\/\\\/www.ultratourmonterosa.com\\\/wp-content\\\/uploads\\\/2023\\\/10\\\/53227354077_e2dd0667f3_o.jpg\",\"datePublished\":\"2022-12-09T15:58:41+00:00\",\"dateModified\":\"2025-09-30T10:09:27+00:00\",\"description\":\"Le iscrizioni sono aperte!\",\"breadcrumb\":{\"@id\":\"https:\\\/\\\/www.ultratourmonterosa.com\\\/it\\\/opzioni-di-registrazione-per-ledizione-2024-dellutmr\\\/#breadcrumb\"},\"inLanguage\":\"it-IT\",\"potentialAction\":[{\"@type\":\"ReadAction\",\"target\":[\"https:\\\/\\\/www.ultratourmonterosa.com\\\/it\\\/opzioni-di-registrazione-per-ledizione-2024-dellutmr\\\/\"]}]},{\"@type\":\"ImageObject\",\"inLanguage\":\"it-IT\",\"@id\":\"https:\\\/\\\/www.ultratourmonterosa.com\\\/it\\\/opzioni-di-registrazione-per-ledizione-2024-dellutmr\\\/#primaryimage\",\"url\":\"https:\\\/\\\/www.ultratourmonterosa.com\\\/wp-content\\\/uploads\\\/2023\\\/10\\\/53227354077_e2dd0667f3_o.jpg\",\"contentUrl\":\"https:\\\/\\\/www.ultratourmonterosa.com\\\/wp-content\\\/uploads\\\/2023\\\/10\\\/53227354077_e2dd0667f3_o.jpg\",\"width\":1980,\"height\":1320},{\"@type\":\"BreadcrumbList\",\"@id\":\"https:\\\/\\\/www.ultratourmonterosa.com\\\/it\\\/opzioni-di-registrazione-per-ledizione-2024-dellutmr\\\/#breadcrumb\",\"itemListElement\":[{\"@type\":\"ListItem\",\"position\":1,\"name\":\"Home\",\"item\":\"https:\\\/\\\/www.ultratourmonterosa.com\\\/it\\\/\"},{\"@type\":\"ListItem\",\"position\":2,\"name\":\"Opzioni di registrazione per l&#8217;edizione 2026 dell&#8217;UTMR\"}]},{\"@type\":\"WebSite\",\"@id\":\"https:\\\/\\\/www.ultratourmonterosa.com\\\/#website\",\"url\":\"https:\\\/\\\/www.ultratourmonterosa.com\\\/\",\"name\":\"Ultra Tour Monte Rosa\",\"description\":\"3-6 September 2025\",\"publisher\":{\"@id\":\"https:\\\/\\\/www.ultratourmonterosa.com\\\/#organization\"},\"potentialAction\":[{\"@type\":\"SearchAction\",\"target\":{\"@type\":\"EntryPoint\",\"urlTemplate\":\"https:\\\/\\\/www.ultratourmonterosa.com\\\/?s={search_term_string}\"},\"query-input\":{\"@type\":\"PropertyValueSpecification\",\"valueRequired\":true,\"valueName\":\"search_term_string\"}}],\"inLanguage\":\"it-IT\"},{\"@type\":\"Organization\",\"@id\":\"https:\\\/\\\/www.ultratourmonterosa.com\\\/#organization\",\"name\":\"Ultra Tour Monte Rosa\",\"url\":\"https:\\\/\\\/www.ultratourmonterosa.com\\\/\",\"logo\":{\"@type\":\"ImageObject\",\"inLanguage\":\"it-IT\",\"@id\":\"https:\\\/\\\/www.ultratourmonterosa.com\\\/#\\\/schema\\\/logo\\\/image\\\/\",\"url\":\"https:\\\/\\\/www.ultratourmonterosa.com\\\/wp-content\\\/uploads\\\/2024\\\/09\\\/UTMR-logo-300px-1.png\",\"contentUrl\":\"https:\\\/\\\/www.ultratourmonterosa.com\\\/wp-content\\\/uploads\\\/2024\\\/09\\\/UTMR-logo-300px-1.png\",\"width\":300,\"height\":300,\"caption\":\"Ultra Tour Monte Rosa\"},\"image\":{\"@id\":\"https:\\\/\\\/www.ultratourmonterosa.com\\\/#\\\/schema\\\/logo\\\/image\\\/\"},\"sameAs\":[\"https:\\\/\\\/www.facebook.com\\\/UltraTourMonteRosa\\\/\",\"https:\\\/\\\/x.com\\\/UltraMonteRosa\"]}]}<\/script>\n<!-- \/ Yoast SEO plugin. -->","yoast_head_json":{"title":"Opzioni di registrazione per l'edizione 2026 dell'UTMR - Ultra Tour Monte Rosa","description":"Le iscrizioni sono aperte!","robots":{"index":"index","follow":"follow","max-snippet":"max-snippet:-1","max-image-preview":"max-image-preview:large","max-video-preview":"max-video-preview:-1"},"canonical":"https:\/\/www.ultratourmonterosa.com\/it\/opzioni-di-registrazione-per-ledizione-2024-dellutmr\/","og_locale":"it_IT","og_type":"article","og_title":"Opzioni di registrazione per l'edizione 2026 dell'UTMR - Ultra Tour Monte Rosa","og_description":"Le iscrizioni sono aperte!","og_url":"https:\/\/www.ultratourmonterosa.com\/it\/opzioni-di-registrazione-per-ledizione-2024-dellutmr\/","og_site_name":"Ultra Tour Monte Rosa","article_publisher":"https:\/\/www.facebook.com\/UltraTourMonteRosa\/","article_modified_time":"2025-09-30T10:09:27+00:00","og_image":[{"url":"https:\/\/www.ultratourmonterosa.com\/wp-content\/uploads\/2021\/12\/51431707995_815dcca786_c.jpg","type":"","width":"","height":""}],"twitter_card":"summary_large_image","twitter_site":"@UltraMonteRosa","twitter_misc":{"Tempo di lettura stimato":"3 minuti"},"schema":{"@context":"https:\/\/schema.org","@graph":[{"@type":"WebPage","@id":"https:\/\/www.ultratourmonterosa.com\/it\/opzioni-di-registrazione-per-ledizione-2024-dellutmr\/","url":"https:\/\/www.ultratourmonterosa.com\/it\/opzioni-di-registrazione-per-ledizione-2024-dellutmr\/","name":"Opzioni di registrazione per l'edizione 2026 dell'UTMR - Ultra Tour Monte Rosa","isPartOf":{"@id":"https:\/\/www.ultratourmonterosa.com\/#website"},"primaryImageOfPage":{"@id":"https:\/\/www.ultratourmonterosa.com\/it\/opzioni-di-registrazione-per-ledizione-2024-dellutmr\/#primaryimage"},"image":{"@id":"https:\/\/www.ultratourmonterosa.com\/it\/opzioni-di-registrazione-per-ledizione-2024-dellutmr\/#primaryimage"},"thumbnailUrl":"https:\/\/www.ultratourmonterosa.com\/wp-content\/uploads\/2023\/10\/53227354077_e2dd0667f3_o.jpg","datePublished":"2022-12-09T15:58:41+00:00","dateModified":"2025-09-30T10:09:27+00:00","description":"Le iscrizioni sono aperte!","breadcrumb":{"@id":"https:\/\/www.ultratourmonterosa.com\/it\/opzioni-di-registrazione-per-ledizione-2024-dellutmr\/#breadcrumb"},"inLanguage":"it-IT","potentialAction":[{"@type":"ReadAction","target":["https:\/\/www.ultratourmonterosa.com\/it\/opzioni-di-registrazione-per-ledizione-2024-dellutmr\/"]}]},{"@type":"ImageObject","inLanguage":"it-IT","@id":"https:\/\/www.ultratourmonterosa.com\/it\/opzioni-di-registrazione-per-ledizione-2024-dellutmr\/#primaryimage","url":"https:\/\/www.ultratourmonterosa.com\/wp-content\/uploads\/2023\/10\/53227354077_e2dd0667f3_o.jpg","contentUrl":"https:\/\/www.ultratourmonterosa.com\/wp-content\/uploads\/2023\/10\/53227354077_e2dd0667f3_o.jpg","width":1980,"height":1320},{"@type":"BreadcrumbList","@id":"https:\/\/www.ultratourmonterosa.com\/it\/opzioni-di-registrazione-per-ledizione-2024-dellutmr\/#breadcrumb","itemListElement":[{"@type":"ListItem","position":1,"name":"Home","item":"https:\/\/www.ultratourmonterosa.com\/it\/"},{"@type":"ListItem","position":2,"name":"Opzioni di registrazione per l&#8217;edizione 2026 dell&#8217;UTMR"}]},{"@type":"WebSite","@id":"https:\/\/www.ultratourmonterosa.com\/#website","url":"https:\/\/www.ultratourmonterosa.com\/","name":"Ultra Tour Monte Rosa","description":"3-6 September 2025","publisher":{"@id":"https:\/\/www.ultratourmonterosa.com\/#organization"},"potentialAction":[{"@type":"SearchAction","target":{"@type":"EntryPoint","urlTemplate":"https:\/\/www.ultratourmonterosa.com\/?s={search_term_string}"},"query-input":{"@type":"PropertyValueSpecification","valueRequired":true,"valueName":"search_term_string"}}],"inLanguage":"it-IT"},{"@type":"Organization","@id":"https:\/\/www.ultratourmonterosa.com\/#organization","name":"Ultra Tour Monte Rosa","url":"https:\/\/www.ultratourmonterosa.com\/","logo":{"@type":"ImageObject","inLanguage":"it-IT","@id":"https:\/\/www.ultratourmonterosa.com\/#\/schema\/logo\/image\/","url":"https:\/\/www.ultratourmonterosa.com\/wp-content\/uploads\/2024\/09\/UTMR-logo-300px-1.png","contentUrl":"https:\/\/www.ultratourmonterosa.com\/wp-content\/uploads\/2024\/09\/UTMR-logo-300px-1.png","width":300,"height":300,"caption":"Ultra Tour Monte Rosa"},"image":{"@id":"https:\/\/www.ultratourmonterosa.com\/#\/schema\/logo\/image\/"},"sameAs":["https:\/\/www.facebook.com\/UltraTourMonteRosa\/","https:\/\/x.com\/UltraMonteRosa"]}]}},"jetpack_shortlink":"https:\/\/wp.me\/P4DSVg-d7j","jetpack_sharing_enabled":true,"_links":{"self":[{"href":"https:\/\/www.ultratourmonterosa.com\/it\/wp-json\/wp\/v2\/pages\/50425","targetHints":{"allow":["GET"]}}],"collection":[{"href":"https:\/\/www.ultratourmonterosa.com\/it\/wp-json\/wp\/v2\/pages"}],"about":[{"href":"https:\/\/www.ultratourmonterosa.com\/it\/wp-json\/wp\/v2\/types\/page"}],"author":[{"embeddable":true,"href":"https:\/\/www.ultratourmonterosa.com\/it\/wp-json\/wp\/v2\/users\/2"}],"replies":[{"embeddable":true,"href":"https:\/\/www.ultratourmonterosa.com\/it\/wp-json\/wp\/v2\/comments?post=50425"}],"version-history":[{"count":5,"href":"https:\/\/www.ultratourmonterosa.com\/it\/wp-json\/wp\/v2\/pages\/50425\/revisions"}],"predecessor-version":[{"id":51396,"href":"https:\/\/www.ultratourmonterosa.com\/it\/wp-json\/wp\/v2\/pages\/50425\/revisions\/51396"}],"wp:featuredmedia":[{"embeddable":true,"href":"https:\/\/www.ultratourmonterosa.com\/it\/wp-json\/wp\/v2\/media\/50018"}],"wp:attachment":[{"href":"https:\/\/www.ultratourmonterosa.com\/it\/wp-json\/wp\/v2\/media?parent=50425"}],"curies":[{"name":"wp","href":"https:\/\/api.w.org\/{rel}","templated":true}]}}